{"id":316,"date":"2022-02-14T11:07:05","date_gmt":"2022-02-14T11:07:05","guid":{"rendered":"https:\/\/wp.donaubuero.de\/?page_id=316"},"modified":"2024-07-31T12:54:13","modified_gmt":"2024-07-31T12:54:13","slug":"ueber-uns","status":"publish","type":"page","link":"https:\/\/donaubuero.de\/en\/ueber-uns\/","title":{"rendered":"About Us"},"content":{"rendered":"<p>[et_pb_section fb_built=&#8221;1&#8243; fullwidth=&#8221;on&#8221; admin_label=&#8221;Headerbild&#8221; _builder_version=&#8221;4.16&#8243; _module_preset=&#8221;default&#8221; global_colors_info=&#8221;{}&#8221;][et_pb_fullwidth_image src=&#8221;https:\/\/donaubuero.de\/wp-content\/uploads\/2022\/08\/schachtel-ueber-uns.jpg&#8221; title_text=&#8221;schachtel ueber uns&#8221; _builder_version=&#8221;4.16&#8243; _module_preset=&#8221;default&#8221; max_height=&#8221;400px&#8221; global_colors_info=&#8221;{}&#8221;][\/et_pb_fullwidth_image][\/et_pb_section][et_pb_section fb_built=&#8221;1&#8243; admin_label=&#8221;Headertitel&#8221; _builder_version=&#8221;4.16&#8243; _module_preset=&#8221;default&#8221; background_color=&#8221;#FFFFFF&#8221; custom_margin=&#8221;||-100px|||&#8221; custom_padding=&#8221;0px||0px|||&#8221; global_colors_info=&#8221;{}&#8221;][et_pb_row column_structure=&#8221;2_3,1_3&#8243; _builder_version=&#8221;4.16&#8243; _dynamic_attributes=&#8221;title&#8221; _module_preset=&#8221;default&#8221; transform_translate=&#8221;0px|-242px&#8221; transform_translate_linked=&#8221;off&#8221; custom_margin=&#8221;16px||||false|false&#8221; custom_margin_tablet=&#8221;16px||||false|false&#8221; custom_margin_phone=&#8221;50%||||false|false&#8221; custom_margin_last_edited=&#8221;on|desktop&#8221; custom_padding=&#8221;0px||0px|||&#8221; global_colors_info=&#8221;{%22gcid-95a9c68a-2491-4bad-b8dc-e1fad59f81e9%22:%91%22description_text_color%22%93,%22gcid-1782e6ac-b49f-4ff6-ac2b-9f8ec4411368%22:%91%22title_text_color%22%93,%22gcid-98ecce42-8977-450d-b872-afb6ce5f763e%22:%91%22box_shadow_color%22%93}&#8221;][et_pb_column type=&#8221;2_3&#8243; _builder_version=&#8221;4.16&#8243; _module_preset=&#8221;default&#8221; global_colors_info=&#8221;{}&#8221;][ba_card title=&#8221;@ET-DC@eyJkeW5hbWljIjp0cnVlLCJjb250ZW50IjoicG9zdF90aXRsZSIsInNldHRpbmdzIjp7ImJlZm9yZSI6IiIsImFmdGVyIjoiIn19@&#8221; description=&#8221;<\/p>\n<p>Europa verbinden \u2013 voranbringen \u2013 erleben<br \/>Motor der Zusammenarbeit im Donauraum<\/p>\n<p>&#8221; _builder_version=&#8221;4.16&#8243; _dynamic_attributes=&#8221;title&#8221; _module_preset=&#8221;4a276afb-416b-40e6-bfbe-3db2b7f171a0&#8243; box_shadow_color=&#8221;RGBA(0,85,151,0.3)&#8221; global_colors_info=&#8221;{%22gcid-95a9c68a-2491-4bad-b8dc-e1fad59f81e9%22:%91%22description_text_color%22,%22description_text_color%22,%22description_text_color%22,%22description_text_color%22%93,%22gcid-1782e6ac-b49f-4ff6-ac2b-9f8ec4411368%22:%91%22title_text_color%22,%22title_text_color%22,%22title_text_color%22,%22title_text_color%22%93,%22gcid-98ecce42-8977-450d-b872-afb6ce5f763e%22:%91%22box_shadow_color%22,%22box_shadow_color%22,%22box_shadow_color%22,%22box_shadow_color%22%93}&#8221;][\/ba_card][\/et_pb_column][et_pb_column type=&#8221;1_3&#8243; _builder_version=&#8221;4.16&#8243; _module_preset=&#8221;default&#8221; global_colors_info=&#8221;{}&#8221;][\/et_pb_column][\/et_pb_row][\/et_pb_section][et_pb_section fb_built=&#8221;1&#8243; admin_label=&#8221;Das Donaub\u00fcro&#8221; _builder_version=&#8221;4.16&#8243; _module_preset=&#8221;default&#8221; custom_margin=&#8221;-150px||||false|false&#8221; locked=&#8221;off&#8221; global_colors_info=&#8221;{}&#8221;][et_pb_row _builder_version=&#8221;4.16&#8243; _module_preset=&#8221;default&#8221; min_height=&#8221;170px&#8221; custom_margin=&#8221;-150px||-55px||false|false&#8221; custom_padding=&#8221;0px||0px||false|false&#8221; global_colors_info=&#8221;{}&#8221;][et_pb_column type=&#8221;4_4&#8243; _builder_version=&#8221;4.16&#8243; _module_preset=&#8221;default&#8221; global_colors_info=&#8221;{}&#8221;][et_pb_text admin_label=&#8221;Titel&#8221; _builder_version=&#8221;4.16&#8243; _module_preset=&#8221;default&#8221; custom_margin=&#8221;-150px||||false|false&#8221; custom_margin_tablet=&#8221;-150px||||false|false&#8221; custom_margin_phone=&#8221;0px||||false|false&#8221; custom_margin_last_edited=&#8221;on|phone&#8221; custom_padding=&#8221;0px||||false|false&#8221; global_colors_info=&#8221;{}&#8221;]<\/p>\n<h2><strong>Das Donaub\u00fcro Ulm\/Neu-Ulm <\/strong><\/h2>\n<p>[\/et_pb_text][\/et_pb_column][\/et_pb_row][et_pb_row _builder_version=&#8221;4.16&#8243; _module_preset=&#8221;default&#8221; global_colors_info=&#8221;{}&#8221;][et_pb_column type=&#8221;4_4&#8243; _builder_version=&#8221;4.16&#8243; _module_preset=&#8221;default&#8221; global_colors_info=&#8221;{}&#8221;][et_pb_text admin_label=&#8221;Inhalt&#8221; _builder_version=&#8221;4.16&#8243; _module_preset=&#8221;default&#8221; global_colors_info=&#8221;{}&#8221;]<\/p>\n<p><strong>Das Donaub\u00fcro ist eine gemeinn\u00fctzige GmbH der St\u00e4dte Ulm und Neu-Ulm und kommunaler Motor der Zusammenarbeit im Donauraum.<\/strong><\/p>\n<p>Gegliedert in die drei Kernaufgabenbereich<strong> <a href=\"https:\/\/wp.donaubuero.de\/projekte\/\">Projekte<\/a>, <a href=\"https:\/\/wp.donaubuero.de\/events\/\">Events-<\/a><\/strong> und <strong><a href=\"https:\/\/wp.donaubuero.de\/netzwerk\/\">Netzwerk<\/a><\/strong> erm\u00f6glicht, unterst\u00fctzt und f\u00f6rdert das Donaub\u00fcro Begegnung, Verst\u00e4ndigung, interregionale Zusammenarbeit und Entwicklung im gesamten Donauraum.<\/p>\n<p>Themenschwerpunkte sind die Bereiche Nachhaltige Mobilit\u00e4t, Umweltbildung, Jugend, Kultur sowie aktuelle gesellschaftspolitisch relevante Themen &amp; Herausforderungen von besonderer Bedeutung<\/p>\n<p>[\/et_pb_text][et_pb_code admin_label=&#8221;Code&#8221; _builder_version=&#8221;4.16&#8243; _module_preset=&#8221;default&#8221; text_orientation=&#8221;center&#8221; global_colors_info=&#8221;{}&#8221;]<div id=\"image-map-pro-9378\"><\/div><!-- [et_pb_line_break_holder] -->[\/et_pb_code][\/et_pb_column][\/et_pb_row][et_pb_row column_structure=&#8221;1_2,1_2&#8243; _builder_version=&#8221;4.16&#8243; _module_preset=&#8221;default&#8221; global_colors_info=&#8221;{}&#8221;][et_pb_column type=&#8221;1_2&#8243; _builder_version=&#8221;4.16&#8243; _module_preset=&#8221;default&#8221; global_colors_info=&#8221;{}&#8221;][et_pb_text _builder_version=&#8221;4.16&#8243; _module_preset=&#8221;default&#8221; global_colors_info=&#8221;{}&#8221;]<\/p>\n<p>Als erstes Oberzentrum an der Donau ist f\u00fcr die Doppelst\u00e4dte Ulm und Neu-Ulm das geeinte Europa insbesondere ein \u00bbEuropa entlang der Donau\u00ab. \u00a0Unser Verh\u00e4ltnis dazu und unsere eigene Rolle darin, sind f\u00fcr uns als Donauanrainer zentrale Fragen \u2013 \u201eDie Donau macht Europa f\u00fcr uns greifbar\u201c.<\/p>\n<p>Es war im Jahr 2011 als die EU Kommission die zweite makroregionale Strategie Europas auf den Weg brachte. Das Land Baden-W\u00fcrttemberg, gemeinsam mit der Stadt Ulm waren damals treibende Kr\u00e4fte und Wegbereiter der Strategie.<\/p>\n<p>Die Donau ist untrennbar mit uns, unserer Geschichte und unserer europ\u00e4ischen Zukunft verbunden.<\/p>\n<p>Bei aller berechtigten Kritik an Europa d\u00fcrfen wir &#8211; gerade in st\u00fcrmischen Zeiten &#8211; nicht den Blick f\u00fcr das Wesentliche verlieren. F\u00fcr unser gemeinsames Europa zu k\u00e4mpfen ist alle M\u00fchen wert. Heute sehen wir &#8211; mehr denn je -, wie wichtig es war und ist, unsere Aufmerksamkeit insb. auf den Donauraum zu richten. Wir m\u00f6chten unseren Beitrag leisten den Donauraum zu verbinden, gemeinsam voran zu bringen und ihn erlebbar zu machen \u2013 kurzum unsere Rolle in einem geeinten Europa in Frieden und Freiheit mit Leben f\u00fcllen!<\/p>\n<p>[\/et_pb_text][\/et_pb_column][et_pb_column type=&#8221;1_2&#8243; _builder_version=&#8221;4.16&#8243; _module_preset=&#8221;default&#8221; global_colors_info=&#8221;{}&#8221;][et_pb_text admin_label=&#8221;Inhalt&#8221; _builder_version=&#8221;4.16&#8243; _module_preset=&#8221;default&#8221; global_colors_info=&#8221;{}&#8221;]<\/p>\n<p>Dies geschieht u.a. in dem wir Begegnungen schaffen, Austausch erm\u00f6glichen und konkrete Projekte umsetzen &#8211; sei es mit Jugendlichen, in der Kultur, in den Themen Umwelt &amp; Mobilit\u00e4t, im gesellschaftspolitischen Diskurs oder dem Austausch der Zivilgesellschaft.\u00a0\u00a0<\/p>\n<p>In letzten f\u00fcnf Jahren wurden durch transnationale EU-Projekte des Donaub\u00fcros (Transdanube.Pearls, Transdanube Travel Stories und LENA) ca. 100 Partnerinstitutionen im gesamten erweiterten Donauraum und teilweise dar\u00fcber hinaus erreicht. Es entstanden das Danube Pearls Netzwerk, aus dem Interreg Projekt Transdanube.Pearls heraus sowie das Danube Guides Netzwerk aus dem Interreg gef\u00f6rderten Projekt LENA.<\/p>\n<p>Ebenso entstand aus dem Projekt TDP heraus das vom Staatsministerium gef\u00f6rderte Andock-Projekt \u00bbNachhaltige Mobilit\u00e4t in Ulm und Neu-Ulm\u00ab. Hier haben sich ca. 45 regionale Akteure, unter F\u00fchrung des Donaub\u00fcros miteinander vernetzt und stehen im regelm\u00e4\u00dfigen Austausch zum Thema nachhaltige Mobilit\u00e4t im Tourismus in der Region.<\/p>\n<p>[\/et_pb_text][\/et_pb_column][\/et_pb_row][\/et_pb_section][et_pb_section fb_built=&#8221;1&#8243; fullwidth=&#8221;on&#8221; _builder_version=&#8221;4.16&#8243; _module_preset=&#8221;default&#8221; global_colors_info=&#8221;{}&#8221;][et_pb_fullwidth_image src=&#8221;https:\/\/donaubuero.de\/wp-content\/uploads\/2022\/05\/Divider-AdobeStock_94854944-scaled-e1652185389969.jpeg&#8221; title_text=&#8221;Divider (AdobeStock_94854944)&#8221; _builder_version=&#8221;4.16&#8243; _module_preset=&#8221;default&#8221; hover_enabled=&#8221;0&#8243; global_colors_info=&#8221;{}&#8221; sticky_enabled=&#8221;0&#8243;][\/et_pb_fullwidth_image][\/et_pb_section][et_pb_section fb_built=&#8221;1&#8243; admin_label=&#8221;Das Donaub\u00fcro&#8221; module_id=&#8221;europe-direct-ulm&#8221; _builder_version=&#8221;4.16&#8243; _module_preset=&#8221;default&#8221; locked=&#8221;off&#8221; global_colors_info=&#8221;{}&#8221;][et_pb_row column_structure=&#8221;2_3,1_3&#8243; module_id=&#8221;europedirect&#8221; _builder_version=&#8221;4.16&#8243; _module_preset=&#8221;default&#8221; locked=&#8221;off&#8221; global_colors_info=&#8221;{}&#8221;][et_pb_column type=&#8221;2_3&#8243; _builder_version=&#8221;4.16&#8243; _module_preset=&#8221;default&#8221; global_colors_info=&#8221;{}&#8221;][et_pb_text _builder_version=&#8221;4.16&#8243; _module_preset=&#8221;default&#8221; global_colors_info=&#8221;{}&#8221;]<\/p>\n<h2><strong>Europe Direct Ulm<\/strong><\/h2>\n<p>[\/et_pb_text][\/et_pb_column][et_pb_column type=&#8221;1_3&#8243; _builder_version=&#8221;4.16&#8243; _module_preset=&#8221;default&#8221; global_colors_info=&#8221;{}&#8221;][et_pb_image src=&#8221;https:\/\/donaubuero.de\/wp-content\/uploads\/2022\/05\/ED-Ulm-horizontal.png&#8221; title_text=&#8221;ED Ulm horizontal&#8221; _builder_version=&#8221;4.16&#8243; _module_preset=&#8221;default&#8221; global_colors_info=&#8221;{}&#8221;][\/et_pb_image][\/et_pb_column][\/et_pb_row][et_pb_row column_structure=&#8221;2_3,1_3&#8243; disabled_on=&#8221;off|off|off&#8221; _builder_version=&#8221;4.16&#8243; _module_preset=&#8221;default&#8221; global_colors_info=&#8221;{}&#8221;][et_pb_column type=&#8221;2_3&#8243; _builder_version=&#8221;4.16&#8243; _module_preset=&#8221;default&#8221; global_colors_info=&#8221;{}&#8221;][et_pb_text disabled_on=&#8221;off|off|off&#8221; admin_label=&#8221;Inhalt&#8221; _builder_version=&#8221;4.16&#8243; _module_preset=&#8221;default&#8221; global_colors_info=&#8221;{}&#8221;]<\/p>\n<p>Als Ansprechpartner rund um das Thema Europa steht das Europe Direct Zentrum allen B\u00fcrgerinnen und B\u00fcrgern in Ulm, Neu-Ulm und der Region als kostenloser Service zur Verf\u00fcgung. Bei unseren Veranstaltungen, auf unseren Social Media-Kan\u00e4len oder bei Besuchen vor Ort in unseren R\u00e4umlichkeiten m\u00f6chten wir mit Ihnen ins Gespr\u00e4ch \u00fcber die Europ\u00e4ische Union kommen.<\/p>\n<p>Das Europe Direct Zentrum ist im Donaub\u00fcro Ulm\/Neu-Ulm angesiedelt und wird gemeinschaftlich von den St\u00e4dten Ulm und Neu-Ulm getragen. Es ist Teil eines EU-weiten Netzwerks der Europ\u00e4ischen Kommission mit \u00fcber 420 B\u00fcros in den 27 EU-Mitgliedstaaten.<\/p>\n<\/p>\n<p>[\/et_pb_text][et_pb_text admin_label=&#8221;Inhalt&#8221; _builder_version=&#8221;4.16&#8243; _module_preset=&#8221;default&#8221; global_colors_info=&#8221;{}&#8221;]<\/p>\n<p>Unsere Angebote:<\/p>\n<ul>\n<li style=\"list-style-type: none;\">\n<ul>\n<li>Informationen \u00fcber die Europ\u00e4ische Union und zu europ\u00e4ischen Themen<\/li>\n<li>Veranstaltungen, Ausstellungen und Aktionstage zu europ\u00e4ischen Themen<\/li>\n<li>Kostenloses Informationsmaterial zur Europ\u00e4ischen Union und zu aktuellen europ\u00e4ischen Themen<\/li>\n<li>Informationen, Beratung und Unterrichtsmaterial f\u00fcr Lehrkr\u00e4fte sowie f\u00fcr Sch\u00fclerinnen und Sch\u00fcler<\/li>\n<li>Planspiele und Workshops mit Schulklassen<\/li>\n<li>Kontaktvermittlung zu europ\u00e4ischen Institutionen und Akteuren<\/li>\n<li>\u00dcbermittlung von B\u00fcrgermeinungen an die EU-Institutionen<\/li>\n<\/ul>\n<\/li>\n<\/ul>\n<p>[\/et_pb_text][\/et_pb_column][et_pb_column type=&#8221;1_3&#8243; _builder_version=&#8221;4.16&#8243; _module_preset=&#8221;default&#8221; global_colors_info=&#8221;{}&#8221;][et_pb_text _builder_version=&#8221;4.16&#8243; _module_preset=&#8221;default&#8221; global_colors_info=&#8221;{}&#8221;]<\/p>\n<h4>Europe Direct Zentrum<\/h4>\n<p>im Donaub\u00fcro Ulm\/Neu-Ulm<br \/>Kronengasse 4\/3 | 89073 Ulm<br \/>0731 88 03 06 19<\/p>\n<p><a href=\"mailto:europedirectulm@donaubuero.de\">europedirectulm@donaubuero.de<\/a><\/p>\n<p>[\/et_pb_text][\/et_pb_column][\/et_pb_row][\/et_pb_section][et_pb_section fb_built=&#8221;1&#8243; admin_label=&#8221;Das Donaub\u00fcro&#8221; _builder_version=&#8221;4.16&#8243; _module_preset=&#8221;default&#8221; locked=&#8221;off&#8221; global_colors_info=&#8221;{}&#8221;][et_pb_row column_structure=&#8221;1_4,1_4,1_4,1_4&#8243; _builder_version=&#8221;4.16&#8243; _module_preset=&#8221;default&#8221; global_colors_info=&#8221;{}&#8221;][et_pb_column type=&#8221;1_4&#8243; _builder_version=&#8221;4.16&#8243; _module_preset=&#8221;default&#8221; global_colors_info=&#8221;{}&#8221;][et_pb_blurb title=&#8221;Imagefilm Europe Direct Netzwerk&#8221; image=&#8221;https:\/\/wp.donaubuero.de\/wp-content\/uploads\/2022\/05\/Thumbnail.jpg&#8221; _builder_version=&#8221;4.16&#8243; _module_preset=&#8221;9a426508-5b64-4f1d-9daf-53471e034b17&#8243; global_colors_info=&#8221;{}&#8221;]<\/p>\n<p>Das Europe Direct Zentrum im Donaub\u00fcro Ulm\/Neu-Ulm ist Teil eines Netzwerks der Europ\u00e4ischen Kommission mit 430 B\u00fcros in den 27 EU-Mitgliedstaaten.<\/p>\n<p><a href=\"https:\/\/www.youtube.com\/watch?v=xC8NCm9WnM0\" target=\"_blank\" rel=\"noopener\">Zum Video<\/a><\/p>\n<p>[\/et_pb_blurb][\/et_pb_column][et_pb_column type=&#8221;1_4&#8243; _builder_version=&#8221;4.16&#8243; _module_preset=&#8221;default&#8221; global_colors_info=&#8221;{}&#8221;][et_pb_blurb title=&#8221;Informationsmaterial f\u00fcr Kinder und Jugendliche&#8221; image=&#8221;https:\/\/wp.donaubuero.de\/wp-content\/uploads\/2022\/05\/Kinder-und-Jugendliche.png&#8221; _builder_version=&#8221;4.16&#8243; _module_preset=&#8221;9a426508-5b64-4f1d-9daf-53471e034b17&#8243; global_colors_info=&#8221;{}&#8221;]<\/p>\n<p>Schulen bieten wir verschiedenstes Informationsmaterial zur Europ\u00e4ischen Union f\u00fcr den Einsatz im Unterricht an. Hier stellen wir Ihnen das g\u00e4ngigste Material f\u00fcr Kinder und Jugendliche vor.<\/p>\n<p><a href=\"https:\/\/donaubuero.de\/wp-content\/uploads\/2023\/08\/Infomaterial-Kinder-Jugendliche-2023.pdf\" target=\"_blank\" rel=\"attachment noopener wp-att-2845\">Mehr lesen<\/a><\/p>\n<p>[\/et_pb_blurb][\/et_pb_column][et_pb_column type=&#8221;1_4&#8243; _builder_version=&#8221;4.16&#8243; _module_preset=&#8221;default&#8221; global_colors_info=&#8221;{}&#8221;][et_pb_blurb title=&#8221;Informationsmaterial f\u00fcr Erwachsene&#8221; image=&#8221;https:\/\/wp.donaubuero.de\/wp-content\/uploads\/2022\/05\/Erwachsene.png&#8221; _builder_version=&#8221;4.16&#8243; _module_preset=&#8221;9a426508-5b64-4f1d-9daf-53471e034b17&#8243; global_colors_info=&#8221;{}&#8221;]<\/p>\n<p>Das Europe Direct Zentrum im Donaub\u00fcro Ulm\/Neu-Ulm bietet Interessierten verschiedenstes Informationsmaterial zur Europ\u00e4ischen Union an. Hier erfahren Sie mehr zu den g\u00e4ngigsten Brosch\u00fcren f\u00fcr Erwachsene.<\/p>\n<p><a href=\"https:\/\/donaubuero.de\/wp-content\/uploads\/2023\/08\/Infomaterial-Erwachsene-2023.pdf\">Mehr lesen<\/a><\/p>\n<p>[\/et_pb_blurb][\/et_pb_column][et_pb_column type=&#8221;1_4&#8243; _builder_version=&#8221;4.16&#8243; _module_preset=&#8221;default&#8221; global_colors_info=&#8221;{}&#8221;][et_pb_blurb title=&#8221;Karten und Plakate&#8221; image=&#8221;https:\/\/wp.donaubuero.de\/wp-content\/uploads\/2022\/05\/Karten-Plakate.png&#8221; _builder_version=&#8221;4.16&#8243; _module_preset=&#8221;9a426508-5b64-4f1d-9daf-53471e034b17&#8243; global_colors_info=&#8221;{}&#8221;]<\/p>\n<p>Im Europe Direct Zentrum im Donaub\u00fcro Ulm\/Neu-Ulm erhalten Sie verschiedenste Karten und Poster zur Europ\u00e4ischen Union. Einige Beispiele stellen wir Ihnen hier vor.<\/p>\n<p><a href=\"https:\/\/www.donaubuero.de\/wp-content\/uploads\/2022\/05\/Infomaterial-Plakate-Poster.pdf\" rel=\"attachment wp-att-2846\">Mehr lesen<\/a><\/p>\n<p>[\/et_pb_blurb][\/et_pb_column][\/et_pb_row][\/et_pb_section][et_pb_section fb_built=&#8221;1&#8243; admin_label=&#8221;Das Donaub\u00fcro&#8221; _builder_version=&#8221;4.16&#8243; _module_preset=&#8221;default&#8221; background_color=&#8221;RGBA(205,214,234,0.25)&#8221; locked=&#8221;off&#8221; global_colors_info=&#8221;{}&#8221;][et_pb_row _builder_version=&#8221;4.16&#8243; _module_preset=&#8221;default&#8221; global_colors_info=&#8221;{}&#8221;][et_pb_column type=&#8221;4_4&#8243; _builder_version=&#8221;4.16&#8243; _module_preset=&#8221;default&#8221; global_colors_info=&#8221;{}&#8221;][et_pb_team_member name=&#8221;Katharina Lauh\u00f6fer&#8221; position=&#8221;Leitung Europe Direct&#8221; image_url=&#8221;https:\/\/donaubuero.de\/wp-content\/uploads\/2023\/06\/Katharina-Lauhoefer-232.jpg&#8221; _builder_version=&#8221;4.16&#8243; _module_preset=&#8221;default&#8221; global_colors_info=&#8221;{}&#8221;]<\/p>\n<p>&nbsp;<\/p>\n<p>0731 88 03 06 19<br \/>k.lauhoefer@donaubuero.de<\/p>\n<p>[\/et_pb_team_member][\/et_pb_column][\/et_pb_row][\/et_pb_section][et_pb_section fb_built=&#8221;1&#8243; _builder_version=&#8221;4.16&#8243; _module_preset=&#8221;default&#8221; global_colors_info=&#8221;{}&#8221;][et_pb_row _builder_version=&#8221;4.16&#8243; _module_preset=&#8221;default&#8221; global_colors_info=&#8221;{}&#8221;][et_pb_column type=&#8221;4_4&#8243; _builder_version=&#8221;4.16&#8243; _module_preset=&#8221;default&#8221; global_colors_info=&#8221;{}&#8221;][et_pb_text _builder_version=&#8221;4.27.0&#8243; _module_preset=&#8221;default&#8221; global_colors_info=&#8221;{}&#8221;]<\/p>\n\n<div id=\"sb_instagram\"  class=\"sbi sbi_mob_col_1 sbi_tab_col_2 sbi_col_4 sbi_width_resp\" style=\"padding-bottom: 10px;\"\t data-feedid=\"*4\"  data-res=\"auto\" data-cols=\"4\" data-colsmobile=\"1\" data-colstablet=\"2\" data-num=\"20\" data-nummobile=\"20\" data-item-padding=\"5\"\t data-shortcode-atts=\"{&quot;feed&quot;:&quot;4&quot;}\"  data-postid=\"316\" data-locatornonce=\"27f44fc587\" data-imageaspectratio=\"1:1\" data-sbi-flags=\"favorLocal\">\n\t<div class=\"sb_instagram_header  sbi_medium\"   >\n\t<a class=\"sbi_header_link\" target=\"_blank\"\n\t   rel=\"nofollow noopener\" href=\"https:\/\/www.instagram.com\/donaubuero\/\" title=\"@donaubuero\">\n\t\t<div class=\"sbi_header_text\">\n\t\t\t<div class=\"sbi_header_img\"  data-avatar-url=\"https:\/\/scontent-ams2-1.cdninstagram.com\/v\/t51.2885-19\/16465522_352595125139512_6181988192841891840_a.jpg?stp=dst-jpg_s206x206_tt6&amp;_nc_cat=103&amp;ccb=7-5&amp;_nc_sid=bf7eb4&amp;efg=eyJ2ZW5jb2RlX3RhZyI6InByb2ZpbGVfcGljLnd3dy4xMDgwLkMzIn0%3D&amp;_nc_ohc=nnRFbnlid0wQ7kNvwH9E8iy&amp;_nc_oc=AdrXMyZultIdCDXzTHx_PAUG-ZOKjHDYPD5cCmBgU6oBEmxE38W7b521AHG9c-Q2pd9RSM6IPN8p_xkBXCsUPwVj&amp;_nc_zt=24&amp;_nc_ht=scontent-ams2-1.cdninstagram.com&amp;edm=AP4hL3IEAAAA&amp;_nc_tpa=Q5bMBQGcM9xRTOqRCCHL9FdLuROcFzMLCMqROputEy3sZXMRQOerODmJQi_UKXhHWINOd-flT_BKaH3Zrw&amp;oh=00_Af599ToVqbxF9_lrsctvdaWc03dDkDYH4octudpUF5nxmw&amp;oe=69F9E913\">\n\t\t\t\t\t\t\t\t\t<div class=\"sbi_header_img_hover\"  ><svg class=\"sbi_new_logo fa-instagram fa-w-14\" aria-hidden=\"true\" data-fa-processed=\"\" aria-label=\"Instagram\" data-prefix=\"fab\" data-icon=\"instagram\" role=\"img\" viewBox=\"0 0 448 512\">\n                    <path fill=\"currentColor\" d=\"M224.1 141c-63.6 0-114.9 51.3-114.9 114.9s51.3 114.9 114.9 114.9S339 319.5 339 255.9 287.7 141 224.1 141zm0 189.6c-41.1 0-74.7-33.5-74.7-74.7s33.5-74.7 74.7-74.7 74.7 33.5 74.7 74.7-33.6 74.7-74.7 74.7zm146.4-194.3c0 14.9-12 26.8-26.8 26.8-14.9 0-26.8-12-26.8-26.8s12-26.8 26.8-26.8 26.8 12 26.8 26.8zm76.1 27.2c-1.7-35.9-9.9-67.7-36.2-93.9-26.2-26.2-58-34.4-93.9-36.2-37-2.1-147.9-2.1-184.9 0-35.8 1.7-67.6 9.9-93.9 36.1s-34.4 58-36.2 93.9c-2.1 37-2.1 147.9 0 184.9 1.7 35.9 9.9 67.7 36.2 93.9s58 34.4 93.9 36.2c37 2.1 147.9 2.1 184.9 0 35.9-1.7 67.7-9.9 93.9-36.2 26.2-26.2 34.4-58 36.2-93.9 2.1-37 2.1-147.8 0-184.8zM398.8 388c-7.8 19.6-22.9 34.7-42.6 42.6-29.5 11.7-99.5 9-132.1 9s-102.7 2.6-132.1-9c-19.6-7.8-34.7-22.9-42.6-42.6-11.7-29.5-9-99.5-9-132.1s-2.6-102.7 9-132.1c7.8-19.6 22.9-34.7 42.6-42.6 29.5-11.7 99.5-9 132.1-9s102.7-2.6 132.1 9c19.6 7.8 34.7 22.9 42.6 42.6 11.7 29.5 9 99.5 9 132.1s2.7 102.7-9 132.1z\"><\/path>\n                <\/svg><\/div>\n\t\t\t\t\t<img decoding=\"async\"  src=\"https:\/\/donaubuero.de\/wp-content\/uploads\/sb-instagram-feed-images\/donaubuero.webp\" alt=\"\" width=\"50\" height=\"50\">\n\t\t\t\t\n\t\t\t\t\t\t\t<\/div>\n\n\t\t\t<div class=\"sbi_feedtheme_header_text\">\n\t\t\t\t<h3>donaubuero<\/h3>\n\t\t\t\t\t\t\t\t\t<p class=\"sbi_bio\">Project agency for inter-regional coop. in the Danube region, organizer International Danube Festival, platform for cross-cultural com. &amp; knwl sharing<\/p>\n\t\t\t\t\t\t\t<\/div>\n\t\t<\/div>\n\t<\/a>\n<\/div>\n\n\t<div id=\"sbi_images\"  style=\"gap: 10px;\">\n\t\t<div class=\"sbi_item sbi_type_image sbi_new sbi_transition\"\n\tid=\"sbi_18079163522560605\" data-date=\"1777375280\">\n\t<div class=\"sbi_photo_wrap\">\n\t\t<a class=\"sbi_photo\" href=\"https:\/\/www.instagram.com\/p\/DXrGhgoFJBj\/\" target=\"_blank\" rel=\"noopener nofollow\"\n\t\t\tdata-full-res=\"https:\/\/scontent-ams2-1.cdninstagram.com\/v\/t51.82787-15\/671741204_18393589711158753_1195970309989070576_n.jpg?stp=dst-jpg_e35_tt6&#038;_nc_cat=110&#038;ccb=7-5&#038;_nc_sid=18de74&#038;efg=eyJlZmdfdGFnIjoiRkVFRC5iZXN0X2ltYWdlX3VybGdlbi5DMyJ9&#038;_nc_ohc=17WMAAwvpAwQ7kNvwEk_ZjZ&#038;_nc_oc=AdpXU2w5gFNsITxs5IsZkcujCJi0nSwbPthlUWTl2uyNCIUDfEEs0wGBu1TfbRh6jyN41Mpv-sup2GdTfldThVCS&#038;_nc_zt=23&#038;_nc_ht=scontent-ams2-1.cdninstagram.com&#038;edm=ANo9K5cEAAAA&#038;_nc_gid=qDzvSRn0Y1bY78B2R6gUGw&#038;_nc_tpa=Q5bMBQG1M1jtL4bAWIwlZXyxpaDQYObZEo_-7LemZQOK2mx7_IJy1HQOVX31MLDHKCCyJeJnXf0y_HKigA&#038;oh=00_Af7o3ydOhXn0xho8VY4UtuT3zh8SQV1YWVLJB4_gS9ID9w&#038;oe=69F9E81F\"\n\t\t\tdata-img-src-set=\"{&quot;d&quot;:&quot;https:\\\/\\\/scontent-ams2-1.cdninstagram.com\\\/v\\\/t51.82787-15\\\/671741204_18393589711158753_1195970309989070576_n.jpg?stp=dst-jpg_e35_tt6&amp;_nc_cat=110&amp;ccb=7-5&amp;_nc_sid=18de74&amp;efg=eyJlZmdfdGFnIjoiRkVFRC5iZXN0X2ltYWdlX3VybGdlbi5DMyJ9&amp;_nc_ohc=17WMAAwvpAwQ7kNvwEk_ZjZ&amp;_nc_oc=AdpXU2w5gFNsITxs5IsZkcujCJi0nSwbPthlUWTl2uyNCIUDfEEs0wGBu1TfbRh6jyN41Mpv-sup2GdTfldThVCS&amp;_nc_zt=23&amp;_nc_ht=scontent-ams2-1.cdninstagram.com&amp;edm=ANo9K5cEAAAA&amp;_nc_gid=qDzvSRn0Y1bY78B2R6gUGw&amp;_nc_tpa=Q5bMBQG1M1jtL4bAWIwlZXyxpaDQYObZEo_-7LemZQOK2mx7_IJy1HQOVX31MLDHKCCyJeJnXf0y_HKigA&amp;oh=00_Af7o3ydOhXn0xho8VY4UtuT3zh8SQV1YWVLJB4_gS9ID9w&amp;oe=69F9E81F&quot;,&quot;150&quot;:&quot;https:\\\/\\\/scontent-ams2-1.cdninstagram.com\\\/v\\\/t51.82787-15\\\/671741204_18393589711158753_1195970309989070576_n.jpg?stp=dst-jpg_e35_tt6&amp;_nc_cat=110&amp;ccb=7-5&amp;_nc_sid=18de74&amp;efg=eyJlZmdfdGFnIjoiRkVFRC5iZXN0X2ltYWdlX3VybGdlbi5DMyJ9&amp;_nc_ohc=17WMAAwvpAwQ7kNvwEk_ZjZ&amp;_nc_oc=AdpXU2w5gFNsITxs5IsZkcujCJi0nSwbPthlUWTl2uyNCIUDfEEs0wGBu1TfbRh6jyN41Mpv-sup2GdTfldThVCS&amp;_nc_zt=23&amp;_nc_ht=scontent-ams2-1.cdninstagram.com&amp;edm=ANo9K5cEAAAA&amp;_nc_gid=qDzvSRn0Y1bY78B2R6gUGw&amp;_nc_tpa=Q5bMBQG1M1jtL4bAWIwlZXyxpaDQYObZEo_-7LemZQOK2mx7_IJy1HQOVX31MLDHKCCyJeJnXf0y_HKigA&amp;oh=00_Af7o3ydOhXn0xho8VY4UtuT3zh8SQV1YWVLJB4_gS9ID9w&amp;oe=69F9E81F&quot;,&quot;320&quot;:&quot;https:\\\/\\\/scontent-ams2-1.cdninstagram.com\\\/v\\\/t51.82787-15\\\/671741204_18393589711158753_1195970309989070576_n.jpg?stp=dst-jpg_e35_tt6&amp;_nc_cat=110&amp;ccb=7-5&amp;_nc_sid=18de74&amp;efg=eyJlZmdfdGFnIjoiRkVFRC5iZXN0X2ltYWdlX3VybGdlbi5DMyJ9&amp;_nc_ohc=17WMAAwvpAwQ7kNvwEk_ZjZ&amp;_nc_oc=AdpXU2w5gFNsITxs5IsZkcujCJi0nSwbPthlUWTl2uyNCIUDfEEs0wGBu1TfbRh6jyN41Mpv-sup2GdTfldThVCS&amp;_nc_zt=23&amp;_nc_ht=scontent-ams2-1.cdninstagram.com&amp;edm=ANo9K5cEAAAA&amp;_nc_gid=qDzvSRn0Y1bY78B2R6gUGw&amp;_nc_tpa=Q5bMBQG1M1jtL4bAWIwlZXyxpaDQYObZEo_-7LemZQOK2mx7_IJy1HQOVX31MLDHKCCyJeJnXf0y_HKigA&amp;oh=00_Af7o3ydOhXn0xho8VY4UtuT3zh8SQV1YWVLJB4_gS9ID9w&amp;oe=69F9E81F&quot;,&quot;640&quot;:&quot;https:\\\/\\\/scontent-ams2-1.cdninstagram.com\\\/v\\\/t51.82787-15\\\/671741204_18393589711158753_1195970309989070576_n.jpg?stp=dst-jpg_e35_tt6&amp;_nc_cat=110&amp;ccb=7-5&amp;_nc_sid=18de74&amp;efg=eyJlZmdfdGFnIjoiRkVFRC5iZXN0X2ltYWdlX3VybGdlbi5DMyJ9&amp;_nc_ohc=17WMAAwvpAwQ7kNvwEk_ZjZ&amp;_nc_oc=AdpXU2w5gFNsITxs5IsZkcujCJi0nSwbPthlUWTl2uyNCIUDfEEs0wGBu1TfbRh6jyN41Mpv-sup2GdTfldThVCS&amp;_nc_zt=23&amp;_nc_ht=scontent-ams2-1.cdninstagram.com&amp;edm=ANo9K5cEAAAA&amp;_nc_gid=qDzvSRn0Y1bY78B2R6gUGw&amp;_nc_tpa=Q5bMBQG1M1jtL4bAWIwlZXyxpaDQYObZEo_-7LemZQOK2mx7_IJy1HQOVX31MLDHKCCyJeJnXf0y_HKigA&amp;oh=00_Af7o3ydOhXn0xho8VY4UtuT3zh8SQV1YWVLJB4_gS9ID9w&amp;oe=69F9E81F&quot;}\">\n\t\t\t<span class=\"sbi-screenreader\">177. Mahnwache in Ulm &amp; Neu-Ulm\n\ud83d\udcc5 Mittwoch, 29.04.<\/span>\n\t\t\t\t\t\t\t\t\t<img decoding=\"async\" src=\"https:\/\/donaubuero.de\/wp-content\/plugins\/instagram-feed\/img\/placeholder.png\" alt=\"177. Mahnwache in Ulm &amp; Neu-Ulm\n\ud83d\udcc5 Mittwoch, 29.04.2026 | \ud83d\udd56 19:00 Uhr\n\ud83d\udccd Obere Hirschstra\u00dfe \/ Ecke M\u00fcnsterplatz und Lautenberg\n\nGemeinsam stehen wir ein f\u00fcr Freiheit, Frieden und Solidarit\u00e4t mit der Ukraine! \u270a\ud83d\udc99\ud83d\udc9b\n\nLasst uns ein starkes Zeichen setzen gegen Krieg und Terror \u2013 und f\u00fcr ein freies Europa! \ud83c\udf0d\ud83d\udd4a\ufe0f\n\nKommt vorbei und zeigt eure Unterst\u00fctzung! \ud83d\ude4c\n\n#Solidarit\u00e4tMitDerUkraine #UlmStehtZusammen #MahnwacheUlm #UkraineSupport #PaneuropaUnion #StopPutin #PeaceForUkraine #StandWithUkraine #FriedenJetzt #UlmNeuUlm\" aria-hidden=\"true\">\n\t\t<\/a>\n\t<\/div>\n<\/div><div class=\"sbi_item sbi_type_image sbi_new sbi_transition\"\n\tid=\"sbi_18076921532178967\" data-date=\"1776679526\">\n\t<div class=\"sbi_photo_wrap\">\n\t\t<a class=\"sbi_photo\" href=\"https:\/\/www.instagram.com\/p\/DXWXesrFIBC\/\" target=\"_blank\" rel=\"noopener nofollow\"\n\t\t\tdata-full-res=\"https:\/\/scontent-ams2-1.cdninstagram.com\/v\/t51.82787-15\/670014354_18392404045158753_1851027976049433095_n.jpg?stp=dst-jpg_e35_tt6&#038;_nc_cat=100&#038;ccb=7-5&#038;_nc_sid=18de74&#038;efg=eyJlZmdfdGFnIjoiRkVFRC5iZXN0X2ltYWdlX3VybGdlbi5DMyJ9&#038;_nc_ohc=Hh8xbZc8c-4Q7kNvwFV-Rdn&#038;_nc_oc=AdoFQy0Knf5upq6pn8R_7zO-x8KjWthdLCWHvyZpl35uwwiWYUnWC_XvULu_Bjz9nxaLOJU0pfvF73u-2tUxbKA0&#038;_nc_zt=23&#038;_nc_ht=scontent-ams2-1.cdninstagram.com&#038;edm=ANo9K5cEAAAA&#038;_nc_gid=qDzvSRn0Y1bY78B2R6gUGw&#038;_nc_tpa=Q5bMBQEzshrc7OBh-hI5Q2lRAcYlWGUYCN0VuAVjfZNlEdtuVnDYISBhMU8vzxZuGfRC0_Km25uklxqs6g&#038;oh=00_Af6_QjvvZJI00g0G6dJCgosG9VJigfPUGWMpMYvkB3UKOw&#038;oe=69F9C622\"\n\t\t\tdata-img-src-set=\"{&quot;d&quot;:&quot;https:\\\/\\\/scontent-ams2-1.cdninstagram.com\\\/v\\\/t51.82787-15\\\/670014354_18392404045158753_1851027976049433095_n.jpg?stp=dst-jpg_e35_tt6&amp;_nc_cat=100&amp;ccb=7-5&amp;_nc_sid=18de74&amp;efg=eyJlZmdfdGFnIjoiRkVFRC5iZXN0X2ltYWdlX3VybGdlbi5DMyJ9&amp;_nc_ohc=Hh8xbZc8c-4Q7kNvwFV-Rdn&amp;_nc_oc=AdoFQy0Knf5upq6pn8R_7zO-x8KjWthdLCWHvyZpl35uwwiWYUnWC_XvULu_Bjz9nxaLOJU0pfvF73u-2tUxbKA0&amp;_nc_zt=23&amp;_nc_ht=scontent-ams2-1.cdninstagram.com&amp;edm=ANo9K5cEAAAA&amp;_nc_gid=qDzvSRn0Y1bY78B2R6gUGw&amp;_nc_tpa=Q5bMBQEzshrc7OBh-hI5Q2lRAcYlWGUYCN0VuAVjfZNlEdtuVnDYISBhMU8vzxZuGfRC0_Km25uklxqs6g&amp;oh=00_Af6_QjvvZJI00g0G6dJCgosG9VJigfPUGWMpMYvkB3UKOw&amp;oe=69F9C622&quot;,&quot;150&quot;:&quot;https:\\\/\\\/scontent-ams2-1.cdninstagram.com\\\/v\\\/t51.82787-15\\\/670014354_18392404045158753_1851027976049433095_n.jpg?stp=dst-jpg_e35_tt6&amp;_nc_cat=100&amp;ccb=7-5&amp;_nc_sid=18de74&amp;efg=eyJlZmdfdGFnIjoiRkVFRC5iZXN0X2ltYWdlX3VybGdlbi5DMyJ9&amp;_nc_ohc=Hh8xbZc8c-4Q7kNvwFV-Rdn&amp;_nc_oc=AdoFQy0Knf5upq6pn8R_7zO-x8KjWthdLCWHvyZpl35uwwiWYUnWC_XvULu_Bjz9nxaLOJU0pfvF73u-2tUxbKA0&amp;_nc_zt=23&amp;_nc_ht=scontent-ams2-1.cdninstagram.com&amp;edm=ANo9K5cEAAAA&amp;_nc_gid=qDzvSRn0Y1bY78B2R6gUGw&amp;_nc_tpa=Q5bMBQEzshrc7OBh-hI5Q2lRAcYlWGUYCN0VuAVjfZNlEdtuVnDYISBhMU8vzxZuGfRC0_Km25uklxqs6g&amp;oh=00_Af6_QjvvZJI00g0G6dJCgosG9VJigfPUGWMpMYvkB3UKOw&amp;oe=69F9C622&quot;,&quot;320&quot;:&quot;https:\\\/\\\/scontent-ams2-1.cdninstagram.com\\\/v\\\/t51.82787-15\\\/670014354_18392404045158753_1851027976049433095_n.jpg?stp=dst-jpg_e35_tt6&amp;_nc_cat=100&amp;ccb=7-5&amp;_nc_sid=18de74&amp;efg=eyJlZmdfdGFnIjoiRkVFRC5iZXN0X2ltYWdlX3VybGdlbi5DMyJ9&amp;_nc_ohc=Hh8xbZc8c-4Q7kNvwFV-Rdn&amp;_nc_oc=AdoFQy0Knf5upq6pn8R_7zO-x8KjWthdLCWHvyZpl35uwwiWYUnWC_XvULu_Bjz9nxaLOJU0pfvF73u-2tUxbKA0&amp;_nc_zt=23&amp;_nc_ht=scontent-ams2-1.cdninstagram.com&amp;edm=ANo9K5cEAAAA&amp;_nc_gid=qDzvSRn0Y1bY78B2R6gUGw&amp;_nc_tpa=Q5bMBQEzshrc7OBh-hI5Q2lRAcYlWGUYCN0VuAVjfZNlEdtuVnDYISBhMU8vzxZuGfRC0_Km25uklxqs6g&amp;oh=00_Af6_QjvvZJI00g0G6dJCgosG9VJigfPUGWMpMYvkB3UKOw&amp;oe=69F9C622&quot;,&quot;640&quot;:&quot;https:\\\/\\\/scontent-ams2-1.cdninstagram.com\\\/v\\\/t51.82787-15\\\/670014354_18392404045158753_1851027976049433095_n.jpg?stp=dst-jpg_e35_tt6&amp;_nc_cat=100&amp;ccb=7-5&amp;_nc_sid=18de74&amp;efg=eyJlZmdfdGFnIjoiRkVFRC5iZXN0X2ltYWdlX3VybGdlbi5DMyJ9&amp;_nc_ohc=Hh8xbZc8c-4Q7kNvwFV-Rdn&amp;_nc_oc=AdoFQy0Knf5upq6pn8R_7zO-x8KjWthdLCWHvyZpl35uwwiWYUnWC_XvULu_Bjz9nxaLOJU0pfvF73u-2tUxbKA0&amp;_nc_zt=23&amp;_nc_ht=scontent-ams2-1.cdninstagram.com&amp;edm=ANo9K5cEAAAA&amp;_nc_gid=qDzvSRn0Y1bY78B2R6gUGw&amp;_nc_tpa=Q5bMBQEzshrc7OBh-hI5Q2lRAcYlWGUYCN0VuAVjfZNlEdtuVnDYISBhMU8vzxZuGfRC0_Km25uklxqs6g&amp;oh=00_Af6_QjvvZJI00g0G6dJCgosG9VJigfPUGWMpMYvkB3UKOw&amp;oe=69F9C622&quot;}\">\n\t\t\t<span class=\"sbi-screenreader\">176. Mahnwache in Ulm &amp; Neu-Ulm\n\ud83d\udcc5 Mittwoch, 22.04.<\/span>\n\t\t\t\t\t\t\t\t\t<img decoding=\"async\" src=\"https:\/\/donaubuero.de\/wp-content\/plugins\/instagram-feed\/img\/placeholder.png\" alt=\"176. Mahnwache in Ulm &amp; Neu-Ulm\n\ud83d\udcc5 Mittwoch, 22.04.2026 | \ud83d\udd56 19:00 Uhr\n\ud83d\udccd Obere Hirschstra\u00dfe \/ Ecke M\u00fcnsterplatz und Lautenberg\n\nGemeinsam stehen wir ein f\u00fcr Freiheit, Frieden und Solidarit\u00e4t mit der Ukraine! \u270a\ud83d\udc99\ud83d\udc9b\n\nLasst uns ein starkes Zeichen setzen gegen Krieg und Terror \u2013 und f\u00fcr ein freies Europa! \ud83c\udf0d\ud83d\udd4a\ufe0f\n\nKommt vorbei und zeigt eure Unterst\u00fctzung! \ud83d\ude4c\n\n#Solidarit\u00e4tMitDerUkraine #UlmStehtZusammen #MahnwacheUlm #UkraineSupport #PaneuropaUnion #StopPutin #PeaceForUkraine #StandWithUkraine #FriedenJetzt #UlmNeuUlm\" aria-hidden=\"true\">\n\t\t<\/a>\n\t<\/div>\n<\/div><div class=\"sbi_item sbi_type_image sbi_new sbi_transition\"\n\tid=\"sbi_17939704638191565\" data-date=\"1776418668\">\n\t<div class=\"sbi_photo_wrap\">\n\t\t<a class=\"sbi_photo\" href=\"https:\/\/www.instagram.com\/p\/DXOl7lHlKKr\/\" target=\"_blank\" rel=\"noopener nofollow\"\n\t\t\tdata-full-res=\"https:\/\/scontent-ams2-1.cdninstagram.com\/v\/t51.82787-15\/660071922_18392010487158753_7026526891990912802_n.jpg?stp=dst-jpg_e35_tt6&#038;_nc_cat=102&#038;ccb=7-5&#038;_nc_sid=18de74&#038;efg=eyJlZmdfdGFnIjoiRkVFRC5iZXN0X2ltYWdlX3VybGdlbi5DMyJ9&#038;_nc_ohc=ryO_1SPtDZwQ7kNvwEzSTuY&#038;_nc_oc=AdrxcPZFBXU51WkmKplAPoKw5WrAhyOsPfsEzLLqZFbS-y0dtwbkIhPDtd6kv7aKngGHwZsYOR4cSY0ZGDbxR-tR&#038;_nc_zt=23&#038;_nc_ht=scontent-ams2-1.cdninstagram.com&#038;edm=ANo9K5cEAAAA&#038;_nc_gid=qDzvSRn0Y1bY78B2R6gUGw&#038;_nc_tpa=Q5bMBQEnoHAQINdz_UJIQ1JM89xor3WmkMnEcurj-90dSIgILRUgDHl9YJqCq8p7cTWTPE5OHDaREi-yyQ&#038;oh=00_Af7EVFhjmLqlzMuGzQYIxVFsgB1Bimv1NPDkwWGo9VoV_w&#038;oe=69F9C8CE\"\n\t\t\tdata-img-src-set=\"{&quot;d&quot;:&quot;https:\\\/\\\/scontent-ams2-1.cdninstagram.com\\\/v\\\/t51.82787-15\\\/660071922_18392010487158753_7026526891990912802_n.jpg?stp=dst-jpg_e35_tt6&amp;_nc_cat=102&amp;ccb=7-5&amp;_nc_sid=18de74&amp;efg=eyJlZmdfdGFnIjoiRkVFRC5iZXN0X2ltYWdlX3VybGdlbi5DMyJ9&amp;_nc_ohc=ryO_1SPtDZwQ7kNvwEzSTuY&amp;_nc_oc=AdrxcPZFBXU51WkmKplAPoKw5WrAhyOsPfsEzLLqZFbS-y0dtwbkIhPDtd6kv7aKngGHwZsYOR4cSY0ZGDbxR-tR&amp;_nc_zt=23&amp;_nc_ht=scontent-ams2-1.cdninstagram.com&amp;edm=ANo9K5cEAAAA&amp;_nc_gid=qDzvSRn0Y1bY78B2R6gUGw&amp;_nc_tpa=Q5bMBQEnoHAQINdz_UJIQ1JM89xor3WmkMnEcurj-90dSIgILRUgDHl9YJqCq8p7cTWTPE5OHDaREi-yyQ&amp;oh=00_Af7EVFhjmLqlzMuGzQYIxVFsgB1Bimv1NPDkwWGo9VoV_w&amp;oe=69F9C8CE&quot;,&quot;150&quot;:&quot;https:\\\/\\\/scontent-ams2-1.cdninstagram.com\\\/v\\\/t51.82787-15\\\/660071922_18392010487158753_7026526891990912802_n.jpg?stp=dst-jpg_e35_tt6&amp;_nc_cat=102&amp;ccb=7-5&amp;_nc_sid=18de74&amp;efg=eyJlZmdfdGFnIjoiRkVFRC5iZXN0X2ltYWdlX3VybGdlbi5DMyJ9&amp;_nc_ohc=ryO_1SPtDZwQ7kNvwEzSTuY&amp;_nc_oc=AdrxcPZFBXU51WkmKplAPoKw5WrAhyOsPfsEzLLqZFbS-y0dtwbkIhPDtd6kv7aKngGHwZsYOR4cSY0ZGDbxR-tR&amp;_nc_zt=23&amp;_nc_ht=scontent-ams2-1.cdninstagram.com&amp;edm=ANo9K5cEAAAA&amp;_nc_gid=qDzvSRn0Y1bY78B2R6gUGw&amp;_nc_tpa=Q5bMBQEnoHAQINdz_UJIQ1JM89xor3WmkMnEcurj-90dSIgILRUgDHl9YJqCq8p7cTWTPE5OHDaREi-yyQ&amp;oh=00_Af7EVFhjmLqlzMuGzQYIxVFsgB1Bimv1NPDkwWGo9VoV_w&amp;oe=69F9C8CE&quot;,&quot;320&quot;:&quot;https:\\\/\\\/scontent-ams2-1.cdninstagram.com\\\/v\\\/t51.82787-15\\\/660071922_18392010487158753_7026526891990912802_n.jpg?stp=dst-jpg_e35_tt6&amp;_nc_cat=102&amp;ccb=7-5&amp;_nc_sid=18de74&amp;efg=eyJlZmdfdGFnIjoiRkVFRC5iZXN0X2ltYWdlX3VybGdlbi5DMyJ9&amp;_nc_ohc=ryO_1SPtDZwQ7kNvwEzSTuY&amp;_nc_oc=AdrxcPZFBXU51WkmKplAPoKw5WrAhyOsPfsEzLLqZFbS-y0dtwbkIhPDtd6kv7aKngGHwZsYOR4cSY0ZGDbxR-tR&amp;_nc_zt=23&amp;_nc_ht=scontent-ams2-1.cdninstagram.com&amp;edm=ANo9K5cEAAAA&amp;_nc_gid=qDzvSRn0Y1bY78B2R6gUGw&amp;_nc_tpa=Q5bMBQEnoHAQINdz_UJIQ1JM89xor3WmkMnEcurj-90dSIgILRUgDHl9YJqCq8p7cTWTPE5OHDaREi-yyQ&amp;oh=00_Af7EVFhjmLqlzMuGzQYIxVFsgB1Bimv1NPDkwWGo9VoV_w&amp;oe=69F9C8CE&quot;,&quot;640&quot;:&quot;https:\\\/\\\/scontent-ams2-1.cdninstagram.com\\\/v\\\/t51.82787-15\\\/660071922_18392010487158753_7026526891990912802_n.jpg?stp=dst-jpg_e35_tt6&amp;_nc_cat=102&amp;ccb=7-5&amp;_nc_sid=18de74&amp;efg=eyJlZmdfdGFnIjoiRkVFRC5iZXN0X2ltYWdlX3VybGdlbi5DMyJ9&amp;_nc_ohc=ryO_1SPtDZwQ7kNvwEzSTuY&amp;_nc_oc=AdrxcPZFBXU51WkmKplAPoKw5WrAhyOsPfsEzLLqZFbS-y0dtwbkIhPDtd6kv7aKngGHwZsYOR4cSY0ZGDbxR-tR&amp;_nc_zt=23&amp;_nc_ht=scontent-ams2-1.cdninstagram.com&amp;edm=ANo9K5cEAAAA&amp;_nc_gid=qDzvSRn0Y1bY78B2R6gUGw&amp;_nc_tpa=Q5bMBQEnoHAQINdz_UJIQ1JM89xor3WmkMnEcurj-90dSIgILRUgDHl9YJqCq8p7cTWTPE5OHDaREi-yyQ&amp;oh=00_Af7EVFhjmLqlzMuGzQYIxVFsgB1Bimv1NPDkwWGo9VoV_w&amp;oe=69F9C8CE&quot;}\">\n\t\t\t<span class=\"sbi-screenreader\">Duo-Konzert f\u00fcr Fl\u00f6te und Marimba \ud83e\ude88\ud83c\udfbc\n\nMit Johanna <\/span>\n\t\t\t\t\t\t\t\t\t<img decoding=\"async\" src=\"https:\/\/donaubuero.de\/wp-content\/plugins\/instagram-feed\/img\/placeholder.png\" alt=\"Duo-Konzert f\u00fcr Fl\u00f6te und Marimba \ud83e\ude88\ud83c\udfbc\n\nMit Johanna D\u00f6m\u00f6t\u00f6r &amp; Emiko Uchiyama\n\nEin Klang voller Nostalgie entfaltet sich im Zusammenspiel des international gefeierten Duos Johanna D\u00f6m\u00f6t\u00f6r (Fl\u00f6te) und Emiko Thiele-Uchiyama (Marimba) aus Linz, \u00d6sterreich. Die beiden Musikerinnen haben eine eigenst\u00e4ndige Duo-Form entwickelt, die sich durch klangliche Raffinesse, stilistische Offenheit und kammermusikalische Pr\u00e4zision auszeichnet. \n\nTickets zu 16 \u20ac \/ 8 \u20ac erm\u00e4\u00dfigt (Sch\u00fcler*innen, Auszubildende, Studierende, Freiwillige, Schwerbehinderte ab 80% Schwerbehinderung) \n\nAb dem 13.04.2026 im Sekretariat der Musikschule Mo-Do : 9 \u2013 12 Uhr und 14 \u2013 16 Uhr sowie Fr 9 -12 Uhr\n\nAbendkasse ab 17 Uhr im Foyer.\n\nFreie Platzwahl \u2013 die Pl\u00e4tze sind nicht nummeriert.\n\nDer Erl\u00f6s des Konzertes kommt der Musikschule Ulm zugute.\n\nInfos unter: www.donaufest.de\/programm\n\n#donaufest #konzert #marimba #fl\u00f6te #musikschuleulm #kooperation #musikwettbewerb\" aria-hidden=\"true\">\n\t\t<\/a>\n\t<\/div>\n<\/div><div class=\"sbi_item sbi_type_image sbi_new sbi_transition\"\n\tid=\"sbi_18443196994117783\" data-date=\"1776156882\">\n\t<div class=\"sbi_photo_wrap\">\n\t\t<a class=\"sbi_photo\" href=\"https:\/\/www.instagram.com\/p\/DXGynKZFNve\/\" target=\"_blank\" rel=\"noopener nofollow\"\n\t\t\tdata-full-res=\"https:\/\/scontent-ams2-1.cdninstagram.com\/v\/t51.82787-15\/670737236_18391655218158753_5906722394433724153_n.jpg?stp=dst-jpg_e35_tt6&#038;_nc_cat=105&#038;ccb=7-5&#038;_nc_sid=18de74&#038;efg=eyJlZmdfdGFnIjoiRkVFRC5iZXN0X2ltYWdlX3VybGdlbi5DMyJ9&#038;_nc_ohc=hzllokqCh4EQ7kNvwFLyHVM&#038;_nc_oc=Adqplm79oQui4BZ4u-yRMQDmq8R8Fs1g21IRADwSHGTs3ukHM_0LqH_l-BHGYhtx4g32eftRjJAOCsjV_pNDc25T&#038;_nc_zt=23&#038;_nc_ht=scontent-ams2-1.cdninstagram.com&#038;edm=ANo9K5cEAAAA&#038;_nc_gid=qDzvSRn0Y1bY78B2R6gUGw&#038;_nc_tpa=Q5bMBQHHyX-6_SM0aS14WhYoUSBYK5FxX9YmFJ89Se0NwIdCTtXs02ScHNnJ4ox5plScmQthOhgZiPCB_Q&#038;oh=00_Af7ETFKKeZXiF1zxdHfEAXJ8AUtFehzLia1Q24LoDDpXdQ&#038;oe=69F9BE8C\"\n\t\t\tdata-img-src-set=\"{&quot;d&quot;:&quot;https:\\\/\\\/scontent-ams2-1.cdninstagram.com\\\/v\\\/t51.82787-15\\\/670737236_18391655218158753_5906722394433724153_n.jpg?stp=dst-jpg_e35_tt6&amp;_nc_cat=105&amp;ccb=7-5&amp;_nc_sid=18de74&amp;efg=eyJlZmdfdGFnIjoiRkVFRC5iZXN0X2ltYWdlX3VybGdlbi5DMyJ9&amp;_nc_ohc=hzllokqCh4EQ7kNvwFLyHVM&amp;_nc_oc=Adqplm79oQui4BZ4u-yRMQDmq8R8Fs1g21IRADwSHGTs3ukHM_0LqH_l-BHGYhtx4g32eftRjJAOCsjV_pNDc25T&amp;_nc_zt=23&amp;_nc_ht=scontent-ams2-1.cdninstagram.com&amp;edm=ANo9K5cEAAAA&amp;_nc_gid=qDzvSRn0Y1bY78B2R6gUGw&amp;_nc_tpa=Q5bMBQHHyX-6_SM0aS14WhYoUSBYK5FxX9YmFJ89Se0NwIdCTtXs02ScHNnJ4ox5plScmQthOhgZiPCB_Q&amp;oh=00_Af7ETFKKeZXiF1zxdHfEAXJ8AUtFehzLia1Q24LoDDpXdQ&amp;oe=69F9BE8C&quot;,&quot;150&quot;:&quot;https:\\\/\\\/scontent-ams2-1.cdninstagram.com\\\/v\\\/t51.82787-15\\\/670737236_18391655218158753_5906722394433724153_n.jpg?stp=dst-jpg_e35_tt6&amp;_nc_cat=105&amp;ccb=7-5&amp;_nc_sid=18de74&amp;efg=eyJlZmdfdGFnIjoiRkVFRC5iZXN0X2ltYWdlX3VybGdlbi5DMyJ9&amp;_nc_ohc=hzllokqCh4EQ7kNvwFLyHVM&amp;_nc_oc=Adqplm79oQui4BZ4u-yRMQDmq8R8Fs1g21IRADwSHGTs3ukHM_0LqH_l-BHGYhtx4g32eftRjJAOCsjV_pNDc25T&amp;_nc_zt=23&amp;_nc_ht=scontent-ams2-1.cdninstagram.com&amp;edm=ANo9K5cEAAAA&amp;_nc_gid=qDzvSRn0Y1bY78B2R6gUGw&amp;_nc_tpa=Q5bMBQHHyX-6_SM0aS14WhYoUSBYK5FxX9YmFJ89Se0NwIdCTtXs02ScHNnJ4ox5plScmQthOhgZiPCB_Q&amp;oh=00_Af7ETFKKeZXiF1zxdHfEAXJ8AUtFehzLia1Q24LoDDpXdQ&amp;oe=69F9BE8C&quot;,&quot;320&quot;:&quot;https:\\\/\\\/scontent-ams2-1.cdninstagram.com\\\/v\\\/t51.82787-15\\\/670737236_18391655218158753_5906722394433724153_n.jpg?stp=dst-jpg_e35_tt6&amp;_nc_cat=105&amp;ccb=7-5&amp;_nc_sid=18de74&amp;efg=eyJlZmdfdGFnIjoiRkVFRC5iZXN0X2ltYWdlX3VybGdlbi5DMyJ9&amp;_nc_ohc=hzllokqCh4EQ7kNvwFLyHVM&amp;_nc_oc=Adqplm79oQui4BZ4u-yRMQDmq8R8Fs1g21IRADwSHGTs3ukHM_0LqH_l-BHGYhtx4g32eftRjJAOCsjV_pNDc25T&amp;_nc_zt=23&amp;_nc_ht=scontent-ams2-1.cdninstagram.com&amp;edm=ANo9K5cEAAAA&amp;_nc_gid=qDzvSRn0Y1bY78B2R6gUGw&amp;_nc_tpa=Q5bMBQHHyX-6_SM0aS14WhYoUSBYK5FxX9YmFJ89Se0NwIdCTtXs02ScHNnJ4ox5plScmQthOhgZiPCB_Q&amp;oh=00_Af7ETFKKeZXiF1zxdHfEAXJ8AUtFehzLia1Q24LoDDpXdQ&amp;oe=69F9BE8C&quot;,&quot;640&quot;:&quot;https:\\\/\\\/scontent-ams2-1.cdninstagram.com\\\/v\\\/t51.82787-15\\\/670737236_18391655218158753_5906722394433724153_n.jpg?stp=dst-jpg_e35_tt6&amp;_nc_cat=105&amp;ccb=7-5&amp;_nc_sid=18de74&amp;efg=eyJlZmdfdGFnIjoiRkVFRC5iZXN0X2ltYWdlX3VybGdlbi5DMyJ9&amp;_nc_ohc=hzllokqCh4EQ7kNvwFLyHVM&amp;_nc_oc=Adqplm79oQui4BZ4u-yRMQDmq8R8Fs1g21IRADwSHGTs3ukHM_0LqH_l-BHGYhtx4g32eftRjJAOCsjV_pNDc25T&amp;_nc_zt=23&amp;_nc_ht=scontent-ams2-1.cdninstagram.com&amp;edm=ANo9K5cEAAAA&amp;_nc_gid=qDzvSRn0Y1bY78B2R6gUGw&amp;_nc_tpa=Q5bMBQHHyX-6_SM0aS14WhYoUSBYK5FxX9YmFJ89Se0NwIdCTtXs02ScHNnJ4ox5plScmQthOhgZiPCB_Q&amp;oh=00_Af7ETFKKeZXiF1zxdHfEAXJ8AUtFehzLia1Q24LoDDpXdQ&amp;oe=69F9BE8C&quot;}\">\n\t\t\t<span class=\"sbi-screenreader\">175. Mahnwache in Ulm &amp; Neu-Ulm\n\ud83d\udcc5 Mittwoch, 15.04.<\/span>\n\t\t\t\t\t\t\t\t\t<img decoding=\"async\" src=\"https:\/\/donaubuero.de\/wp-content\/plugins\/instagram-feed\/img\/placeholder.png\" alt=\"175. Mahnwache in Ulm &amp; Neu-Ulm\n\ud83d\udcc5 Mittwoch, 15.04.2026 | \ud83d\udd56 19:00 Uhr\n\ud83d\udccd Obere Hirschstra\u00dfe \/ Ecke M\u00fcnsterplatz und Lautenberg\n\nGemeinsam stehen wir ein f\u00fcr Freiheit, Frieden und Solidarit\u00e4t mit der Ukraine! \u270a\ud83d\udc99\ud83d\udc9b\n\nLasst uns ein starkes Zeichen setzen gegen Krieg und Terror \u2013 und f\u00fcr ein freies Europa! \ud83c\udf0d\ud83d\udd4a\ufe0f\n\nKommt vorbei und zeigt eure Unterst\u00fctzung! \ud83d\ude4c\n\n#Solidarit\u00e4tMitDerUkraine #UlmStehtZusammen #MahnwacheUlm #UkraineSupport #PaneuropaUnion #StopPutin #PeaceForUkraine #StandWithUkraine #FriedenJetzt #UlmNeuUlm\" aria-hidden=\"true\">\n\t\t<\/a>\n\t<\/div>\n<\/div><div class=\"sbi_item sbi_type_image sbi_new sbi_transition\"\n\tid=\"sbi_18067155689659329\" data-date=\"1775548144\">\n\t<div class=\"sbi_photo_wrap\">\n\t\t<a class=\"sbi_photo\" href=\"https:\/\/www.instagram.com\/p\/DW0piOfkYJj\/\" target=\"_blank\" rel=\"noopener nofollow\"\n\t\t\tdata-full-res=\"https:\/\/scontent-ams2-1.cdninstagram.com\/v\/t51.82787-15\/661003037_18390277696158753_3685752828353469431_n.jpg?stp=dst-jpg_e35_tt6&#038;_nc_cat=108&#038;ccb=7-5&#038;_nc_sid=18de74&#038;efg=eyJlZmdfdGFnIjoiRkVFRC5iZXN0X2ltYWdlX3VybGdlbi5DMyJ9&#038;_nc_ohc=aDwKFVhtNx0Q7kNvwHBQo00&#038;_nc_oc=AdpaF7Di3Dct6XdUVkdWJlVlTgtf7JQa4RCKqbDDmJ77TxA3paAqcC2wz8MAaaMEIaVrn67NJ7SICKA3VF_Mqc3L&#038;_nc_zt=23&#038;_nc_ht=scontent-ams2-1.cdninstagram.com&#038;edm=ANo9K5cEAAAA&#038;_nc_gid=qDzvSRn0Y1bY78B2R6gUGw&#038;_nc_tpa=Q5bMBQE6ZSf_ANJk5iOMkVVHYsl9cLbhmsD4CBqBX_ld5nuExKSYX3GJO2FF_9s_LrlYPSU5IrI5Ls0Izg&#038;oh=00_Af7He8Is0alwQuCBo6K99nI02DIpDmw67z1XJI6mOxbQgQ&#038;oe=69F9C27E\"\n\t\t\tdata-img-src-set=\"{&quot;d&quot;:&quot;https:\\\/\\\/scontent-ams2-1.cdninstagram.com\\\/v\\\/t51.82787-15\\\/661003037_18390277696158753_3685752828353469431_n.jpg?stp=dst-jpg_e35_tt6&amp;_nc_cat=108&amp;ccb=7-5&amp;_nc_sid=18de74&amp;efg=eyJlZmdfdGFnIjoiRkVFRC5iZXN0X2ltYWdlX3VybGdlbi5DMyJ9&amp;_nc_ohc=aDwKFVhtNx0Q7kNvwHBQo00&amp;_nc_oc=AdpaF7Di3Dct6XdUVkdWJlVlTgtf7JQa4RCKqbDDmJ77TxA3paAqcC2wz8MAaaMEIaVrn67NJ7SICKA3VF_Mqc3L&amp;_nc_zt=23&amp;_nc_ht=scontent-ams2-1.cdninstagram.com&amp;edm=ANo9K5cEAAAA&amp;_nc_gid=qDzvSRn0Y1bY78B2R6gUGw&amp;_nc_tpa=Q5bMBQE6ZSf_ANJk5iOMkVVHYsl9cLbhmsD4CBqBX_ld5nuExKSYX3GJO2FF_9s_LrlYPSU5IrI5Ls0Izg&amp;oh=00_Af7He8Is0alwQuCBo6K99nI02DIpDmw67z1XJI6mOxbQgQ&amp;oe=69F9C27E&quot;,&quot;150&quot;:&quot;https:\\\/\\\/scontent-ams2-1.cdninstagram.com\\\/v\\\/t51.82787-15\\\/661003037_18390277696158753_3685752828353469431_n.jpg?stp=dst-jpg_e35_tt6&amp;_nc_cat=108&amp;ccb=7-5&amp;_nc_sid=18de74&amp;efg=eyJlZmdfdGFnIjoiRkVFRC5iZXN0X2ltYWdlX3VybGdlbi5DMyJ9&amp;_nc_ohc=aDwKFVhtNx0Q7kNvwHBQo00&amp;_nc_oc=AdpaF7Di3Dct6XdUVkdWJlVlTgtf7JQa4RCKqbDDmJ77TxA3paAqcC2wz8MAaaMEIaVrn67NJ7SICKA3VF_Mqc3L&amp;_nc_zt=23&amp;_nc_ht=scontent-ams2-1.cdninstagram.com&amp;edm=ANo9K5cEAAAA&amp;_nc_gid=qDzvSRn0Y1bY78B2R6gUGw&amp;_nc_tpa=Q5bMBQE6ZSf_ANJk5iOMkVVHYsl9cLbhmsD4CBqBX_ld5nuExKSYX3GJO2FF_9s_LrlYPSU5IrI5Ls0Izg&amp;oh=00_Af7He8Is0alwQuCBo6K99nI02DIpDmw67z1XJI6mOxbQgQ&amp;oe=69F9C27E&quot;,&quot;320&quot;:&quot;https:\\\/\\\/scontent-ams2-1.cdninstagram.com\\\/v\\\/t51.82787-15\\\/661003037_18390277696158753_3685752828353469431_n.jpg?stp=dst-jpg_e35_tt6&amp;_nc_cat=108&amp;ccb=7-5&amp;_nc_sid=18de74&amp;efg=eyJlZmdfdGFnIjoiRkVFRC5iZXN0X2ltYWdlX3VybGdlbi5DMyJ9&amp;_nc_ohc=aDwKFVhtNx0Q7kNvwHBQo00&amp;_nc_oc=AdpaF7Di3Dct6XdUVkdWJlVlTgtf7JQa4RCKqbDDmJ77TxA3paAqcC2wz8MAaaMEIaVrn67NJ7SICKA3VF_Mqc3L&amp;_nc_zt=23&amp;_nc_ht=scontent-ams2-1.cdninstagram.com&amp;edm=ANo9K5cEAAAA&amp;_nc_gid=qDzvSRn0Y1bY78B2R6gUGw&amp;_nc_tpa=Q5bMBQE6ZSf_ANJk5iOMkVVHYsl9cLbhmsD4CBqBX_ld5nuExKSYX3GJO2FF_9s_LrlYPSU5IrI5Ls0Izg&amp;oh=00_Af7He8Is0alwQuCBo6K99nI02DIpDmw67z1XJI6mOxbQgQ&amp;oe=69F9C27E&quot;,&quot;640&quot;:&quot;https:\\\/\\\/scontent-ams2-1.cdninstagram.com\\\/v\\\/t51.82787-15\\\/661003037_18390277696158753_3685752828353469431_n.jpg?stp=dst-jpg_e35_tt6&amp;_nc_cat=108&amp;ccb=7-5&amp;_nc_sid=18de74&amp;efg=eyJlZmdfdGFnIjoiRkVFRC5iZXN0X2ltYWdlX3VybGdlbi5DMyJ9&amp;_nc_ohc=aDwKFVhtNx0Q7kNvwHBQo00&amp;_nc_oc=AdpaF7Di3Dct6XdUVkdWJlVlTgtf7JQa4RCKqbDDmJ77TxA3paAqcC2wz8MAaaMEIaVrn67NJ7SICKA3VF_Mqc3L&amp;_nc_zt=23&amp;_nc_ht=scontent-ams2-1.cdninstagram.com&amp;edm=ANo9K5cEAAAA&amp;_nc_gid=qDzvSRn0Y1bY78B2R6gUGw&amp;_nc_tpa=Q5bMBQE6ZSf_ANJk5iOMkVVHYsl9cLbhmsD4CBqBX_ld5nuExKSYX3GJO2FF_9s_LrlYPSU5IrI5Ls0Izg&amp;oh=00_Af7He8Is0alwQuCBo6K99nI02DIpDmw67z1XJI6mOxbQgQ&amp;oe=69F9C27E&quot;}\">\n\t\t\t<span class=\"sbi-screenreader\">174. Mahnwache in Ulm &amp; Neu-Ulm\n\ud83d\udcc5 Mittwoch, 08.04.<\/span>\n\t\t\t\t\t\t\t\t\t<img decoding=\"async\" src=\"https:\/\/donaubuero.de\/wp-content\/plugins\/instagram-feed\/img\/placeholder.png\" alt=\"174. Mahnwache in Ulm &amp; Neu-Ulm\n\ud83d\udcc5 Mittwoch, 08.04.2026 | \ud83d\udd56 19:00 Uhr\n\ud83d\udccd Obere Hirschstra\u00dfe \/ Ecke M\u00fcnsterplatz und Lautenberg\n\nGemeinsam stehen wir ein f\u00fcr Freiheit, Frieden und Solidarit\u00e4t mit der Ukraine! \u270a\ud83d\udc99\ud83d\udc9b\n\nLasst uns ein starkes Zeichen setzen gegen Krieg und Terror \u2013 und f\u00fcr ein freies Europa! \ud83c\udf0d\ud83d\udd4a\ufe0f\n\nKommt vorbei und zeigt eure Unterst\u00fctzung! \ud83d\ude4c\n\n#Solidarit\u00e4tMitDerUkraine #UlmStehtZusammen #MahnwacheUlm #UkraineSupport #PaneuropaUnion #StopPutin #PeaceForUkraine #StandWithUkraine #FriedenJetzt #UlmNeuUlm\" aria-hidden=\"true\">\n\t\t<\/a>\n\t<\/div>\n<\/div><div class=\"sbi_item sbi_type_image sbi_new sbi_transition\"\n\tid=\"sbi_17938453824189246\" data-date=\"1775138489\">\n\t<div class=\"sbi_photo_wrap\">\n\t\t<a class=\"sbi_photo\" href=\"https:\/\/www.instagram.com\/p\/DWocLIykcin\/\" target=\"_blank\" rel=\"noopener nofollow\"\n\t\t\tdata-full-res=\"https:\/\/scontent-ams2-1.cdninstagram.com\/v\/t51.82787-15\/658533486_18389627008158753_2629104488280219837_n.jpg?stp=dst-jpg_e35_tt6&#038;_nc_cat=111&#038;ccb=7-5&#038;_nc_sid=18de74&#038;efg=eyJlZmdfdGFnIjoiRkVFRC5iZXN0X2ltYWdlX3VybGdlbi5DMyJ9&#038;_nc_ohc=PfytuEhN52UQ7kNvwFhLD_S&#038;_nc_oc=AdpzrWtaLQKlcOJmMvI55FvuRS7iEwlb12Hw2J5NRYI7wqmQKDdQPIzdOkcX2Qm7CiYss39E0u2ii2N8xnb9xiqQ&#038;_nc_zt=23&#038;_nc_ht=scontent-ams2-1.cdninstagram.com&#038;edm=ANo9K5cEAAAA&#038;_nc_gid=qDzvSRn0Y1bY78B2R6gUGw&#038;_nc_tpa=Q5bMBQHKgI_rprc_KDne5h-ptte57g11nfdSISDZlNbAV3O-DYpO-XqkwXWqyx2BOgqnwJb9w2R-aSy2sA&#038;oh=00_Af5a23-k8enp8y3N5kmCE7GmZt3oM8uTZhgT2dqFgdtHAg&#038;oe=69F9B772\"\n\t\t\tdata-img-src-set=\"{&quot;d&quot;:&quot;https:\\\/\\\/scontent-ams2-1.cdninstagram.com\\\/v\\\/t51.82787-15\\\/658533486_18389627008158753_2629104488280219837_n.jpg?stp=dst-jpg_e35_tt6&amp;_nc_cat=111&amp;ccb=7-5&amp;_nc_sid=18de74&amp;efg=eyJlZmdfdGFnIjoiRkVFRC5iZXN0X2ltYWdlX3VybGdlbi5DMyJ9&amp;_nc_ohc=PfytuEhN52UQ7kNvwFhLD_S&amp;_nc_oc=AdpzrWtaLQKlcOJmMvI55FvuRS7iEwlb12Hw2J5NRYI7wqmQKDdQPIzdOkcX2Qm7CiYss39E0u2ii2N8xnb9xiqQ&amp;_nc_zt=23&amp;_nc_ht=scontent-ams2-1.cdninstagram.com&amp;edm=ANo9K5cEAAAA&amp;_nc_gid=qDzvSRn0Y1bY78B2R6gUGw&amp;_nc_tpa=Q5bMBQHKgI_rprc_KDne5h-ptte57g11nfdSISDZlNbAV3O-DYpO-XqkwXWqyx2BOgqnwJb9w2R-aSy2sA&amp;oh=00_Af5a23-k8enp8y3N5kmCE7GmZt3oM8uTZhgT2dqFgdtHAg&amp;oe=69F9B772&quot;,&quot;150&quot;:&quot;https:\\\/\\\/scontent-ams2-1.cdninstagram.com\\\/v\\\/t51.82787-15\\\/658533486_18389627008158753_2629104488280219837_n.jpg?stp=dst-jpg_e35_tt6&amp;_nc_cat=111&amp;ccb=7-5&amp;_nc_sid=18de74&amp;efg=eyJlZmdfdGFnIjoiRkVFRC5iZXN0X2ltYWdlX3VybGdlbi5DMyJ9&amp;_nc_ohc=PfytuEhN52UQ7kNvwFhLD_S&amp;_nc_oc=AdpzrWtaLQKlcOJmMvI55FvuRS7iEwlb12Hw2J5NRYI7wqmQKDdQPIzdOkcX2Qm7CiYss39E0u2ii2N8xnb9xiqQ&amp;_nc_zt=23&amp;_nc_ht=scontent-ams2-1.cdninstagram.com&amp;edm=ANo9K5cEAAAA&amp;_nc_gid=qDzvSRn0Y1bY78B2R6gUGw&amp;_nc_tpa=Q5bMBQHKgI_rprc_KDne5h-ptte57g11nfdSISDZlNbAV3O-DYpO-XqkwXWqyx2BOgqnwJb9w2R-aSy2sA&amp;oh=00_Af5a23-k8enp8y3N5kmCE7GmZt3oM8uTZhgT2dqFgdtHAg&amp;oe=69F9B772&quot;,&quot;320&quot;:&quot;https:\\\/\\\/scontent-ams2-1.cdninstagram.com\\\/v\\\/t51.82787-15\\\/658533486_18389627008158753_2629104488280219837_n.jpg?stp=dst-jpg_e35_tt6&amp;_nc_cat=111&amp;ccb=7-5&amp;_nc_sid=18de74&amp;efg=eyJlZmdfdGFnIjoiRkVFRC5iZXN0X2ltYWdlX3VybGdlbi5DMyJ9&amp;_nc_ohc=PfytuEhN52UQ7kNvwFhLD_S&amp;_nc_oc=AdpzrWtaLQKlcOJmMvI55FvuRS7iEwlb12Hw2J5NRYI7wqmQKDdQPIzdOkcX2Qm7CiYss39E0u2ii2N8xnb9xiqQ&amp;_nc_zt=23&amp;_nc_ht=scontent-ams2-1.cdninstagram.com&amp;edm=ANo9K5cEAAAA&amp;_nc_gid=qDzvSRn0Y1bY78B2R6gUGw&amp;_nc_tpa=Q5bMBQHKgI_rprc_KDne5h-ptte57g11nfdSISDZlNbAV3O-DYpO-XqkwXWqyx2BOgqnwJb9w2R-aSy2sA&amp;oh=00_Af5a23-k8enp8y3N5kmCE7GmZt3oM8uTZhgT2dqFgdtHAg&amp;oe=69F9B772&quot;,&quot;640&quot;:&quot;https:\\\/\\\/scontent-ams2-1.cdninstagram.com\\\/v\\\/t51.82787-15\\\/658533486_18389627008158753_2629104488280219837_n.jpg?stp=dst-jpg_e35_tt6&amp;_nc_cat=111&amp;ccb=7-5&amp;_nc_sid=18de74&amp;efg=eyJlZmdfdGFnIjoiRkVFRC5iZXN0X2ltYWdlX3VybGdlbi5DMyJ9&amp;_nc_ohc=PfytuEhN52UQ7kNvwFhLD_S&amp;_nc_oc=AdpzrWtaLQKlcOJmMvI55FvuRS7iEwlb12Hw2J5NRYI7wqmQKDdQPIzdOkcX2Qm7CiYss39E0u2ii2N8xnb9xiqQ&amp;_nc_zt=23&amp;_nc_ht=scontent-ams2-1.cdninstagram.com&amp;edm=ANo9K5cEAAAA&amp;_nc_gid=qDzvSRn0Y1bY78B2R6gUGw&amp;_nc_tpa=Q5bMBQHKgI_rprc_KDne5h-ptte57g11nfdSISDZlNbAV3O-DYpO-XqkwXWqyx2BOgqnwJb9w2R-aSy2sA&amp;oh=00_Af5a23-k8enp8y3N5kmCE7GmZt3oM8uTZhgT2dqFgdtHAg&amp;oe=69F9B772&quot;}\">\n\t\t\t<span class=\"sbi-screenreader\">Wir w\u00fcnschen allen frohe Ostern und sch\u00f6ne Feierta<\/span>\n\t\t\t\t\t\t\t\t\t<img decoding=\"async\" src=\"https:\/\/donaubuero.de\/wp-content\/plugins\/instagram-feed\/img\/placeholder.png\" alt=\"Wir w\u00fcnschen allen frohe Ostern und sch\u00f6ne Feiertage! \ud83d\udc30\u200b\ud83d\udc23\u200b\n\n#easter #ostern #feiertage\" aria-hidden=\"true\">\n\t\t<\/a>\n\t<\/div>\n<\/div><div class=\"sbi_item sbi_type_carousel sbi_new sbi_transition\"\n\tid=\"sbi_18081117359380052\" data-date=\"1774964575\">\n\t<div class=\"sbi_photo_wrap\">\n\t\t<a class=\"sbi_photo\" href=\"https:\/\/www.instagram.com\/p\/DWjQfnBjVo9\/\" target=\"_blank\" rel=\"noopener nofollow\"\n\t\t\tdata-full-res=\"https:\/\/scontent-ams2-1.cdninstagram.com\/v\/t51.82787-15\/661807421_18389308414158753_6998020916990506618_n.jpg?stp=dst-jpg_e35_tt6&#038;_nc_cat=107&#038;ccb=7-5&#038;_nc_sid=18de74&#038;efg=eyJlZmdfdGFnIjoiQ0FST1VTRUxfSVRFTS5iZXN0X2ltYWdlX3VybGdlbi5DMyJ9&#038;_nc_ohc=4p37lKqc8OgQ7kNvwGLkb7P&#038;_nc_oc=AdqIhFRfOVwiy_qxQFpaJT4yyPRmTm8tubPoWfP_cX06YcFAsgBZBKmTY44PdF3f52hSW5NU57Vupb3OY8zFlaiz&#038;_nc_zt=23&#038;_nc_ht=scontent-ams2-1.cdninstagram.com&#038;edm=ANo9K5cEAAAA&#038;_nc_gid=qDzvSRn0Y1bY78B2R6gUGw&#038;_nc_tpa=Q5bMBQGjSUC9dhi9mr0iKEJDykZfrn6o5MQxCRclNWpESoZqD3H5n9rJRm77ESCmrwn2AlTDFgZXfyAluQ&#038;oh=00_Af7pFh7ko5vhSiWcw_j6Ty2t9XhgfyLC5DLIK-yfDtke9Q&#038;oe=69F9CC17\"\n\t\t\tdata-img-src-set=\"{&quot;d&quot;:&quot;https:\\\/\\\/scontent-ams2-1.cdninstagram.com\\\/v\\\/t51.82787-15\\\/661807421_18389308414158753_6998020916990506618_n.jpg?stp=dst-jpg_e35_tt6&amp;_nc_cat=107&amp;ccb=7-5&amp;_nc_sid=18de74&amp;efg=eyJlZmdfdGFnIjoiQ0FST1VTRUxfSVRFTS5iZXN0X2ltYWdlX3VybGdlbi5DMyJ9&amp;_nc_ohc=4p37lKqc8OgQ7kNvwGLkb7P&amp;_nc_oc=AdqIhFRfOVwiy_qxQFpaJT4yyPRmTm8tubPoWfP_cX06YcFAsgBZBKmTY44PdF3f52hSW5NU57Vupb3OY8zFlaiz&amp;_nc_zt=23&amp;_nc_ht=scontent-ams2-1.cdninstagram.com&amp;edm=ANo9K5cEAAAA&amp;_nc_gid=qDzvSRn0Y1bY78B2R6gUGw&amp;_nc_tpa=Q5bMBQGjSUC9dhi9mr0iKEJDykZfrn6o5MQxCRclNWpESoZqD3H5n9rJRm77ESCmrwn2AlTDFgZXfyAluQ&amp;oh=00_Af7pFh7ko5vhSiWcw_j6Ty2t9XhgfyLC5DLIK-yfDtke9Q&amp;oe=69F9CC17&quot;,&quot;150&quot;:&quot;https:\\\/\\\/scontent-ams2-1.cdninstagram.com\\\/v\\\/t51.82787-15\\\/661807421_18389308414158753_6998020916990506618_n.jpg?stp=dst-jpg_e35_tt6&amp;_nc_cat=107&amp;ccb=7-5&amp;_nc_sid=18de74&amp;efg=eyJlZmdfdGFnIjoiQ0FST1VTRUxfSVRFTS5iZXN0X2ltYWdlX3VybGdlbi5DMyJ9&amp;_nc_ohc=4p37lKqc8OgQ7kNvwGLkb7P&amp;_nc_oc=AdqIhFRfOVwiy_qxQFpaJT4yyPRmTm8tubPoWfP_cX06YcFAsgBZBKmTY44PdF3f52hSW5NU57Vupb3OY8zFlaiz&amp;_nc_zt=23&amp;_nc_ht=scontent-ams2-1.cdninstagram.com&amp;edm=ANo9K5cEAAAA&amp;_nc_gid=qDzvSRn0Y1bY78B2R6gUGw&amp;_nc_tpa=Q5bMBQGjSUC9dhi9mr0iKEJDykZfrn6o5MQxCRclNWpESoZqD3H5n9rJRm77ESCmrwn2AlTDFgZXfyAluQ&amp;oh=00_Af7pFh7ko5vhSiWcw_j6Ty2t9XhgfyLC5DLIK-yfDtke9Q&amp;oe=69F9CC17&quot;,&quot;320&quot;:&quot;https:\\\/\\\/scontent-ams2-1.cdninstagram.com\\\/v\\\/t51.82787-15\\\/661807421_18389308414158753_6998020916990506618_n.jpg?stp=dst-jpg_e35_tt6&amp;_nc_cat=107&amp;ccb=7-5&amp;_nc_sid=18de74&amp;efg=eyJlZmdfdGFnIjoiQ0FST1VTRUxfSVRFTS5iZXN0X2ltYWdlX3VybGdlbi5DMyJ9&amp;_nc_ohc=4p37lKqc8OgQ7kNvwGLkb7P&amp;_nc_oc=AdqIhFRfOVwiy_qxQFpaJT4yyPRmTm8tubPoWfP_cX06YcFAsgBZBKmTY44PdF3f52hSW5NU57Vupb3OY8zFlaiz&amp;_nc_zt=23&amp;_nc_ht=scontent-ams2-1.cdninstagram.com&amp;edm=ANo9K5cEAAAA&amp;_nc_gid=qDzvSRn0Y1bY78B2R6gUGw&amp;_nc_tpa=Q5bMBQGjSUC9dhi9mr0iKEJDykZfrn6o5MQxCRclNWpESoZqD3H5n9rJRm77ESCmrwn2AlTDFgZXfyAluQ&amp;oh=00_Af7pFh7ko5vhSiWcw_j6Ty2t9XhgfyLC5DLIK-yfDtke9Q&amp;oe=69F9CC17&quot;,&quot;640&quot;:&quot;https:\\\/\\\/scontent-ams2-1.cdninstagram.com\\\/v\\\/t51.82787-15\\\/661807421_18389308414158753_6998020916990506618_n.jpg?stp=dst-jpg_e35_tt6&amp;_nc_cat=107&amp;ccb=7-5&amp;_nc_sid=18de74&amp;efg=eyJlZmdfdGFnIjoiQ0FST1VTRUxfSVRFTS5iZXN0X2ltYWdlX3VybGdlbi5DMyJ9&amp;_nc_ohc=4p37lKqc8OgQ7kNvwGLkb7P&amp;_nc_oc=AdqIhFRfOVwiy_qxQFpaJT4yyPRmTm8tubPoWfP_cX06YcFAsgBZBKmTY44PdF3f52hSW5NU57Vupb3OY8zFlaiz&amp;_nc_zt=23&amp;_nc_ht=scontent-ams2-1.cdninstagram.com&amp;edm=ANo9K5cEAAAA&amp;_nc_gid=qDzvSRn0Y1bY78B2R6gUGw&amp;_nc_tpa=Q5bMBQGjSUC9dhi9mr0iKEJDykZfrn6o5MQxCRclNWpESoZqD3H5n9rJRm77ESCmrwn2AlTDFgZXfyAluQ&amp;oh=00_Af7pFh7ko5vhSiWcw_j6Ty2t9XhgfyLC5DLIK-yfDtke9Q&amp;oe=69F9CC17&quot;}\">\n\t\t\t<span class=\"sbi-screenreader\">\ud83d\udeb2\ud83e\udd1d\ud83d\ude8d Gemeinsam f\u00fcr nachhaltige Mobilit\u00e4t in der Reg<\/span>\n\t\t\t<svg class=\"svg-inline--fa fa-clone fa-w-16 sbi_lightbox_carousel_icon\" aria-hidden=\"true\" aria-label=\"Clone\" data-fa-pro\u0192cessed=\"\" data-prefix=\"far\" data-icon=\"clone\" role=\"img\" xmlns=\"http:\/\/www.w3.org\/2000\/svg\" viewBox=\"0 0 512 512\">\n                    <path fill=\"currentColor\" d=\"M464 0H144c-26.51 0-48 21.49-48 48v48H48c-26.51 0-48 21.49-48 48v320c0 26.51 21.49 48 48 48h320c26.51 0 48-21.49 48-48v-48h48c26.51 0 48-21.49 48-48V48c0-26.51-21.49-48-48-48zM362 464H54a6 6 0 0 1-6-6V150a6 6 0 0 1 6-6h42v224c0 26.51 21.49 48 48 48h224v42a6 6 0 0 1-6 6zm96-96H150a6 6 0 0 1-6-6V54a6 6 0 0 1 6-6h308a6 6 0 0 1 6 6v308a6 6 0 0 1-6 6z\"><\/path>\n                <\/svg>\t\t\t\t\t\t<img decoding=\"async\" src=\"https:\/\/donaubuero.de\/wp-content\/plugins\/instagram-feed\/img\/placeholder.png\" alt=\"\ud83d\udeb2\ud83e\udd1d\ud83d\ude8d Gemeinsam f\u00fcr nachhaltige Mobilit\u00e4t in der Region!\n\nBeim 3. Treffen der regionalen Arbeitsgruppe im Rahmen unseres Projekts Active2Public Transport (A2PT) kamen erneut Vertreter*innen aus Verwaltung, Politik, Verkehrsunternehmen und Interessensverb\u00e4nden zusammen \u2013 aus Ulm, Neu-Ulm und der Region.\n\n\ud83d\udcac Was uns bewegt:\n\n\ud83d\udc49 Wie schaffen wir bessere Verkn\u00fcpfungen zwischen Radfahren, Zufu\u00dfgehen und \u00d6PNV?\n\ud83d\udc49 Wie gelingt gute Zusammenarbeit \u00fcber Verwaltungsgrenzen und Fachbereiche hinweg?\n\ud83d\udc49 Wie schaffen wir mehr Bewusstsein f\u00fcr das Potential intermodaler Mobilit\u00e4t?\n\n\ud83c\udf1f Highlights des Treffens:\n\n\ud83d\udd38 Pr\u00e4sentation der Ergebnisse der Pilotaktion \u201eMobil ohne Auto: 4 Wochen Rad und \u00d6PNV entdecken!\u201c \u2013 inklusive Empfehlungen\n\ud83d\udd38 Vorschau auf die neue A2PT Online-Toolbox als praktische Unterst\u00fctzung f\u00fcr Entscheidungstr\u00e4ger*innen\n\ud83d\udd38 Einblick in den aktuellen Stand des regionalen A2PT-Positionspapiers\n\ud83d\udd38 Lebhafte Diskussionen und viele wertvolle Impulse\n\nEin gro\u00dfes Dankesch\u00f6n an alle Teilnehmenden f\u00fcr den konstruktiven Austausch, das Engagement und die Motivation, nachhaltige Mobilit\u00e4t in unserer Region gemeinsam weiter voranzubringen! \ud83d\ude4c\n\n\ud83d\udd17 Mehr Infos zum Projekt: Link in der Bio\n\n@stadtulm @stadt.neuulm @unserlandkreisneuulm @fussev_de @ulmentdecken @lokale.agenda.ulm @adfc.de @albdonaukreis \n\n#Active2PublicTransport #A2PT #nachhaltigeMobilit\u00e4t #Fu\u00dfverkehr #Radverkehr #\u00f6pnv #intermodalerverkehr\" aria-hidden=\"true\">\n\t\t<\/a>\n\t<\/div>\n<\/div><div class=\"sbi_item sbi_type_image sbi_new sbi_transition\"\n\tid=\"sbi_17940822606175720\" data-date=\"1774881511\">\n\t<div class=\"sbi_photo_wrap\">\n\t\t<a class=\"sbi_photo\" href=\"https:\/\/www.instagram.com\/p\/DWgyCC9kdSL\/\" target=\"_blank\" rel=\"noopener nofollow\"\n\t\t\tdata-full-res=\"https:\/\/scontent-ams2-1.cdninstagram.com\/v\/t51.82787-15\/658827766_18389180557158753_8492786417541057892_n.jpg?stp=dst-jpg_e35_tt6&#038;_nc_cat=105&#038;ccb=7-5&#038;_nc_sid=18de74&#038;efg=eyJlZmdfdGFnIjoiRkVFRC5iZXN0X2ltYWdlX3VybGdlbi5DMyJ9&#038;_nc_ohc=oqJiVT7U77AQ7kNvwEq-4rf&#038;_nc_oc=Adpjhaxljs61FwjqsUr6LL64Cl5UDLh428vWxfcP8s02XRMF5DMZR0LmSGL3-iQ8sV60qh3IFVMsBT4exzlUXKhU&#038;_nc_zt=23&#038;_nc_ht=scontent-ams2-1.cdninstagram.com&#038;edm=ANo9K5cEAAAA&#038;_nc_gid=qDzvSRn0Y1bY78B2R6gUGw&#038;_nc_tpa=Q5bMBQG15RIR2uECgXZSz2Fmqv-OhS-TdI2wU1rbSQNZ9dXXmJ1d4e-V4A37ouOkOEYvYUa6zCne-2cAaQ&#038;oh=00_Af6HZZ8mCHzBx73IQ5A_MK6wzPAJGw7Dt4H1UL_U_kTidg&#038;oe=69F9EA5C\"\n\t\t\tdata-img-src-set=\"{&quot;d&quot;:&quot;https:\\\/\\\/scontent-ams2-1.cdninstagram.com\\\/v\\\/t51.82787-15\\\/658827766_18389180557158753_8492786417541057892_n.jpg?stp=dst-jpg_e35_tt6&amp;_nc_cat=105&amp;ccb=7-5&amp;_nc_sid=18de74&amp;efg=eyJlZmdfdGFnIjoiRkVFRC5iZXN0X2ltYWdlX3VybGdlbi5DMyJ9&amp;_nc_ohc=oqJiVT7U77AQ7kNvwEq-4rf&amp;_nc_oc=Adpjhaxljs61FwjqsUr6LL64Cl5UDLh428vWxfcP8s02XRMF5DMZR0LmSGL3-iQ8sV60qh3IFVMsBT4exzlUXKhU&amp;_nc_zt=23&amp;_nc_ht=scontent-ams2-1.cdninstagram.com&amp;edm=ANo9K5cEAAAA&amp;_nc_gid=qDzvSRn0Y1bY78B2R6gUGw&amp;_nc_tpa=Q5bMBQG15RIR2uECgXZSz2Fmqv-OhS-TdI2wU1rbSQNZ9dXXmJ1d4e-V4A37ouOkOEYvYUa6zCne-2cAaQ&amp;oh=00_Af6HZZ8mCHzBx73IQ5A_MK6wzPAJGw7Dt4H1UL_U_kTidg&amp;oe=69F9EA5C&quot;,&quot;150&quot;:&quot;https:\\\/\\\/scontent-ams2-1.cdninstagram.com\\\/v\\\/t51.82787-15\\\/658827766_18389180557158753_8492786417541057892_n.jpg?stp=dst-jpg_e35_tt6&amp;_nc_cat=105&amp;ccb=7-5&amp;_nc_sid=18de74&amp;efg=eyJlZmdfdGFnIjoiRkVFRC5iZXN0X2ltYWdlX3VybGdlbi5DMyJ9&amp;_nc_ohc=oqJiVT7U77AQ7kNvwEq-4rf&amp;_nc_oc=Adpjhaxljs61FwjqsUr6LL64Cl5UDLh428vWxfcP8s02XRMF5DMZR0LmSGL3-iQ8sV60qh3IFVMsBT4exzlUXKhU&amp;_nc_zt=23&amp;_nc_ht=scontent-ams2-1.cdninstagram.com&amp;edm=ANo9K5cEAAAA&amp;_nc_gid=qDzvSRn0Y1bY78B2R6gUGw&amp;_nc_tpa=Q5bMBQG15RIR2uECgXZSz2Fmqv-OhS-TdI2wU1rbSQNZ9dXXmJ1d4e-V4A37ouOkOEYvYUa6zCne-2cAaQ&amp;oh=00_Af6HZZ8mCHzBx73IQ5A_MK6wzPAJGw7Dt4H1UL_U_kTidg&amp;oe=69F9EA5C&quot;,&quot;320&quot;:&quot;https:\\\/\\\/scontent-ams2-1.cdninstagram.com\\\/v\\\/t51.82787-15\\\/658827766_18389180557158753_8492786417541057892_n.jpg?stp=dst-jpg_e35_tt6&amp;_nc_cat=105&amp;ccb=7-5&amp;_nc_sid=18de74&amp;efg=eyJlZmdfdGFnIjoiRkVFRC5iZXN0X2ltYWdlX3VybGdlbi5DMyJ9&amp;_nc_ohc=oqJiVT7U77AQ7kNvwEq-4rf&amp;_nc_oc=Adpjhaxljs61FwjqsUr6LL64Cl5UDLh428vWxfcP8s02XRMF5DMZR0LmSGL3-iQ8sV60qh3IFVMsBT4exzlUXKhU&amp;_nc_zt=23&amp;_nc_ht=scontent-ams2-1.cdninstagram.com&amp;edm=ANo9K5cEAAAA&amp;_nc_gid=qDzvSRn0Y1bY78B2R6gUGw&amp;_nc_tpa=Q5bMBQG15RIR2uECgXZSz2Fmqv-OhS-TdI2wU1rbSQNZ9dXXmJ1d4e-V4A37ouOkOEYvYUa6zCne-2cAaQ&amp;oh=00_Af6HZZ8mCHzBx73IQ5A_MK6wzPAJGw7Dt4H1UL_U_kTidg&amp;oe=69F9EA5C&quot;,&quot;640&quot;:&quot;https:\\\/\\\/scontent-ams2-1.cdninstagram.com\\\/v\\\/t51.82787-15\\\/658827766_18389180557158753_8492786417541057892_n.jpg?stp=dst-jpg_e35_tt6&amp;_nc_cat=105&amp;ccb=7-5&amp;_nc_sid=18de74&amp;efg=eyJlZmdfdGFnIjoiRkVFRC5iZXN0X2ltYWdlX3VybGdlbi5DMyJ9&amp;_nc_ohc=oqJiVT7U77AQ7kNvwEq-4rf&amp;_nc_oc=Adpjhaxljs61FwjqsUr6LL64Cl5UDLh428vWxfcP8s02XRMF5DMZR0LmSGL3-iQ8sV60qh3IFVMsBT4exzlUXKhU&amp;_nc_zt=23&amp;_nc_ht=scontent-ams2-1.cdninstagram.com&amp;edm=ANo9K5cEAAAA&amp;_nc_gid=qDzvSRn0Y1bY78B2R6gUGw&amp;_nc_tpa=Q5bMBQG15RIR2uECgXZSz2Fmqv-OhS-TdI2wU1rbSQNZ9dXXmJ1d4e-V4A37ouOkOEYvYUa6zCne-2cAaQ&amp;oh=00_Af6HZZ8mCHzBx73IQ5A_MK6wzPAJGw7Dt4H1UL_U_kTidg&amp;oe=69F9EA5C&quot;}\">\n\t\t\t<span class=\"sbi-screenreader\">173. Mahnwache in Ulm &amp; Neu-Ulm\n\ud83d\udcc5 Mittwoch, 01.04.<\/span>\n\t\t\t\t\t\t\t\t\t<img decoding=\"async\" src=\"https:\/\/donaubuero.de\/wp-content\/plugins\/instagram-feed\/img\/placeholder.png\" alt=\"173. Mahnwache in Ulm &amp; Neu-Ulm\n\ud83d\udcc5 Mittwoch, 01.04.2026 | \ud83d\udd56 19:00 Uhr\n\ud83d\udccd Obere Hirschstra\u00dfe \/ Ecke M\u00fcnsterplatz und Lautenberg\n\nGemeinsam stehen wir ein f\u00fcr Freiheit, Frieden und Solidarit\u00e4t mit der Ukraine! \u270a\ud83d\udc99\ud83d\udc9b\n\nLasst uns ein starkes Zeichen setzen gegen Krieg und Terror \u2013 und f\u00fcr ein freies Europa! \ud83c\udf0d\ud83d\udd4a\ufe0f\n\nKommt vorbei und zeigt eure Unterst\u00fctzung! \ud83d\ude4c\n\n#Solidarit\u00e4tMitDerUkraine #UlmStehtZusammen #MahnwacheUlm #UkraineSupport #PaneuropaUnion #StopPutin #PeaceForUkraine #StandWithUkraine #FriedenJetzt #UlmNeuUlm\" aria-hidden=\"true\">\n\t\t<\/a>\n\t<\/div>\n<\/div><div class=\"sbi_item sbi_type_image sbi_new sbi_transition\"\n\tid=\"sbi_17920065855292818\" data-date=\"1774875938\">\n\t<div class=\"sbi_photo_wrap\">\n\t\t<a class=\"sbi_photo\" href=\"https:\/\/www.instagram.com\/p\/DWgnbcNDd65\/\" target=\"_blank\" rel=\"noopener nofollow\"\n\t\t\tdata-full-res=\"https:\/\/scontent-ams2-1.cdninstagram.com\/v\/t51.82787-15\/657370685_18157086934433595_5997198149242246335_n.webp?stp=dst-jpg_e35_tt6&#038;_nc_cat=100&#038;ccb=7-5&#038;_nc_sid=18de74&#038;efg=eyJlZmdfdGFnIjoiRkVFRC5iZXN0X2ltYWdlX3VybGdlbi5DMyJ9&#038;_nc_ohc=SKqfZ--FREkQ7kNvwEconXf&#038;_nc_oc=AdrUdDnfK4tt9_eQRkn51w2CagE0g6vTxwbgnn0rEoLm51N4lsO8v-gbm-SWwG9tdHA4BZ96ZZeRv0s9v3uMkB_O&#038;_nc_zt=23&#038;_nc_ht=scontent-ams2-1.cdninstagram.com&#038;edm=ANo9K5cEAAAA&#038;_nc_gid=5zEA7tKgGR-V4__NDqE8Dg&#038;_nc_tpa=Q5bMBQGOQmhqQimBNDlOOSuuV8RMfV0Y3mkzr00byCt71HzFW1fcb3uTMwhul0X3GntIcLmC6-ZhKipWhQ&#038;oh=00_Af7T7TQ2wxakcua0XKcCjXNerZ7wcFzSdRbbFeHieZPRvA&#038;oe=69F9BC45\"\n\t\t\tdata-img-src-set=\"{&quot;d&quot;:&quot;https:\\\/\\\/scontent-ams2-1.cdninstagram.com\\\/v\\\/t51.82787-15\\\/657370685_18157086934433595_5997198149242246335_n.webp?stp=dst-jpg_e35_tt6&amp;_nc_cat=100&amp;ccb=7-5&amp;_nc_sid=18de74&amp;efg=eyJlZmdfdGFnIjoiRkVFRC5iZXN0X2ltYWdlX3VybGdlbi5DMyJ9&amp;_nc_ohc=SKqfZ--FREkQ7kNvwEconXf&amp;_nc_oc=AdrUdDnfK4tt9_eQRkn51w2CagE0g6vTxwbgnn0rEoLm51N4lsO8v-gbm-SWwG9tdHA4BZ96ZZeRv0s9v3uMkB_O&amp;_nc_zt=23&amp;_nc_ht=scontent-ams2-1.cdninstagram.com&amp;edm=ANo9K5cEAAAA&amp;_nc_gid=5zEA7tKgGR-V4__NDqE8Dg&amp;_nc_tpa=Q5bMBQGOQmhqQimBNDlOOSuuV8RMfV0Y3mkzr00byCt71HzFW1fcb3uTMwhul0X3GntIcLmC6-ZhKipWhQ&amp;oh=00_Af7T7TQ2wxakcua0XKcCjXNerZ7wcFzSdRbbFeHieZPRvA&amp;oe=69F9BC45&quot;,&quot;150&quot;:&quot;https:\\\/\\\/scontent-ams2-1.cdninstagram.com\\\/v\\\/t51.82787-15\\\/657370685_18157086934433595_5997198149242246335_n.webp?stp=dst-jpg_e35_tt6&amp;_nc_cat=100&amp;ccb=7-5&amp;_nc_sid=18de74&amp;efg=eyJlZmdfdGFnIjoiRkVFRC5iZXN0X2ltYWdlX3VybGdlbi5DMyJ9&amp;_nc_ohc=SKqfZ--FREkQ7kNvwEconXf&amp;_nc_oc=AdrUdDnfK4tt9_eQRkn51w2CagE0g6vTxwbgnn0rEoLm51N4lsO8v-gbm-SWwG9tdHA4BZ96ZZeRv0s9v3uMkB_O&amp;_nc_zt=23&amp;_nc_ht=scontent-ams2-1.cdninstagram.com&amp;edm=ANo9K5cEAAAA&amp;_nc_gid=5zEA7tKgGR-V4__NDqE8Dg&amp;_nc_tpa=Q5bMBQGOQmhqQimBNDlOOSuuV8RMfV0Y3mkzr00byCt71HzFW1fcb3uTMwhul0X3GntIcLmC6-ZhKipWhQ&amp;oh=00_Af7T7TQ2wxakcua0XKcCjXNerZ7wcFzSdRbbFeHieZPRvA&amp;oe=69F9BC45&quot;,&quot;320&quot;:&quot;https:\\\/\\\/scontent-ams2-1.cdninstagram.com\\\/v\\\/t51.82787-15\\\/657370685_18157086934433595_5997198149242246335_n.webp?stp=dst-jpg_e35_tt6&amp;_nc_cat=100&amp;ccb=7-5&amp;_nc_sid=18de74&amp;efg=eyJlZmdfdGFnIjoiRkVFRC5iZXN0X2ltYWdlX3VybGdlbi5DMyJ9&amp;_nc_ohc=SKqfZ--FREkQ7kNvwEconXf&amp;_nc_oc=AdrUdDnfK4tt9_eQRkn51w2CagE0g6vTxwbgnn0rEoLm51N4lsO8v-gbm-SWwG9tdHA4BZ96ZZeRv0s9v3uMkB_O&amp;_nc_zt=23&amp;_nc_ht=scontent-ams2-1.cdninstagram.com&amp;edm=ANo9K5cEAAAA&amp;_nc_gid=5zEA7tKgGR-V4__NDqE8Dg&amp;_nc_tpa=Q5bMBQGOQmhqQimBNDlOOSuuV8RMfV0Y3mkzr00byCt71HzFW1fcb3uTMwhul0X3GntIcLmC6-ZhKipWhQ&amp;oh=00_Af7T7TQ2wxakcua0XKcCjXNerZ7wcFzSdRbbFeHieZPRvA&amp;oe=69F9BC45&quot;,&quot;640&quot;:&quot;https:\\\/\\\/scontent-ams2-1.cdninstagram.com\\\/v\\\/t51.82787-15\\\/657370685_18157086934433595_5997198149242246335_n.webp?stp=dst-jpg_e35_tt6&amp;_nc_cat=100&amp;ccb=7-5&amp;_nc_sid=18de74&amp;efg=eyJlZmdfdGFnIjoiRkVFRC5iZXN0X2ltYWdlX3VybGdlbi5DMyJ9&amp;_nc_ohc=SKqfZ--FREkQ7kNvwEconXf&amp;_nc_oc=AdrUdDnfK4tt9_eQRkn51w2CagE0g6vTxwbgnn0rEoLm51N4lsO8v-gbm-SWwG9tdHA4BZ96ZZeRv0s9v3uMkB_O&amp;_nc_zt=23&amp;_nc_ht=scontent-ams2-1.cdninstagram.com&amp;edm=ANo9K5cEAAAA&amp;_nc_gid=5zEA7tKgGR-V4__NDqE8Dg&amp;_nc_tpa=Q5bMBQGOQmhqQimBNDlOOSuuV8RMfV0Y3mkzr00byCt71HzFW1fcb3uTMwhul0X3GntIcLmC6-ZhKipWhQ&amp;oh=00_Af7T7TQ2wxakcua0XKcCjXNerZ7wcFzSdRbbFeHieZPRvA&amp;oe=69F9BC45&quot;}\">\n\t\t\t<span class=\"sbi-screenreader\">\ud83c\uddea\ud83c\uddfa\ud83d\udd0dEurop\u00e4ische Verteidigungsf\u00e4higkeit im Kontext m<\/span>\n\t\t\t\t\t\t\t\t\t<img decoding=\"async\" src=\"https:\/\/donaubuero.de\/wp-content\/plugins\/instagram-feed\/img\/placeholder.png\" alt=\"\ud83c\uddea\ud83c\uddfa\ud83d\udd0dEurop\u00e4ische Verteidigungsf\u00e4higkeit im Kontext multipler Krisen - die Stunde Europas! \u00a0\n\nWir durften am 19.03. Oberstleutnant i.G. Manfred Scholl, Studienreferent f\u00fcr Verteidigungspolitik an der Bundesakademie f\u00fcr Sicherheitspolitik, zu unserer Veranstaltung begr\u00fc\u00dfen. In seinem Vortrag zeigte er eindr\u00fccklich, wie stark Europa aktuell sicherheitspolitisch gefordert ist \u2013 und wie wichtig handlungsf\u00e4hige europ\u00e4ische Strukturen geworden sind.\u00a0\ud83c\udf0d\ud83d\udee1\ufe0f\n\nDabei gab er nicht nur einen \u00dcberblick \u00fcber aktuelle Konflikte, sondern ordnete diese auch geopolitisch ein:\n\u2666\u00a0Welche Auswirkungen haben die weltweiten Krisen auf Europa?\n\u2666\u00a0Welche Entwicklungen zeichnen sich in der europ\u00e4ischen Sicherheits- und Verteidigungspolitik ab?\n\u2666\u00a0Wie ver\u00e4ndern sich die transatlantischen Beziehungen zwischen EU &amp; USA?\n\nDie Veranstaltung verdeutlichte, dass Europa heute st\u00e4rker denn je Verantwortung \u00fcbernehmen muss \u2013 politisch, milit\u00e4risch und strategisch.\n\nEin herzliches Dankesch\u00f6n an Oberstleutnant i.G.\u00a0Manfred Scholl\u00a0f\u00fcr seine klaren Einordnungen und an alle G\u00e4ste f\u00fcr das gro\u00dfe Interesse und den lebendigen Austausch!\u00a0\ud83d\ude4c\ud83d\udcac\ud83d\udc99\n\nVeranstalter:\nEine Kooperationsveranstaltung des\u00a0Europe Direct Zentrums im Donaub\u00fcro Ulm\/Neu-Ulm\u00a0und der\u00a0Gesellschaft f\u00fcr Sicherheitspolitik \u2013 Sektion Ulm.\n\n#Europa #Sicherheitspolitik #Verteidigung #EU #ReArmEurope\" aria-hidden=\"true\">\n\t\t<\/a>\n\t<\/div>\n<\/div><div class=\"sbi_item sbi_type_image sbi_new sbi_transition\"\n\tid=\"sbi_18102959917902346\" data-date=\"1774870975\">\n\t<div class=\"sbi_photo_wrap\">\n\t\t<a class=\"sbi_photo\" href=\"https:\/\/www.instagram.com\/p\/DWgd9pfjWMj\/\" target=\"_blank\" rel=\"noopener nofollow\"\n\t\t\tdata-full-res=\"https:\/\/scontent-ams2-1.cdninstagram.com\/v\/t51.82787-15\/658848557_18157081096433595_2141687069875834031_n.webp?stp=dst-jpg_e35_tt6&#038;_nc_cat=105&#038;ccb=7-5&#038;_nc_sid=18de74&#038;efg=eyJlZmdfdGFnIjoiRkVFRC5iZXN0X2ltYWdlX3VybGdlbi5DMyJ9&#038;_nc_ohc=vp2Hq8VU4SEQ7kNvwG6fIgv&#038;_nc_oc=AdrKHk0AnrC9qMLFSeVImCzyGRaHnCG-2C-GcsZSlhJTltrd8VQomsNGBSrfjhc8G7qr4TxoM6kQLna6xbwIpXnz&#038;_nc_zt=23&#038;_nc_ht=scontent-ams2-1.cdninstagram.com&#038;edm=ANo9K5cEAAAA&#038;_nc_gid=5zEA7tKgGR-V4__NDqE8Dg&#038;_nc_tpa=Q5bMBQFLO9n9YhIsxlMzuUn43Xz-fX_G2G6IRMJmvdjrKhXKIcS8cMhf49pAmkbtpUcBxO4n3xQw4F0dNQ&#038;oh=00_Af4aPOIREErRbVEidfAxlAf-Eb0XeJOlO1YcfHYGpguPaA&#038;oe=69F9C861\"\n\t\t\tdata-img-src-set=\"{&quot;d&quot;:&quot;https:\\\/\\\/scontent-ams2-1.cdninstagram.com\\\/v\\\/t51.82787-15\\\/658848557_18157081096433595_2141687069875834031_n.webp?stp=dst-jpg_e35_tt6&amp;_nc_cat=105&amp;ccb=7-5&amp;_nc_sid=18de74&amp;efg=eyJlZmdfdGFnIjoiRkVFRC5iZXN0X2ltYWdlX3VybGdlbi5DMyJ9&amp;_nc_ohc=vp2Hq8VU4SEQ7kNvwG6fIgv&amp;_nc_oc=AdrKHk0AnrC9qMLFSeVImCzyGRaHnCG-2C-GcsZSlhJTltrd8VQomsNGBSrfjhc8G7qr4TxoM6kQLna6xbwIpXnz&amp;_nc_zt=23&amp;_nc_ht=scontent-ams2-1.cdninstagram.com&amp;edm=ANo9K5cEAAAA&amp;_nc_gid=5zEA7tKgGR-V4__NDqE8Dg&amp;_nc_tpa=Q5bMBQFLO9n9YhIsxlMzuUn43Xz-fX_G2G6IRMJmvdjrKhXKIcS8cMhf49pAmkbtpUcBxO4n3xQw4F0dNQ&amp;oh=00_Af4aPOIREErRbVEidfAxlAf-Eb0XeJOlO1YcfHYGpguPaA&amp;oe=69F9C861&quot;,&quot;150&quot;:&quot;https:\\\/\\\/scontent-ams2-1.cdninstagram.com\\\/v\\\/t51.82787-15\\\/658848557_18157081096433595_2141687069875834031_n.webp?stp=dst-jpg_e35_tt6&amp;_nc_cat=105&amp;ccb=7-5&amp;_nc_sid=18de74&amp;efg=eyJlZmdfdGFnIjoiRkVFRC5iZXN0X2ltYWdlX3VybGdlbi5DMyJ9&amp;_nc_ohc=vp2Hq8VU4SEQ7kNvwG6fIgv&amp;_nc_oc=AdrKHk0AnrC9qMLFSeVImCzyGRaHnCG-2C-GcsZSlhJTltrd8VQomsNGBSrfjhc8G7qr4TxoM6kQLna6xbwIpXnz&amp;_nc_zt=23&amp;_nc_ht=scontent-ams2-1.cdninstagram.com&amp;edm=ANo9K5cEAAAA&amp;_nc_gid=5zEA7tKgGR-V4__NDqE8Dg&amp;_nc_tpa=Q5bMBQFLO9n9YhIsxlMzuUn43Xz-fX_G2G6IRMJmvdjrKhXKIcS8cMhf49pAmkbtpUcBxO4n3xQw4F0dNQ&amp;oh=00_Af4aPOIREErRbVEidfAxlAf-Eb0XeJOlO1YcfHYGpguPaA&amp;oe=69F9C861&quot;,&quot;320&quot;:&quot;https:\\\/\\\/scontent-ams2-1.cdninstagram.com\\\/v\\\/t51.82787-15\\\/658848557_18157081096433595_2141687069875834031_n.webp?stp=dst-jpg_e35_tt6&amp;_nc_cat=105&amp;ccb=7-5&amp;_nc_sid=18de74&amp;efg=eyJlZmdfdGFnIjoiRkVFRC5iZXN0X2ltYWdlX3VybGdlbi5DMyJ9&amp;_nc_ohc=vp2Hq8VU4SEQ7kNvwG6fIgv&amp;_nc_oc=AdrKHk0AnrC9qMLFSeVImCzyGRaHnCG-2C-GcsZSlhJTltrd8VQomsNGBSrfjhc8G7qr4TxoM6kQLna6xbwIpXnz&amp;_nc_zt=23&amp;_nc_ht=scontent-ams2-1.cdninstagram.com&amp;edm=ANo9K5cEAAAA&amp;_nc_gid=5zEA7tKgGR-V4__NDqE8Dg&amp;_nc_tpa=Q5bMBQFLO9n9YhIsxlMzuUn43Xz-fX_G2G6IRMJmvdjrKhXKIcS8cMhf49pAmkbtpUcBxO4n3xQw4F0dNQ&amp;oh=00_Af4aPOIREErRbVEidfAxlAf-Eb0XeJOlO1YcfHYGpguPaA&amp;oe=69F9C861&quot;,&quot;640&quot;:&quot;https:\\\/\\\/scontent-ams2-1.cdninstagram.com\\\/v\\\/t51.82787-15\\\/658848557_18157081096433595_2141687069875834031_n.webp?stp=dst-jpg_e35_tt6&amp;_nc_cat=105&amp;ccb=7-5&amp;_nc_sid=18de74&amp;efg=eyJlZmdfdGFnIjoiRkVFRC5iZXN0X2ltYWdlX3VybGdlbi5DMyJ9&amp;_nc_ohc=vp2Hq8VU4SEQ7kNvwG6fIgv&amp;_nc_oc=AdrKHk0AnrC9qMLFSeVImCzyGRaHnCG-2C-GcsZSlhJTltrd8VQomsNGBSrfjhc8G7qr4TxoM6kQLna6xbwIpXnz&amp;_nc_zt=23&amp;_nc_ht=scontent-ams2-1.cdninstagram.com&amp;edm=ANo9K5cEAAAA&amp;_nc_gid=5zEA7tKgGR-V4__NDqE8Dg&amp;_nc_tpa=Q5bMBQFLO9n9YhIsxlMzuUn43Xz-fX_G2G6IRMJmvdjrKhXKIcS8cMhf49pAmkbtpUcBxO4n3xQw4F0dNQ&amp;oh=00_Af4aPOIREErRbVEidfAxlAf-Eb0XeJOlO1YcfHYGpguPaA&amp;oe=69F9C861&quot;}\">\n\t\t\t<span class=\"sbi-screenreader\">75 Jahre Karlspreis \u2013 und du reist durch Europa!\u00a0\ud83c\uddea<\/span>\n\t\t\t\t\t\t\t\t\t<img decoding=\"async\" src=\"https:\/\/donaubuero.de\/wp-content\/plugins\/instagram-feed\/img\/placeholder.png\" alt=\"75 Jahre Karlspreis \u2013 und du reist durch Europa!\u00a0\ud83c\uddea\ud83c\uddfa\u00a0\n\nZum 75-j\u00e4hrigen Jubil\u00e4um hat der Karlspreis das deutschlandweite Gewinnspiel \u201e75+1\u201c ins Leben gerufen. Ziel ist es, insbesondere junge Menschen f\u00fcr Europa und die Idee des Karlspreises zu begeistern.\u00a0\n\nDas \u201e+1\u201c steht f\u00fcr unsere gemeinsame Vision eines Europas der Begegnung, des Zusammenhalts und der Verst\u00e4ndigung.\u202f\u2764\ufe0f\u00a0\n\nBeantworte 6 oder 12 Fragen rund um den Karlspreis und Europa \u2013 und gewinne mit etwas Gl\u00fcck ein Interrail-Ticket f\u00fcr dich und eine Begleitperson. Entdeckt Europa kostenlos mit dem Zug!\u202f\ud83d\ude86\u2728\u00a0\n\n\ud83d\uddd3\u202fTeilnahme\u00a0bis 30. April 2026\u00a0(ab 18 Jahren)\u00a0\n\ud83d\udd17\u202fJetzt mitmachen:\u202fwww.75plus1.de\u00a0\n\nSeit 1950 wird\u00a0jedes Jahr der Internationale Karlspreis zu Aachen\u00a0an Pers\u00f6nlichkeiten\u00a0und Institutionen\u00a0verliehen, die sich f\u00fcr ein geeintes, demokratisches und friedliches Europa starkmachen.\u00a0\n\n#Europa #Reisen #Karlspreis #EntdeckeEuropa\u00a0#interrail\u00a0\n\n@karlsrpeis_ac\" aria-hidden=\"true\">\n\t\t<\/a>\n\t<\/div>\n<\/div><div class=\"sbi_item sbi_type_image sbi_new sbi_transition\"\n\tid=\"sbi_18389756533087348\" data-date=\"1774600670\">\n\t<div class=\"sbi_photo_wrap\">\n\t\t<a class=\"sbi_photo\" href=\"https:\/\/www.instagram.com\/p\/DWYaZbSjdqE\/\" target=\"_blank\" rel=\"noopener nofollow\"\n\t\t\tdata-full-res=\"https:\/\/scontent-ams2-1.cdninstagram.com\/v\/t51.82787-15\/658222803_18156772834433595_3750098941133141858_n.webp?stp=dst-jpg_e35_tt6&#038;_nc_cat=102&#038;ccb=7-5&#038;_nc_sid=18de74&#038;efg=eyJlZmdfdGFnIjoiRkVFRC5iZXN0X2ltYWdlX3VybGdlbi5DMyJ9&#038;_nc_ohc=cjrGdjJkorMQ7kNvwHMfbsj&#038;_nc_oc=AdrqkhyAm_rfvLllHzNNK2xIQLVvLO-LiTeoFC1mfqXMApCAvp6LtrDJqy0TdWDhcTx9ykA8w_090tHu69HiqqH2&#038;_nc_zt=23&#038;_nc_ht=scontent-ams2-1.cdninstagram.com&#038;edm=ANo9K5cEAAAA&#038;_nc_gid=5zEA7tKgGR-V4__NDqE8Dg&#038;_nc_tpa=Q5bMBQEF8rlITKmvc391GC07i-H0ZP8sBRMKo7VIdRXsHKFCazF_BU1hIrXam3Heddp6h3JSaiKNwCl0CQ&#038;oh=00_Af5WQtxOK0WAZBCI7IXtXiCRK94Rb_3u3Niqr2Ic5yhufA&#038;oe=69F9E7A5\"\n\t\t\tdata-img-src-set=\"{&quot;d&quot;:&quot;https:\\\/\\\/scontent-ams2-1.cdninstagram.com\\\/v\\\/t51.82787-15\\\/658222803_18156772834433595_3750098941133141858_n.webp?stp=dst-jpg_e35_tt6&amp;_nc_cat=102&amp;ccb=7-5&amp;_nc_sid=18de74&amp;efg=eyJlZmdfdGFnIjoiRkVFRC5iZXN0X2ltYWdlX3VybGdlbi5DMyJ9&amp;_nc_ohc=cjrGdjJkorMQ7kNvwHMfbsj&amp;_nc_oc=AdrqkhyAm_rfvLllHzNNK2xIQLVvLO-LiTeoFC1mfqXMApCAvp6LtrDJqy0TdWDhcTx9ykA8w_090tHu69HiqqH2&amp;_nc_zt=23&amp;_nc_ht=scontent-ams2-1.cdninstagram.com&amp;edm=ANo9K5cEAAAA&amp;_nc_gid=5zEA7tKgGR-V4__NDqE8Dg&amp;_nc_tpa=Q5bMBQEF8rlITKmvc391GC07i-H0ZP8sBRMKo7VIdRXsHKFCazF_BU1hIrXam3Heddp6h3JSaiKNwCl0CQ&amp;oh=00_Af5WQtxOK0WAZBCI7IXtXiCRK94Rb_3u3Niqr2Ic5yhufA&amp;oe=69F9E7A5&quot;,&quot;150&quot;:&quot;https:\\\/\\\/scontent-ams2-1.cdninstagram.com\\\/v\\\/t51.82787-15\\\/658222803_18156772834433595_3750098941133141858_n.webp?stp=dst-jpg_e35_tt6&amp;_nc_cat=102&amp;ccb=7-5&amp;_nc_sid=18de74&amp;efg=eyJlZmdfdGFnIjoiRkVFRC5iZXN0X2ltYWdlX3VybGdlbi5DMyJ9&amp;_nc_ohc=cjrGdjJkorMQ7kNvwHMfbsj&amp;_nc_oc=AdrqkhyAm_rfvLllHzNNK2xIQLVvLO-LiTeoFC1mfqXMApCAvp6LtrDJqy0TdWDhcTx9ykA8w_090tHu69HiqqH2&amp;_nc_zt=23&amp;_nc_ht=scontent-ams2-1.cdninstagram.com&amp;edm=ANo9K5cEAAAA&amp;_nc_gid=5zEA7tKgGR-V4__NDqE8Dg&amp;_nc_tpa=Q5bMBQEF8rlITKmvc391GC07i-H0ZP8sBRMKo7VIdRXsHKFCazF_BU1hIrXam3Heddp6h3JSaiKNwCl0CQ&amp;oh=00_Af5WQtxOK0WAZBCI7IXtXiCRK94Rb_3u3Niqr2Ic5yhufA&amp;oe=69F9E7A5&quot;,&quot;320&quot;:&quot;https:\\\/\\\/scontent-ams2-1.cdninstagram.com\\\/v\\\/t51.82787-15\\\/658222803_18156772834433595_3750098941133141858_n.webp?stp=dst-jpg_e35_tt6&amp;_nc_cat=102&amp;ccb=7-5&amp;_nc_sid=18de74&amp;efg=eyJlZmdfdGFnIjoiRkVFRC5iZXN0X2ltYWdlX3VybGdlbi5DMyJ9&amp;_nc_ohc=cjrGdjJkorMQ7kNvwHMfbsj&amp;_nc_oc=AdrqkhyAm_rfvLllHzNNK2xIQLVvLO-LiTeoFC1mfqXMApCAvp6LtrDJqy0TdWDhcTx9ykA8w_090tHu69HiqqH2&amp;_nc_zt=23&amp;_nc_ht=scontent-ams2-1.cdninstagram.com&amp;edm=ANo9K5cEAAAA&amp;_nc_gid=5zEA7tKgGR-V4__NDqE8Dg&amp;_nc_tpa=Q5bMBQEF8rlITKmvc391GC07i-H0ZP8sBRMKo7VIdRXsHKFCazF_BU1hIrXam3Heddp6h3JSaiKNwCl0CQ&amp;oh=00_Af5WQtxOK0WAZBCI7IXtXiCRK94Rb_3u3Niqr2Ic5yhufA&amp;oe=69F9E7A5&quot;,&quot;640&quot;:&quot;https:\\\/\\\/scontent-ams2-1.cdninstagram.com\\\/v\\\/t51.82787-15\\\/658222803_18156772834433595_3750098941133141858_n.webp?stp=dst-jpg_e35_tt6&amp;_nc_cat=102&amp;ccb=7-5&amp;_nc_sid=18de74&amp;efg=eyJlZmdfdGFnIjoiRkVFRC5iZXN0X2ltYWdlX3VybGdlbi5DMyJ9&amp;_nc_ohc=cjrGdjJkorMQ7kNvwHMfbsj&amp;_nc_oc=AdrqkhyAm_rfvLllHzNNK2xIQLVvLO-LiTeoFC1mfqXMApCAvp6LtrDJqy0TdWDhcTx9ykA8w_090tHu69HiqqH2&amp;_nc_zt=23&amp;_nc_ht=scontent-ams2-1.cdninstagram.com&amp;edm=ANo9K5cEAAAA&amp;_nc_gid=5zEA7tKgGR-V4__NDqE8Dg&amp;_nc_tpa=Q5bMBQEF8rlITKmvc391GC07i-H0ZP8sBRMKo7VIdRXsHKFCazF_BU1hIrXam3Heddp6h3JSaiKNwCl0CQ&amp;oh=00_Af5WQtxOK0WAZBCI7IXtXiCRK94Rb_3u3Niqr2Ic5yhufA&amp;oe=69F9E7A5&quot;}\">\n\t\t\t<span class=\"sbi-screenreader\">\ud83c\uddea\ud83c\uddfa\ud83d\udd0d\u00a0Europa zwischen USA, China &amp; Co.: Wer sch\u00fctzt <\/span>\n\t\t\t\t\t\t\t\t\t<img decoding=\"async\" src=\"https:\/\/donaubuero.de\/wp-content\/plugins\/instagram-feed\/img\/placeholder.png\" alt=\"\ud83c\uddea\ud83c\uddfa\ud83d\udd0d\u00a0Europa zwischen USA, China &amp; Co.: Wer sch\u00fctzt uns?\u00a0\nEin Blick auf Krisen, Konflikte und Europas Antworten\u00a0\u00a0\n\nWas passiert gerade in der Welt - und wie reagiert Europa darauf?\u00a0\ud83e\udd14\u00a0\n\nIn unserer Veranstaltung am 19.03.\u00a0Erhielten\u00a0rund 130\u00a0Sch\u00fcler*innen\u00a0der Klassenstufen 10 bis 12\u00a0einen umfassenden Einblick in die aktuellen weltweiten Konflikte und deren Bedeutung f\u00fcr Europa.\u00a0\n\nWir durften Referent\u00a0Oberstleutnant\u00a0i.G.\u00a0Manfred Scholl, Studienreferent f\u00fcr Verteidigungspolitik an der Bundesakademie f\u00fcr Sicherheitspolitik,\u00a0bei uns begr\u00fc\u00dfen.\u00a0Er vermittelte den Sch\u00fcler*innen anschaulich aktuellen Konflikte und Kreisen.\u00a0\u00a0\n\n\ud83c\udf10\u00a0Im Mittelpunkt standen:\u00a0\u00a0\n\u2022 aktuelle globale\u00a0Konflikte\u00a0und\u00a0die\u00a0Folgen f\u00fcr Europa,\u00a0\u00a0\n\u2022 Fragen der deutschen und europ\u00e4ischen\u00a0Sicherheit\u00a0\n\u2022 Entwicklungen in der Sicherheits- und Verteidigungspolitik\u00a0\u00a0\n\u2022 Die transatlantischen Beziehungen zwischen\u00a0Europa\u00a0und den USA\n\nVeranstalter:\u00a0\nEs handelt sich um eine Kooperationsveranstaltung des\u00a0Europe Direct Zentrums im Donaub\u00fcro Ulm\/Neu-Ulm\u00a0und der\u00a0Gesellschaft f\u00fcr Sicherheitspolitik \u2013 Sektion Ulm.\u00a0\n\n#Europa #Sicherheitspolitik #Verteidigung #EU #ReArmEurope\" aria-hidden=\"true\">\n\t\t<\/a>\n\t<\/div>\n<\/div><div class=\"sbi_item sbi_type_image sbi_new sbi_transition\"\n\tid=\"sbi_18097492378997273\" data-date=\"1774338524\">\n\t<div class=\"sbi_photo_wrap\">\n\t\t<a class=\"sbi_photo\" href=\"https:\/\/www.instagram.com\/p\/DWQmXfWlpsA\/\" target=\"_blank\" rel=\"noopener nofollow\"\n\t\t\tdata-full-res=\"https:\/\/scontent-ams2-1.cdninstagram.com\/v\/t51.82787-15\/656846413_18388112962158753_3356053165267905558_n.jpg?stp=dst-jpg_e35_tt6&#038;_nc_cat=103&#038;ccb=7-5&#038;_nc_sid=18de74&#038;efg=eyJlZmdfdGFnIjoiRkVFRC5iZXN0X2ltYWdlX3VybGdlbi5DMyJ9&#038;_nc_ohc=XDV6oGHcEmQQ7kNvwEcs045&#038;_nc_oc=AdpatpHpeO6oBvbEthgO4doUBW2CR2AZe0nhYy1PSihffUo78BizZWeWoHPxRWHrgp4N2PP3dLul3bYAUCQXTox9&#038;_nc_zt=23&#038;_nc_ht=scontent-ams2-1.cdninstagram.com&#038;edm=ANo9K5cEAAAA&#038;_nc_gid=qDzvSRn0Y1bY78B2R6gUGw&#038;_nc_tpa=Q5bMBQH0GuVtxjre2FN0cHRcQmw1iAwCuJ8EBc5XMRnKTCSOV7bNvimsD2fJBm__9Jy9fuoR6W1uU-L2Bg&#038;oh=00_Af6ixGNlenweUMHXO9buKGoogrjYNhYAQaSlWVF9bw0M5A&#038;oe=69F9C767\"\n\t\t\tdata-img-src-set=\"{&quot;d&quot;:&quot;https:\\\/\\\/scontent-ams2-1.cdninstagram.com\\\/v\\\/t51.82787-15\\\/656846413_18388112962158753_3356053165267905558_n.jpg?stp=dst-jpg_e35_tt6&amp;_nc_cat=103&amp;ccb=7-5&amp;_nc_sid=18de74&amp;efg=eyJlZmdfdGFnIjoiRkVFRC5iZXN0X2ltYWdlX3VybGdlbi5DMyJ9&amp;_nc_ohc=XDV6oGHcEmQQ7kNvwEcs045&amp;_nc_oc=AdpatpHpeO6oBvbEthgO4doUBW2CR2AZe0nhYy1PSihffUo78BizZWeWoHPxRWHrgp4N2PP3dLul3bYAUCQXTox9&amp;_nc_zt=23&amp;_nc_ht=scontent-ams2-1.cdninstagram.com&amp;edm=ANo9K5cEAAAA&amp;_nc_gid=qDzvSRn0Y1bY78B2R6gUGw&amp;_nc_tpa=Q5bMBQH0GuVtxjre2FN0cHRcQmw1iAwCuJ8EBc5XMRnKTCSOV7bNvimsD2fJBm__9Jy9fuoR6W1uU-L2Bg&amp;oh=00_Af6ixGNlenweUMHXO9buKGoogrjYNhYAQaSlWVF9bw0M5A&amp;oe=69F9C767&quot;,&quot;150&quot;:&quot;https:\\\/\\\/scontent-ams2-1.cdninstagram.com\\\/v\\\/t51.82787-15\\\/656846413_18388112962158753_3356053165267905558_n.jpg?stp=dst-jpg_e35_tt6&amp;_nc_cat=103&amp;ccb=7-5&amp;_nc_sid=18de74&amp;efg=eyJlZmdfdGFnIjoiRkVFRC5iZXN0X2ltYWdlX3VybGdlbi5DMyJ9&amp;_nc_ohc=XDV6oGHcEmQQ7kNvwEcs045&amp;_nc_oc=AdpatpHpeO6oBvbEthgO4doUBW2CR2AZe0nhYy1PSihffUo78BizZWeWoHPxRWHrgp4N2PP3dLul3bYAUCQXTox9&amp;_nc_zt=23&amp;_nc_ht=scontent-ams2-1.cdninstagram.com&amp;edm=ANo9K5cEAAAA&amp;_nc_gid=qDzvSRn0Y1bY78B2R6gUGw&amp;_nc_tpa=Q5bMBQH0GuVtxjre2FN0cHRcQmw1iAwCuJ8EBc5XMRnKTCSOV7bNvimsD2fJBm__9Jy9fuoR6W1uU-L2Bg&amp;oh=00_Af6ixGNlenweUMHXO9buKGoogrjYNhYAQaSlWVF9bw0M5A&amp;oe=69F9C767&quot;,&quot;320&quot;:&quot;https:\\\/\\\/scontent-ams2-1.cdninstagram.com\\\/v\\\/t51.82787-15\\\/656846413_18388112962158753_3356053165267905558_n.jpg?stp=dst-jpg_e35_tt6&amp;_nc_cat=103&amp;ccb=7-5&amp;_nc_sid=18de74&amp;efg=eyJlZmdfdGFnIjoiRkVFRC5iZXN0X2ltYWdlX3VybGdlbi5DMyJ9&amp;_nc_ohc=XDV6oGHcEmQQ7kNvwEcs045&amp;_nc_oc=AdpatpHpeO6oBvbEthgO4doUBW2CR2AZe0nhYy1PSihffUo78BizZWeWoHPxRWHrgp4N2PP3dLul3bYAUCQXTox9&amp;_nc_zt=23&amp;_nc_ht=scontent-ams2-1.cdninstagram.com&amp;edm=ANo9K5cEAAAA&amp;_nc_gid=qDzvSRn0Y1bY78B2R6gUGw&amp;_nc_tpa=Q5bMBQH0GuVtxjre2FN0cHRcQmw1iAwCuJ8EBc5XMRnKTCSOV7bNvimsD2fJBm__9Jy9fuoR6W1uU-L2Bg&amp;oh=00_Af6ixGNlenweUMHXO9buKGoogrjYNhYAQaSlWVF9bw0M5A&amp;oe=69F9C767&quot;,&quot;640&quot;:&quot;https:\\\/\\\/scontent-ams2-1.cdninstagram.com\\\/v\\\/t51.82787-15\\\/656846413_18388112962158753_3356053165267905558_n.jpg?stp=dst-jpg_e35_tt6&amp;_nc_cat=103&amp;ccb=7-5&amp;_nc_sid=18de74&amp;efg=eyJlZmdfdGFnIjoiRkVFRC5iZXN0X2ltYWdlX3VybGdlbi5DMyJ9&amp;_nc_ohc=XDV6oGHcEmQQ7kNvwEcs045&amp;_nc_oc=AdpatpHpeO6oBvbEthgO4doUBW2CR2AZe0nhYy1PSihffUo78BizZWeWoHPxRWHrgp4N2PP3dLul3bYAUCQXTox9&amp;_nc_zt=23&amp;_nc_ht=scontent-ams2-1.cdninstagram.com&amp;edm=ANo9K5cEAAAA&amp;_nc_gid=qDzvSRn0Y1bY78B2R6gUGw&amp;_nc_tpa=Q5bMBQH0GuVtxjre2FN0cHRcQmw1iAwCuJ8EBc5XMRnKTCSOV7bNvimsD2fJBm__9Jy9fuoR6W1uU-L2Bg&amp;oh=00_Af6ixGNlenweUMHXO9buKGoogrjYNhYAQaSlWVF9bw0M5A&amp;oe=69F9C767&quot;}\">\n\t\t\t<span class=\"sbi-screenreader\">172. Mahnwache in Ulm &amp; Neu-Ulm\n\ud83d\udcc5 Mittwoch, 25.03.<\/span>\n\t\t\t\t\t\t\t\t\t<img decoding=\"async\" src=\"https:\/\/donaubuero.de\/wp-content\/plugins\/instagram-feed\/img\/placeholder.png\" alt=\"172. Mahnwache in Ulm &amp; Neu-Ulm\n\ud83d\udcc5 Mittwoch, 25.03.2026 | \ud83d\udd56 19:00 Uhr\n\ud83d\udccd Obere Hirschstra\u00dfe \/ Ecke M\u00fcnsterplatz und Lautenberg\n\nGemeinsam stehen wir ein f\u00fcr Freiheit, Frieden und Solidarit\u00e4t mit der Ukraine! \u270a\ud83d\udc99\ud83d\udc9b\n\nLasst uns ein starkes Zeichen setzen gegen Krieg und Terror \u2013 und f\u00fcr ein freies Europa! \ud83c\udf0d\ud83d\udd4a\ufe0f\n\nKommt vorbei und zeigt eure Unterst\u00fctzung! \ud83d\ude4c\n\n#Solidarit\u00e4tMitDerUkraine #UlmStehtZusammen #MahnwacheUlm #UkraineSupport #PaneuropaUnion #StopPutin #PeaceForUkraine #StandWithUkraine #FriedenJetzt #UlmNeuUlm\" aria-hidden=\"true\">\n\t\t<\/a>\n\t<\/div>\n<\/div><div class=\"sbi_item sbi_type_image sbi_new sbi_transition\"\n\tid=\"sbi_17963984957898976\" data-date=\"1773736249\">\n\t<div class=\"sbi_photo_wrap\">\n\t\t<a class=\"sbi_photo\" href=\"https:\/\/www.instagram.com\/p\/DV-pnaOlTgr\/\" target=\"_blank\" rel=\"noopener nofollow\"\n\t\t\tdata-full-res=\"https:\/\/scontent-ams2-1.cdninstagram.com\/v\/t51.82787-15\/651120105_18386668063158753_627404539380686814_n.jpg?stp=dst-jpg_e35_tt6&#038;_nc_cat=107&#038;ccb=7-5&#038;_nc_sid=18de74&#038;efg=eyJlZmdfdGFnIjoiRkVFRC5iZXN0X2ltYWdlX3VybGdlbi5DMyJ9&#038;_nc_ohc=a0dLTTR1-54Q7kNvwE9YjEz&#038;_nc_oc=AdpEV7EZoRAddwDu90dgCxbc14iY0rIG90lTmzP1ypGnfzWZ4Q_k-XUp81tfviQaGyWxpbWcgKJ1eq707wdhmYRV&#038;_nc_zt=23&#038;_nc_ht=scontent-ams2-1.cdninstagram.com&#038;edm=ANo9K5cEAAAA&#038;_nc_gid=qDzvSRn0Y1bY78B2R6gUGw&#038;_nc_tpa=Q5bMBQFJNFasT4kkSTS6MakhM_oQvNLitsM7IRDsTPF3W65_WT8swuN1Ll14DFAdLelGQ1YHFCfmDtJOOw&#038;oh=00_Af6-oxIJM6BOLTyEVbvv2tcPHK6Zc4z4_Lg1jUNJ1Oi34g&#038;oe=69F9BA79\"\n\t\t\tdata-img-src-set=\"{&quot;d&quot;:&quot;https:\\\/\\\/scontent-ams2-1.cdninstagram.com\\\/v\\\/t51.82787-15\\\/651120105_18386668063158753_627404539380686814_n.jpg?stp=dst-jpg_e35_tt6&amp;_nc_cat=107&amp;ccb=7-5&amp;_nc_sid=18de74&amp;efg=eyJlZmdfdGFnIjoiRkVFRC5iZXN0X2ltYWdlX3VybGdlbi5DMyJ9&amp;_nc_ohc=a0dLTTR1-54Q7kNvwE9YjEz&amp;_nc_oc=AdpEV7EZoRAddwDu90dgCxbc14iY0rIG90lTmzP1ypGnfzWZ4Q_k-XUp81tfviQaGyWxpbWcgKJ1eq707wdhmYRV&amp;_nc_zt=23&amp;_nc_ht=scontent-ams2-1.cdninstagram.com&amp;edm=ANo9K5cEAAAA&amp;_nc_gid=qDzvSRn0Y1bY78B2R6gUGw&amp;_nc_tpa=Q5bMBQFJNFasT4kkSTS6MakhM_oQvNLitsM7IRDsTPF3W65_WT8swuN1Ll14DFAdLelGQ1YHFCfmDtJOOw&amp;oh=00_Af6-oxIJM6BOLTyEVbvv2tcPHK6Zc4z4_Lg1jUNJ1Oi34g&amp;oe=69F9BA79&quot;,&quot;150&quot;:&quot;https:\\\/\\\/scontent-ams2-1.cdninstagram.com\\\/v\\\/t51.82787-15\\\/651120105_18386668063158753_627404539380686814_n.jpg?stp=dst-jpg_e35_tt6&amp;_nc_cat=107&amp;ccb=7-5&amp;_nc_sid=18de74&amp;efg=eyJlZmdfdGFnIjoiRkVFRC5iZXN0X2ltYWdlX3VybGdlbi5DMyJ9&amp;_nc_ohc=a0dLTTR1-54Q7kNvwE9YjEz&amp;_nc_oc=AdpEV7EZoRAddwDu90dgCxbc14iY0rIG90lTmzP1ypGnfzWZ4Q_k-XUp81tfviQaGyWxpbWcgKJ1eq707wdhmYRV&amp;_nc_zt=23&amp;_nc_ht=scontent-ams2-1.cdninstagram.com&amp;edm=ANo9K5cEAAAA&amp;_nc_gid=qDzvSRn0Y1bY78B2R6gUGw&amp;_nc_tpa=Q5bMBQFJNFasT4kkSTS6MakhM_oQvNLitsM7IRDsTPF3W65_WT8swuN1Ll14DFAdLelGQ1YHFCfmDtJOOw&amp;oh=00_Af6-oxIJM6BOLTyEVbvv2tcPHK6Zc4z4_Lg1jUNJ1Oi34g&amp;oe=69F9BA79&quot;,&quot;320&quot;:&quot;https:\\\/\\\/scontent-ams2-1.cdninstagram.com\\\/v\\\/t51.82787-15\\\/651120105_18386668063158753_627404539380686814_n.jpg?stp=dst-jpg_e35_tt6&amp;_nc_cat=107&amp;ccb=7-5&amp;_nc_sid=18de74&amp;efg=eyJlZmdfdGFnIjoiRkVFRC5iZXN0X2ltYWdlX3VybGdlbi5DMyJ9&amp;_nc_ohc=a0dLTTR1-54Q7kNvwE9YjEz&amp;_nc_oc=AdpEV7EZoRAddwDu90dgCxbc14iY0rIG90lTmzP1ypGnfzWZ4Q_k-XUp81tfviQaGyWxpbWcgKJ1eq707wdhmYRV&amp;_nc_zt=23&amp;_nc_ht=scontent-ams2-1.cdninstagram.com&amp;edm=ANo9K5cEAAAA&amp;_nc_gid=qDzvSRn0Y1bY78B2R6gUGw&amp;_nc_tpa=Q5bMBQFJNFasT4kkSTS6MakhM_oQvNLitsM7IRDsTPF3W65_WT8swuN1Ll14DFAdLelGQ1YHFCfmDtJOOw&amp;oh=00_Af6-oxIJM6BOLTyEVbvv2tcPHK6Zc4z4_Lg1jUNJ1Oi34g&amp;oe=69F9BA79&quot;,&quot;640&quot;:&quot;https:\\\/\\\/scontent-ams2-1.cdninstagram.com\\\/v\\\/t51.82787-15\\\/651120105_18386668063158753_627404539380686814_n.jpg?stp=dst-jpg_e35_tt6&amp;_nc_cat=107&amp;ccb=7-5&amp;_nc_sid=18de74&amp;efg=eyJlZmdfdGFnIjoiRkVFRC5iZXN0X2ltYWdlX3VybGdlbi5DMyJ9&amp;_nc_ohc=a0dLTTR1-54Q7kNvwE9YjEz&amp;_nc_oc=AdpEV7EZoRAddwDu90dgCxbc14iY0rIG90lTmzP1ypGnfzWZ4Q_k-XUp81tfviQaGyWxpbWcgKJ1eq707wdhmYRV&amp;_nc_zt=23&amp;_nc_ht=scontent-ams2-1.cdninstagram.com&amp;edm=ANo9K5cEAAAA&amp;_nc_gid=qDzvSRn0Y1bY78B2R6gUGw&amp;_nc_tpa=Q5bMBQFJNFasT4kkSTS6MakhM_oQvNLitsM7IRDsTPF3W65_WT8swuN1Ll14DFAdLelGQ1YHFCfmDtJOOw&amp;oh=00_Af6-oxIJM6BOLTyEVbvv2tcPHK6Zc4z4_Lg1jUNJ1Oi34g&amp;oe=69F9BA79&quot;}\">\n\t\t\t<span class=\"sbi-screenreader\">171. Mahnwache in Ulm &amp; Neu-Ulm\n\ud83d\udcc5 Mittwoch, 18.03.<\/span>\n\t\t\t\t\t\t\t\t\t<img decoding=\"async\" src=\"https:\/\/donaubuero.de\/wp-content\/plugins\/instagram-feed\/img\/placeholder.png\" alt=\"171. Mahnwache in Ulm &amp; Neu-Ulm\n\ud83d\udcc5 Mittwoch, 18.03.2026 | \ud83d\udd56 19:00 Uhr\n\ud83d\udccd Obere Hirschstra\u00dfe \/ Ecke M\u00fcnsterplatz und Lautenberg\n\nGemeinsam stehen wir ein f\u00fcr Freiheit, Frieden und Solidarit\u00e4t mit der Ukraine! \u270a\ud83d\udc99\ud83d\udc9b\n\nLasst uns ein starkes Zeichen setzen gegen Krieg und Terror \u2013 und f\u00fcr ein freies Europa! \ud83c\udf0d\ud83d\udd4a\ufe0f\n\nKommt vorbei und zeigt eure Unterst\u00fctzung! \ud83d\ude4c\n\n#Solidarit\u00e4tMitDerUkraine #UlmStehtZusammen #MahnwacheUlm #UkraineSupport #PaneuropaUnion #StopPutin #PeaceForUkraine #StandWithUkraine #FriedenJetzt #UlmNeuUlm\" aria-hidden=\"true\">\n\t\t<\/a>\n\t<\/div>\n<\/div><div class=\"sbi_item sbi_type_carousel sbi_new sbi_transition\"\n\tid=\"sbi_18089758475331634\" data-date=\"1773672076\">\n\t<div class=\"sbi_photo_wrap\">\n\t\t<a class=\"sbi_photo\" href=\"https:\/\/www.instagram.com\/p\/DV8vOJ6iTgh\/\" target=\"_blank\" rel=\"noopener nofollow\"\n\t\t\tdata-full-res=\"https:\/\/scontent-ams2-1.cdninstagram.com\/v\/t51.82787-15\/652142926_18386579695158753_8592615844270902187_n.jpg?stp=dst-jpg_e35_tt6&#038;_nc_cat=109&#038;ccb=7-5&#038;_nc_sid=18de74&#038;efg=eyJlZmdfdGFnIjoiQ0FST1VTRUxfSVRFTS5iZXN0X2ltYWdlX3VybGdlbi5DMyJ9&#038;_nc_ohc=fgO3CIeNYlgQ7kNvwHgHMLl&#038;_nc_oc=AdrxpLvbbF6tAvYEirjCDvkGSQ-kcGu3a5VlBsRQtSf1qCT6yW-89XVWfsvUMJ-kRxK-Tan4NH3eFzI-_ZO42eUj&#038;_nc_zt=23&#038;_nc_ht=scontent-ams2-1.cdninstagram.com&#038;edm=ANo9K5cEAAAA&#038;_nc_gid=qDzvSRn0Y1bY78B2R6gUGw&#038;_nc_tpa=Q5bMBQHTO1-7DjEe4GN0Jej0mREghmrnJFLpMBo1gUlD0lU729H5SsPz7SDrAY53_5p9-aWbyL5pm6utcQ&#038;oh=00_Af6LUOWfimE6ckzlwvm9y6vjTYYrQ-ShOX4rbtV5h-jvLA&#038;oe=69F9D392\"\n\t\t\tdata-img-src-set=\"{&quot;d&quot;:&quot;https:\\\/\\\/scontent-ams2-1.cdninstagram.com\\\/v\\\/t51.82787-15\\\/652142926_18386579695158753_8592615844270902187_n.jpg?stp=dst-jpg_e35_tt6&amp;_nc_cat=109&amp;ccb=7-5&amp;_nc_sid=18de74&amp;efg=eyJlZmdfdGFnIjoiQ0FST1VTRUxfSVRFTS5iZXN0X2ltYWdlX3VybGdlbi5DMyJ9&amp;_nc_ohc=fgO3CIeNYlgQ7kNvwHgHMLl&amp;_nc_oc=AdrxpLvbbF6tAvYEirjCDvkGSQ-kcGu3a5VlBsRQtSf1qCT6yW-89XVWfsvUMJ-kRxK-Tan4NH3eFzI-_ZO42eUj&amp;_nc_zt=23&amp;_nc_ht=scontent-ams2-1.cdninstagram.com&amp;edm=ANo9K5cEAAAA&amp;_nc_gid=qDzvSRn0Y1bY78B2R6gUGw&amp;_nc_tpa=Q5bMBQHTO1-7DjEe4GN0Jej0mREghmrnJFLpMBo1gUlD0lU729H5SsPz7SDrAY53_5p9-aWbyL5pm6utcQ&amp;oh=00_Af6LUOWfimE6ckzlwvm9y6vjTYYrQ-ShOX4rbtV5h-jvLA&amp;oe=69F9D392&quot;,&quot;150&quot;:&quot;https:\\\/\\\/scontent-ams2-1.cdninstagram.com\\\/v\\\/t51.82787-15\\\/652142926_18386579695158753_8592615844270902187_n.jpg?stp=dst-jpg_e35_tt6&amp;_nc_cat=109&amp;ccb=7-5&amp;_nc_sid=18de74&amp;efg=eyJlZmdfdGFnIjoiQ0FST1VTRUxfSVRFTS5iZXN0X2ltYWdlX3VybGdlbi5DMyJ9&amp;_nc_ohc=fgO3CIeNYlgQ7kNvwHgHMLl&amp;_nc_oc=AdrxpLvbbF6tAvYEirjCDvkGSQ-kcGu3a5VlBsRQtSf1qCT6yW-89XVWfsvUMJ-kRxK-Tan4NH3eFzI-_ZO42eUj&amp;_nc_zt=23&amp;_nc_ht=scontent-ams2-1.cdninstagram.com&amp;edm=ANo9K5cEAAAA&amp;_nc_gid=qDzvSRn0Y1bY78B2R6gUGw&amp;_nc_tpa=Q5bMBQHTO1-7DjEe4GN0Jej0mREghmrnJFLpMBo1gUlD0lU729H5SsPz7SDrAY53_5p9-aWbyL5pm6utcQ&amp;oh=00_Af6LUOWfimE6ckzlwvm9y6vjTYYrQ-ShOX4rbtV5h-jvLA&amp;oe=69F9D392&quot;,&quot;320&quot;:&quot;https:\\\/\\\/scontent-ams2-1.cdninstagram.com\\\/v\\\/t51.82787-15\\\/652142926_18386579695158753_8592615844270902187_n.jpg?stp=dst-jpg_e35_tt6&amp;_nc_cat=109&amp;ccb=7-5&amp;_nc_sid=18de74&amp;efg=eyJlZmdfdGFnIjoiQ0FST1VTRUxfSVRFTS5iZXN0X2ltYWdlX3VybGdlbi5DMyJ9&amp;_nc_ohc=fgO3CIeNYlgQ7kNvwHgHMLl&amp;_nc_oc=AdrxpLvbbF6tAvYEirjCDvkGSQ-kcGu3a5VlBsRQtSf1qCT6yW-89XVWfsvUMJ-kRxK-Tan4NH3eFzI-_ZO42eUj&amp;_nc_zt=23&amp;_nc_ht=scontent-ams2-1.cdninstagram.com&amp;edm=ANo9K5cEAAAA&amp;_nc_gid=qDzvSRn0Y1bY78B2R6gUGw&amp;_nc_tpa=Q5bMBQHTO1-7DjEe4GN0Jej0mREghmrnJFLpMBo1gUlD0lU729H5SsPz7SDrAY53_5p9-aWbyL5pm6utcQ&amp;oh=00_Af6LUOWfimE6ckzlwvm9y6vjTYYrQ-ShOX4rbtV5h-jvLA&amp;oe=69F9D392&quot;,&quot;640&quot;:&quot;https:\\\/\\\/scontent-ams2-1.cdninstagram.com\\\/v\\\/t51.82787-15\\\/652142926_18386579695158753_8592615844270902187_n.jpg?stp=dst-jpg_e35_tt6&amp;_nc_cat=109&amp;ccb=7-5&amp;_nc_sid=18de74&amp;efg=eyJlZmdfdGFnIjoiQ0FST1VTRUxfSVRFTS5iZXN0X2ltYWdlX3VybGdlbi5DMyJ9&amp;_nc_ohc=fgO3CIeNYlgQ7kNvwHgHMLl&amp;_nc_oc=AdrxpLvbbF6tAvYEirjCDvkGSQ-kcGu3a5VlBsRQtSf1qCT6yW-89XVWfsvUMJ-kRxK-Tan4NH3eFzI-_ZO42eUj&amp;_nc_zt=23&amp;_nc_ht=scontent-ams2-1.cdninstagram.com&amp;edm=ANo9K5cEAAAA&amp;_nc_gid=qDzvSRn0Y1bY78B2R6gUGw&amp;_nc_tpa=Q5bMBQHTO1-7DjEe4GN0Jej0mREghmrnJFLpMBo1gUlD0lU729H5SsPz7SDrAY53_5p9-aWbyL5pm6utcQ&amp;oh=00_Af6LUOWfimE6ckzlwvm9y6vjTYYrQ-ShOX4rbtV5h-jvLA&amp;oe=69F9D392&quot;}\">\n\t\t\t<span class=\"sbi-screenreader\">Wir sind aktuell noch auf der Suche nach Helferinn<\/span>\n\t\t\t<svg class=\"svg-inline--fa fa-clone fa-w-16 sbi_lightbox_carousel_icon\" aria-hidden=\"true\" aria-label=\"Clone\" data-fa-pro\u0192cessed=\"\" data-prefix=\"far\" data-icon=\"clone\" role=\"img\" xmlns=\"http:\/\/www.w3.org\/2000\/svg\" viewBox=\"0 0 512 512\">\n                    <path fill=\"currentColor\" d=\"M464 0H144c-26.51 0-48 21.49-48 48v48H48c-26.51 0-48 21.49-48 48v320c0 26.51 21.49 48 48 48h320c26.51 0 48-21.49 48-48v-48h48c26.51 0 48-21.49 48-48V48c0-26.51-21.49-48-48-48zM362 464H54a6 6 0 0 1-6-6V150a6 6 0 0 1 6-6h42v224c0 26.51 21.49 48 48 48h224v42a6 6 0 0 1-6 6zm96-96H150a6 6 0 0 1-6-6V54a6 6 0 0 1 6-6h308a6 6 0 0 1 6 6v308a6 6 0 0 1-6 6z\"><\/path>\n                <\/svg>\t\t\t\t\t\t<img decoding=\"async\" src=\"https:\/\/donaubuero.de\/wp-content\/plugins\/instagram-feed\/img\/placeholder.png\" alt=\"Wir sind aktuell noch auf der Suche nach Helferinnen und Helfern f\u00fcr den Auf- und Abbau der Fahnen. Der Zeitraum des Einsatzes bel\u00e4uft sich auf die Wochen direkt vor und nach dem Donaufest 2026. \nBitte meldet euch unter: info@donaubuero.de \ud83d\udcaa\ud83c\udf8f\ud83d\udea9\" aria-hidden=\"true\">\n\t\t<\/a>\n\t<\/div>\n<\/div><div class=\"sbi_item sbi_type_image sbi_new sbi_transition\"\n\tid=\"sbi_18571826995029083\" data-date=\"1773132411\">\n\t<div class=\"sbi_photo_wrap\">\n\t\t<a class=\"sbi_photo\" href=\"https:\/\/www.instagram.com\/p\/DVsp5LblbwT\/\" target=\"_blank\" rel=\"noopener nofollow\"\n\t\t\tdata-full-res=\"https:\/\/scontent-ams2-1.cdninstagram.com\/v\/t51.82787-15\/649495198_18385722850158753_1369618821527819461_n.jpg?stp=dst-jpg_e35_tt6&#038;_nc_cat=103&#038;ccb=7-5&#038;_nc_sid=18de74&#038;efg=eyJlZmdfdGFnIjoiRkVFRC5iZXN0X2ltYWdlX3VybGdlbi5DMyJ9&#038;_nc_ohc=tPCuSWakBYIQ7kNvwHj_uD3&#038;_nc_oc=Adq5f8OHJgX3DqS1gP3L6AZMO1To7FDwBmhSgihn8wr7FU6HrIAdBjuO-imvLl3Z_xLUBLS7WhDFIgL7t_AigND0&#038;_nc_zt=23&#038;_nc_ht=scontent-ams2-1.cdninstagram.com&#038;edm=ANo9K5cEAAAA&#038;_nc_gid=qDzvSRn0Y1bY78B2R6gUGw&#038;_nc_tpa=Q5bMBQHl9pIO6fZhuIocTlBAROBkOn9CugXHfHPfNEZDEe05fclsgnqevpbdS__ZOpq_aZllCwxQheVBTg&#038;oh=00_Af75lS-tRKD3my4oydkMkncV626ppbTvO3pt5wXwMqEy0A&#038;oe=69F9B9C4\"\n\t\t\tdata-img-src-set=\"{&quot;d&quot;:&quot;https:\\\/\\\/scontent-ams2-1.cdninstagram.com\\\/v\\\/t51.82787-15\\\/649495198_18385722850158753_1369618821527819461_n.jpg?stp=dst-jpg_e35_tt6&amp;_nc_cat=103&amp;ccb=7-5&amp;_nc_sid=18de74&amp;efg=eyJlZmdfdGFnIjoiRkVFRC5iZXN0X2ltYWdlX3VybGdlbi5DMyJ9&amp;_nc_ohc=tPCuSWakBYIQ7kNvwHj_uD3&amp;_nc_oc=Adq5f8OHJgX3DqS1gP3L6AZMO1To7FDwBmhSgihn8wr7FU6HrIAdBjuO-imvLl3Z_xLUBLS7WhDFIgL7t_AigND0&amp;_nc_zt=23&amp;_nc_ht=scontent-ams2-1.cdninstagram.com&amp;edm=ANo9K5cEAAAA&amp;_nc_gid=qDzvSRn0Y1bY78B2R6gUGw&amp;_nc_tpa=Q5bMBQHl9pIO6fZhuIocTlBAROBkOn9CugXHfHPfNEZDEe05fclsgnqevpbdS__ZOpq_aZllCwxQheVBTg&amp;oh=00_Af75lS-tRKD3my4oydkMkncV626ppbTvO3pt5wXwMqEy0A&amp;oe=69F9B9C4&quot;,&quot;150&quot;:&quot;https:\\\/\\\/scontent-ams2-1.cdninstagram.com\\\/v\\\/t51.82787-15\\\/649495198_18385722850158753_1369618821527819461_n.jpg?stp=dst-jpg_e35_tt6&amp;_nc_cat=103&amp;ccb=7-5&amp;_nc_sid=18de74&amp;efg=eyJlZmdfdGFnIjoiRkVFRC5iZXN0X2ltYWdlX3VybGdlbi5DMyJ9&amp;_nc_ohc=tPCuSWakBYIQ7kNvwHj_uD3&amp;_nc_oc=Adq5f8OHJgX3DqS1gP3L6AZMO1To7FDwBmhSgihn8wr7FU6HrIAdBjuO-imvLl3Z_xLUBLS7WhDFIgL7t_AigND0&amp;_nc_zt=23&amp;_nc_ht=scontent-ams2-1.cdninstagram.com&amp;edm=ANo9K5cEAAAA&amp;_nc_gid=qDzvSRn0Y1bY78B2R6gUGw&amp;_nc_tpa=Q5bMBQHl9pIO6fZhuIocTlBAROBkOn9CugXHfHPfNEZDEe05fclsgnqevpbdS__ZOpq_aZllCwxQheVBTg&amp;oh=00_Af75lS-tRKD3my4oydkMkncV626ppbTvO3pt5wXwMqEy0A&amp;oe=69F9B9C4&quot;,&quot;320&quot;:&quot;https:\\\/\\\/scontent-ams2-1.cdninstagram.com\\\/v\\\/t51.82787-15\\\/649495198_18385722850158753_1369618821527819461_n.jpg?stp=dst-jpg_e35_tt6&amp;_nc_cat=103&amp;ccb=7-5&amp;_nc_sid=18de74&amp;efg=eyJlZmdfdGFnIjoiRkVFRC5iZXN0X2ltYWdlX3VybGdlbi5DMyJ9&amp;_nc_ohc=tPCuSWakBYIQ7kNvwHj_uD3&amp;_nc_oc=Adq5f8OHJgX3DqS1gP3L6AZMO1To7FDwBmhSgihn8wr7FU6HrIAdBjuO-imvLl3Z_xLUBLS7WhDFIgL7t_AigND0&amp;_nc_zt=23&amp;_nc_ht=scontent-ams2-1.cdninstagram.com&amp;edm=ANo9K5cEAAAA&amp;_nc_gid=qDzvSRn0Y1bY78B2R6gUGw&amp;_nc_tpa=Q5bMBQHl9pIO6fZhuIocTlBAROBkOn9CugXHfHPfNEZDEe05fclsgnqevpbdS__ZOpq_aZllCwxQheVBTg&amp;oh=00_Af75lS-tRKD3my4oydkMkncV626ppbTvO3pt5wXwMqEy0A&amp;oe=69F9B9C4&quot;,&quot;640&quot;:&quot;https:\\\/\\\/scontent-ams2-1.cdninstagram.com\\\/v\\\/t51.82787-15\\\/649495198_18385722850158753_1369618821527819461_n.jpg?stp=dst-jpg_e35_tt6&amp;_nc_cat=103&amp;ccb=7-5&amp;_nc_sid=18de74&amp;efg=eyJlZmdfdGFnIjoiRkVFRC5iZXN0X2ltYWdlX3VybGdlbi5DMyJ9&amp;_nc_ohc=tPCuSWakBYIQ7kNvwHj_uD3&amp;_nc_oc=Adq5f8OHJgX3DqS1gP3L6AZMO1To7FDwBmhSgihn8wr7FU6HrIAdBjuO-imvLl3Z_xLUBLS7WhDFIgL7t_AigND0&amp;_nc_zt=23&amp;_nc_ht=scontent-ams2-1.cdninstagram.com&amp;edm=ANo9K5cEAAAA&amp;_nc_gid=qDzvSRn0Y1bY78B2R6gUGw&amp;_nc_tpa=Q5bMBQHl9pIO6fZhuIocTlBAROBkOn9CugXHfHPfNEZDEe05fclsgnqevpbdS__ZOpq_aZllCwxQheVBTg&amp;oh=00_Af75lS-tRKD3my4oydkMkncV626ppbTvO3pt5wXwMqEy0A&amp;oe=69F9B9C4&quot;}\">\n\t\t\t<span class=\"sbi-screenreader\">170. Mahnwache in Ulm &amp; Neu-Ulm\n\ud83d\udcc5 Mittwoch, 11.03.<\/span>\n\t\t\t\t\t\t\t\t\t<img decoding=\"async\" src=\"https:\/\/donaubuero.de\/wp-content\/plugins\/instagram-feed\/img\/placeholder.png\" alt=\"170. Mahnwache in Ulm &amp; Neu-Ulm\n\ud83d\udcc5 Mittwoch, 11.03.2026 | \ud83d\udd56 19:00 Uhr\n\ud83d\udccd Obere Hirschstra\u00dfe \/ Ecke M\u00fcnsterplatz und Lautenberg\n\nGemeinsam stehen wir ein f\u00fcr Freiheit, Frieden und Solidarit\u00e4t mit der Ukraine! \u270a\ud83d\udc99\ud83d\udc9b\n\nLasst uns ein starkes Zeichen setzen gegen Krieg und Terror \u2013 und f\u00fcr ein freies Europa! \ud83c\udf0d\ud83d\udd4a\ufe0f\n\nKommt vorbei und zeigt eure Unterst\u00fctzung! \ud83d\ude4c\n\n#Solidarit\u00e4tMitDerUkraine #UlmStehtZusammen #MahnwacheUlm #UkraineSupport #PaneuropaUnion #StopPutin #PeaceForUkraine #StandWithUkraine #FriedenJetzt #UlmNeuUlm\" aria-hidden=\"true\">\n\t\t<\/a>\n\t<\/div>\n<\/div><div class=\"sbi_item sbi_type_carousel sbi_new sbi_transition\"\n\tid=\"sbi_18082750262260308\" data-date=\"1773131757\">\n\t<div class=\"sbi_photo_wrap\">\n\t\t<a class=\"sbi_photo\" href=\"https:\/\/www.instagram.com\/p\/DVsoq9BDREA\/\" target=\"_blank\" rel=\"noopener nofollow\"\n\t\t\tdata-full-res=\"https:\/\/scontent-ams2-1.cdninstagram.com\/v\/t51.82787-15\/649219705_18385722343158753_5792316764134868366_n.jpg?stp=dst-jpg_e35_tt6&#038;_nc_cat=110&#038;ccb=7-5&#038;_nc_sid=18de74&#038;efg=eyJlZmdfdGFnIjoiQ0FST1VTRUxfSVRFTS5iZXN0X2ltYWdlX3VybGdlbi5DMyJ9&#038;_nc_ohc=8cUYL1DvyEMQ7kNvwHZRy-b&#038;_nc_oc=AdriUSzE4944Lo518FSfeY17kzwPOQBxVb5_nCxx5-a2fsJOVzc2cPzCXeJPmZHrYSCQDiEr9-BxK8AwCYPAuB5o&#038;_nc_zt=23&#038;_nc_ht=scontent-ams2-1.cdninstagram.com&#038;edm=ANo9K5cEAAAA&#038;_nc_gid=qDzvSRn0Y1bY78B2R6gUGw&#038;_nc_tpa=Q5bMBQH63bsi4AWmLYE5UK7EGkTl9aePIAtLg2r_3aa6qsSzmwBAOT3n-igSnmQeRtYoewb09CRljzP4UA&#038;oh=00_Af7De0vv6r26tsyCW4lGudVCgJsm1RanK-Vjico8AbYq6A&#038;oe=69F9B497\"\n\t\t\tdata-img-src-set=\"{&quot;d&quot;:&quot;https:\\\/\\\/scontent-ams2-1.cdninstagram.com\\\/v\\\/t51.82787-15\\\/649219705_18385722343158753_5792316764134868366_n.jpg?stp=dst-jpg_e35_tt6&amp;_nc_cat=110&amp;ccb=7-5&amp;_nc_sid=18de74&amp;efg=eyJlZmdfdGFnIjoiQ0FST1VTRUxfSVRFTS5iZXN0X2ltYWdlX3VybGdlbi5DMyJ9&amp;_nc_ohc=8cUYL1DvyEMQ7kNvwHZRy-b&amp;_nc_oc=AdriUSzE4944Lo518FSfeY17kzwPOQBxVb5_nCxx5-a2fsJOVzc2cPzCXeJPmZHrYSCQDiEr9-BxK8AwCYPAuB5o&amp;_nc_zt=23&amp;_nc_ht=scontent-ams2-1.cdninstagram.com&amp;edm=ANo9K5cEAAAA&amp;_nc_gid=qDzvSRn0Y1bY78B2R6gUGw&amp;_nc_tpa=Q5bMBQH63bsi4AWmLYE5UK7EGkTl9aePIAtLg2r_3aa6qsSzmwBAOT3n-igSnmQeRtYoewb09CRljzP4UA&amp;oh=00_Af7De0vv6r26tsyCW4lGudVCgJsm1RanK-Vjico8AbYq6A&amp;oe=69F9B497&quot;,&quot;150&quot;:&quot;https:\\\/\\\/scontent-ams2-1.cdninstagram.com\\\/v\\\/t51.82787-15\\\/649219705_18385722343158753_5792316764134868366_n.jpg?stp=dst-jpg_e35_tt6&amp;_nc_cat=110&amp;ccb=7-5&amp;_nc_sid=18de74&amp;efg=eyJlZmdfdGFnIjoiQ0FST1VTRUxfSVRFTS5iZXN0X2ltYWdlX3VybGdlbi5DMyJ9&amp;_nc_ohc=8cUYL1DvyEMQ7kNvwHZRy-b&amp;_nc_oc=AdriUSzE4944Lo518FSfeY17kzwPOQBxVb5_nCxx5-a2fsJOVzc2cPzCXeJPmZHrYSCQDiEr9-BxK8AwCYPAuB5o&amp;_nc_zt=23&amp;_nc_ht=scontent-ams2-1.cdninstagram.com&amp;edm=ANo9K5cEAAAA&amp;_nc_gid=qDzvSRn0Y1bY78B2R6gUGw&amp;_nc_tpa=Q5bMBQH63bsi4AWmLYE5UK7EGkTl9aePIAtLg2r_3aa6qsSzmwBAOT3n-igSnmQeRtYoewb09CRljzP4UA&amp;oh=00_Af7De0vv6r26tsyCW4lGudVCgJsm1RanK-Vjico8AbYq6A&amp;oe=69F9B497&quot;,&quot;320&quot;:&quot;https:\\\/\\\/scontent-ams2-1.cdninstagram.com\\\/v\\\/t51.82787-15\\\/649219705_18385722343158753_5792316764134868366_n.jpg?stp=dst-jpg_e35_tt6&amp;_nc_cat=110&amp;ccb=7-5&amp;_nc_sid=18de74&amp;efg=eyJlZmdfdGFnIjoiQ0FST1VTRUxfSVRFTS5iZXN0X2ltYWdlX3VybGdlbi5DMyJ9&amp;_nc_ohc=8cUYL1DvyEMQ7kNvwHZRy-b&amp;_nc_oc=AdriUSzE4944Lo518FSfeY17kzwPOQBxVb5_nCxx5-a2fsJOVzc2cPzCXeJPmZHrYSCQDiEr9-BxK8AwCYPAuB5o&amp;_nc_zt=23&amp;_nc_ht=scontent-ams2-1.cdninstagram.com&amp;edm=ANo9K5cEAAAA&amp;_nc_gid=qDzvSRn0Y1bY78B2R6gUGw&amp;_nc_tpa=Q5bMBQH63bsi4AWmLYE5UK7EGkTl9aePIAtLg2r_3aa6qsSzmwBAOT3n-igSnmQeRtYoewb09CRljzP4UA&amp;oh=00_Af7De0vv6r26tsyCW4lGudVCgJsm1RanK-Vjico8AbYq6A&amp;oe=69F9B497&quot;,&quot;640&quot;:&quot;https:\\\/\\\/scontent-ams2-1.cdninstagram.com\\\/v\\\/t51.82787-15\\\/649219705_18385722343158753_5792316764134868366_n.jpg?stp=dst-jpg_e35_tt6&amp;_nc_cat=110&amp;ccb=7-5&amp;_nc_sid=18de74&amp;efg=eyJlZmdfdGFnIjoiQ0FST1VTRUxfSVRFTS5iZXN0X2ltYWdlX3VybGdlbi5DMyJ9&amp;_nc_ohc=8cUYL1DvyEMQ7kNvwHZRy-b&amp;_nc_oc=AdriUSzE4944Lo518FSfeY17kzwPOQBxVb5_nCxx5-a2fsJOVzc2cPzCXeJPmZHrYSCQDiEr9-BxK8AwCYPAuB5o&amp;_nc_zt=23&amp;_nc_ht=scontent-ams2-1.cdninstagram.com&amp;edm=ANo9K5cEAAAA&amp;_nc_gid=qDzvSRn0Y1bY78B2R6gUGw&amp;_nc_tpa=Q5bMBQH63bsi4AWmLYE5UK7EGkTl9aePIAtLg2r_3aa6qsSzmwBAOT3n-igSnmQeRtYoewb09CRljzP4UA&amp;oh=00_Af7De0vv6r26tsyCW4lGudVCgJsm1RanK-Vjico8AbYq6A&amp;oe=69F9B497&quot;}\">\n\t\t\t<span class=\"sbi-screenreader\">Das A2PT\u2011Projekt geht in die finale Phase! \ud83c\udf89\n\nBeim<\/span>\n\t\t\t<svg class=\"svg-inline--fa fa-clone fa-w-16 sbi_lightbox_carousel_icon\" aria-hidden=\"true\" aria-label=\"Clone\" data-fa-pro\u0192cessed=\"\" data-prefix=\"far\" data-icon=\"clone\" role=\"img\" xmlns=\"http:\/\/www.w3.org\/2000\/svg\" viewBox=\"0 0 512 512\">\n                    <path fill=\"currentColor\" d=\"M464 0H144c-26.51 0-48 21.49-48 48v48H48c-26.51 0-48 21.49-48 48v320c0 26.51 21.49 48 48 48h320c26.51 0 48-21.49 48-48v-48h48c26.51 0 48-21.49 48-48V48c0-26.51-21.49-48-48-48zM362 464H54a6 6 0 0 1-6-6V150a6 6 0 0 1 6-6h42v224c0 26.51 21.49 48 48 48h224v42a6 6 0 0 1-6 6zm96-96H150a6 6 0 0 1-6-6V54a6 6 0 0 1 6-6h308a6 6 0 0 1 6 6v308a6 6 0 0 1-6 6z\"><\/path>\n                <\/svg>\t\t\t\t\t\t<img decoding=\"async\" src=\"https:\/\/donaubuero.de\/wp-content\/plugins\/instagram-feed\/img\/placeholder.png\" alt=\"Das A2PT\u2011Projekt geht in die finale Phase! \ud83c\udf89\n\nBeim Partnermeeting in Bukarest vom 24.-26. Februar haben sich die Partner im Projekt Active2PublicTransport (A2PT) voll auf Umsetzung, praktische Ergebnisse &amp; langfristige Wirkung des Projekts konzentriert \ud83d\udeb6\u200d\u2640\ufe0f\ud83d\udeb4\u200d\u2642\ufe0f\ud83d\ude86.\n\nVon Bike\u2011Parking \ud83d\udeb2\ud83c\udd7f\ufe0f \u00fcber bessere Mobilit\u00e4tsinfos \ud83d\udcf1 bis hin zu Wander\u2011Rad\u2011Bahn\u2011Kombiangeboten \ud83e\udd7e\ud83d\udeb4\u200d\u2642\ufe0f\ud83d\ude86 \u2013 unsere 7 Praxistests zeigen, wie aktive Mobilit\u00e4t und \u00d6PNV zusammenwachsen k\u00f6nnen.\n\n\ud83c\udf0d Highlight: Der Besuch im Parcul Liniei &amp; an der Lacul\u2011Morii\u2011Promenade \ud83c\udf33 \u2013 echte Beispiele f\u00fcr nachhaltige Transformation und f\u00fcr moderne, nachhaltige Mobilit\u00e4t vor Ort.\n\nJetzt l\u00e4uft der Feinschliff an:\n \ud83e\uddf0 A2PT Online Toolbox mit Leitlinien und Good Practice Beispielen in der Testphase\n \ud83d\udcd8 Ausarbeitung des A2PT Policy Brief mit klaren Empfehlungen f\u00fcr Politik, Verwaltung und Verkehrsunternehmen\n\nGemeinsam machen wir die Donauregion nachhaltiger, aktiver und zukunftsfit \ud83d\udc9a\ud83c\udf31\n\n\ud83d\ude4f Vielen Dank an das Rum\u00e4nische Ministerium f\u00fcr Entwicklung, \u00d6ffentliche Arbeiten und Verwaltung f\u00fcr die tolle Organisation &amp; Gastfreundschaft!\n\n\ud83d\udd17 Mehr dazu: Link in der Bio\n\n@interreg_eu @klimaaktiv.at @ids_bk @cncv_ro @mobilitaetszentraleburgenland @mope_slo @citychangers_cz\n\n#Active2PublicTransport #A2PT #DanubeRegion #SustainableMobility #nachhaltigeMobilit\u00e4t\" aria-hidden=\"true\">\n\t\t<\/a>\n\t<\/div>\n<\/div><div class=\"sbi_item sbi_type_image sbi_new sbi_transition\"\n\tid=\"sbi_18098230456943336\" data-date=\"1772792363\">\n\t<div class=\"sbi_photo_wrap\">\n\t\t<a class=\"sbi_photo\" href=\"https:\/\/www.instagram.com\/p\/DVig_JxjVzz\/\" target=\"_blank\" rel=\"noopener nofollow\"\n\t\t\tdata-full-res=\"https:\/\/scontent-ams2-1.cdninstagram.com\/v\/t51.82787-15\/648712028_18385153132158753_5237894696383815509_n.jpg?stp=dst-jpg_e35_tt6&#038;_nc_cat=100&#038;ccb=7-5&#038;_nc_sid=18de74&#038;efg=eyJlZmdfdGFnIjoiRkVFRC5iZXN0X2ltYWdlX3VybGdlbi5DMyJ9&#038;_nc_ohc=XDgWcsCuB3gQ7kNvwGAStvt&#038;_nc_oc=Adp2JpNgBL3o4SIa0o9Xd2ZiO_2hTMQr6RZ-YuuC9LU0BQrfRJLB8is3wgA5R3h59gakbvDHfHfgBaGV1RjLAJhl&#038;_nc_zt=23&#038;_nc_ht=scontent-ams2-1.cdninstagram.com&#038;edm=ANo9K5cEAAAA&#038;_nc_gid=qDzvSRn0Y1bY78B2R6gUGw&#038;_nc_tpa=Q5bMBQHOUnRgmD2Q37_G3ITM6qjuM52y7AYp_gOIfufApXYzqLBpPesohqfy_d11nTPDxs-_yYUpm7xPWQ&#038;oh=00_Af4ha3rTi3uVrFlkm5vuXaRaEHYvsBeTAo1uW63Vs_CA7Q&#038;oe=69F9D714\"\n\t\t\tdata-img-src-set=\"{&quot;d&quot;:&quot;https:\\\/\\\/scontent-ams2-1.cdninstagram.com\\\/v\\\/t51.82787-15\\\/648712028_18385153132158753_5237894696383815509_n.jpg?stp=dst-jpg_e35_tt6&amp;_nc_cat=100&amp;ccb=7-5&amp;_nc_sid=18de74&amp;efg=eyJlZmdfdGFnIjoiRkVFRC5iZXN0X2ltYWdlX3VybGdlbi5DMyJ9&amp;_nc_ohc=XDgWcsCuB3gQ7kNvwGAStvt&amp;_nc_oc=Adp2JpNgBL3o4SIa0o9Xd2ZiO_2hTMQr6RZ-YuuC9LU0BQrfRJLB8is3wgA5R3h59gakbvDHfHfgBaGV1RjLAJhl&amp;_nc_zt=23&amp;_nc_ht=scontent-ams2-1.cdninstagram.com&amp;edm=ANo9K5cEAAAA&amp;_nc_gid=qDzvSRn0Y1bY78B2R6gUGw&amp;_nc_tpa=Q5bMBQHOUnRgmD2Q37_G3ITM6qjuM52y7AYp_gOIfufApXYzqLBpPesohqfy_d11nTPDxs-_yYUpm7xPWQ&amp;oh=00_Af4ha3rTi3uVrFlkm5vuXaRaEHYvsBeTAo1uW63Vs_CA7Q&amp;oe=69F9D714&quot;,&quot;150&quot;:&quot;https:\\\/\\\/scontent-ams2-1.cdninstagram.com\\\/v\\\/t51.82787-15\\\/648712028_18385153132158753_5237894696383815509_n.jpg?stp=dst-jpg_e35_tt6&amp;_nc_cat=100&amp;ccb=7-5&amp;_nc_sid=18de74&amp;efg=eyJlZmdfdGFnIjoiRkVFRC5iZXN0X2ltYWdlX3VybGdlbi5DMyJ9&amp;_nc_ohc=XDgWcsCuB3gQ7kNvwGAStvt&amp;_nc_oc=Adp2JpNgBL3o4SIa0o9Xd2ZiO_2hTMQr6RZ-YuuC9LU0BQrfRJLB8is3wgA5R3h59gakbvDHfHfgBaGV1RjLAJhl&amp;_nc_zt=23&amp;_nc_ht=scontent-ams2-1.cdninstagram.com&amp;edm=ANo9K5cEAAAA&amp;_nc_gid=qDzvSRn0Y1bY78B2R6gUGw&amp;_nc_tpa=Q5bMBQHOUnRgmD2Q37_G3ITM6qjuM52y7AYp_gOIfufApXYzqLBpPesohqfy_d11nTPDxs-_yYUpm7xPWQ&amp;oh=00_Af4ha3rTi3uVrFlkm5vuXaRaEHYvsBeTAo1uW63Vs_CA7Q&amp;oe=69F9D714&quot;,&quot;320&quot;:&quot;https:\\\/\\\/scontent-ams2-1.cdninstagram.com\\\/v\\\/t51.82787-15\\\/648712028_18385153132158753_5237894696383815509_n.jpg?stp=dst-jpg_e35_tt6&amp;_nc_cat=100&amp;ccb=7-5&amp;_nc_sid=18de74&amp;efg=eyJlZmdfdGFnIjoiRkVFRC5iZXN0X2ltYWdlX3VybGdlbi5DMyJ9&amp;_nc_ohc=XDgWcsCuB3gQ7kNvwGAStvt&amp;_nc_oc=Adp2JpNgBL3o4SIa0o9Xd2ZiO_2hTMQr6RZ-YuuC9LU0BQrfRJLB8is3wgA5R3h59gakbvDHfHfgBaGV1RjLAJhl&amp;_nc_zt=23&amp;_nc_ht=scontent-ams2-1.cdninstagram.com&amp;edm=ANo9K5cEAAAA&amp;_nc_gid=qDzvSRn0Y1bY78B2R6gUGw&amp;_nc_tpa=Q5bMBQHOUnRgmD2Q37_G3ITM6qjuM52y7AYp_gOIfufApXYzqLBpPesohqfy_d11nTPDxs-_yYUpm7xPWQ&amp;oh=00_Af4ha3rTi3uVrFlkm5vuXaRaEHYvsBeTAo1uW63Vs_CA7Q&amp;oe=69F9D714&quot;,&quot;640&quot;:&quot;https:\\\/\\\/scontent-ams2-1.cdninstagram.com\\\/v\\\/t51.82787-15\\\/648712028_18385153132158753_5237894696383815509_n.jpg?stp=dst-jpg_e35_tt6&amp;_nc_cat=100&amp;ccb=7-5&amp;_nc_sid=18de74&amp;efg=eyJlZmdfdGFnIjoiRkVFRC5iZXN0X2ltYWdlX3VybGdlbi5DMyJ9&amp;_nc_ohc=XDgWcsCuB3gQ7kNvwGAStvt&amp;_nc_oc=Adp2JpNgBL3o4SIa0o9Xd2ZiO_2hTMQr6RZ-YuuC9LU0BQrfRJLB8is3wgA5R3h59gakbvDHfHfgBaGV1RjLAJhl&amp;_nc_zt=23&amp;_nc_ht=scontent-ams2-1.cdninstagram.com&amp;edm=ANo9K5cEAAAA&amp;_nc_gid=qDzvSRn0Y1bY78B2R6gUGw&amp;_nc_tpa=Q5bMBQHOUnRgmD2Q37_G3ITM6qjuM52y7AYp_gOIfufApXYzqLBpPesohqfy_d11nTPDxs-_yYUpm7xPWQ&amp;oh=00_Af4ha3rTi3uVrFlkm5vuXaRaEHYvsBeTAo1uW63Vs_CA7Q&amp;oe=69F9D714&quot;}\">\n\t\t\t<span class=\"sbi-screenreader\">Impressionen eines wunderbaren Abends im Donaub\u00fcro<\/span>\n\t\t\t\t\t\t\t\t\t<img decoding=\"async\" src=\"https:\/\/donaubuero.de\/wp-content\/plugins\/instagram-feed\/img\/placeholder.png\" alt=\"Impressionen eines wunderbaren Abends im Donaub\u00fcro anl\u00e4sslich des Frauentags. Danke an alle, die dazu beitragen haben, dass es eine solch tolle Veranstaltung war! \ud83d\ude0d\ud83c\udf40\ud83d\ude4f\" aria-hidden=\"true\">\n\t\t<\/a>\n\t<\/div>\n<\/div><div class=\"sbi_item sbi_type_carousel sbi_new sbi_transition\"\n\tid=\"sbi_17940703482140778\" data-date=\"1772785254\">\n\t<div class=\"sbi_photo_wrap\">\n\t\t<a class=\"sbi_photo\" href=\"https:\/\/www.instagram.com\/p\/DViTxRKDRzm\/\" target=\"_blank\" rel=\"noopener nofollow\"\n\t\t\tdata-full-res=\"https:\/\/scontent-ams2-1.cdninstagram.com\/v\/t51.82787-15\/648713446_18153965974433595_3961483281790910654_n.webp?stp=dst-jpg_e35_tt6&#038;_nc_cat=110&#038;ccb=7-5&#038;_nc_sid=18de74&#038;efg=eyJlZmdfdGFnIjoiQ0FST1VTRUxfSVRFTS5iZXN0X2ltYWdlX3VybGdlbi5DMyJ9&#038;_nc_ohc=CXq1-KM5KsYQ7kNvwEVA9J3&#038;_nc_oc=AdpVlzn3I3r_XDzOF0LNe28517rv3feyZ_MhlIsw8YFyD--kblRWaSZXEzeKXmGgzDYLMoy4diQ80Qpyt2CY5sKY&#038;_nc_zt=23&#038;_nc_ht=scontent-ams2-1.cdninstagram.com&#038;edm=ANo9K5cEAAAA&#038;_nc_gid=5zEA7tKgGR-V4__NDqE8Dg&#038;_nc_tpa=Q5bMBQGL1AjI2AORa6NQTgiJoFNpifg49h913u-fqwQtCmFfXSc6-i45YRjHUflPSV5XsrbCTp5m5HglCw&#038;oh=00_Af7cdDzIXTWgMyq4g8HdedJDeW_--hjJEC3IIwNK371dfA&#038;oe=69F9EA89\"\n\t\t\tdata-img-src-set=\"{&quot;d&quot;:&quot;https:\\\/\\\/scontent-ams2-1.cdninstagram.com\\\/v\\\/t51.82787-15\\\/648713446_18153965974433595_3961483281790910654_n.webp?stp=dst-jpg_e35_tt6&amp;_nc_cat=110&amp;ccb=7-5&amp;_nc_sid=18de74&amp;efg=eyJlZmdfdGFnIjoiQ0FST1VTRUxfSVRFTS5iZXN0X2ltYWdlX3VybGdlbi5DMyJ9&amp;_nc_ohc=CXq1-KM5KsYQ7kNvwEVA9J3&amp;_nc_oc=AdpVlzn3I3r_XDzOF0LNe28517rv3feyZ_MhlIsw8YFyD--kblRWaSZXEzeKXmGgzDYLMoy4diQ80Qpyt2CY5sKY&amp;_nc_zt=23&amp;_nc_ht=scontent-ams2-1.cdninstagram.com&amp;edm=ANo9K5cEAAAA&amp;_nc_gid=5zEA7tKgGR-V4__NDqE8Dg&amp;_nc_tpa=Q5bMBQGL1AjI2AORa6NQTgiJoFNpifg49h913u-fqwQtCmFfXSc6-i45YRjHUflPSV5XsrbCTp5m5HglCw&amp;oh=00_Af7cdDzIXTWgMyq4g8HdedJDeW_--hjJEC3IIwNK371dfA&amp;oe=69F9EA89&quot;,&quot;150&quot;:&quot;https:\\\/\\\/scontent-ams2-1.cdninstagram.com\\\/v\\\/t51.82787-15\\\/648713446_18153965974433595_3961483281790910654_n.webp?stp=dst-jpg_e35_tt6&amp;_nc_cat=110&amp;ccb=7-5&amp;_nc_sid=18de74&amp;efg=eyJlZmdfdGFnIjoiQ0FST1VTRUxfSVRFTS5iZXN0X2ltYWdlX3VybGdlbi5DMyJ9&amp;_nc_ohc=CXq1-KM5KsYQ7kNvwEVA9J3&amp;_nc_oc=AdpVlzn3I3r_XDzOF0LNe28517rv3feyZ_MhlIsw8YFyD--kblRWaSZXEzeKXmGgzDYLMoy4diQ80Qpyt2CY5sKY&amp;_nc_zt=23&amp;_nc_ht=scontent-ams2-1.cdninstagram.com&amp;edm=ANo9K5cEAAAA&amp;_nc_gid=5zEA7tKgGR-V4__NDqE8Dg&amp;_nc_tpa=Q5bMBQGL1AjI2AORa6NQTgiJoFNpifg49h913u-fqwQtCmFfXSc6-i45YRjHUflPSV5XsrbCTp5m5HglCw&amp;oh=00_Af7cdDzIXTWgMyq4g8HdedJDeW_--hjJEC3IIwNK371dfA&amp;oe=69F9EA89&quot;,&quot;320&quot;:&quot;https:\\\/\\\/scontent-ams2-1.cdninstagram.com\\\/v\\\/t51.82787-15\\\/648713446_18153965974433595_3961483281790910654_n.webp?stp=dst-jpg_e35_tt6&amp;_nc_cat=110&amp;ccb=7-5&amp;_nc_sid=18de74&amp;efg=eyJlZmdfdGFnIjoiQ0FST1VTRUxfSVRFTS5iZXN0X2ltYWdlX3VybGdlbi5DMyJ9&amp;_nc_ohc=CXq1-KM5KsYQ7kNvwEVA9J3&amp;_nc_oc=AdpVlzn3I3r_XDzOF0LNe28517rv3feyZ_MhlIsw8YFyD--kblRWaSZXEzeKXmGgzDYLMoy4diQ80Qpyt2CY5sKY&amp;_nc_zt=23&amp;_nc_ht=scontent-ams2-1.cdninstagram.com&amp;edm=ANo9K5cEAAAA&amp;_nc_gid=5zEA7tKgGR-V4__NDqE8Dg&amp;_nc_tpa=Q5bMBQGL1AjI2AORa6NQTgiJoFNpifg49h913u-fqwQtCmFfXSc6-i45YRjHUflPSV5XsrbCTp5m5HglCw&amp;oh=00_Af7cdDzIXTWgMyq4g8HdedJDeW_--hjJEC3IIwNK371dfA&amp;oe=69F9EA89&quot;,&quot;640&quot;:&quot;https:\\\/\\\/scontent-ams2-1.cdninstagram.com\\\/v\\\/t51.82787-15\\\/648713446_18153965974433595_3961483281790910654_n.webp?stp=dst-jpg_e35_tt6&amp;_nc_cat=110&amp;ccb=7-5&amp;_nc_sid=18de74&amp;efg=eyJlZmdfdGFnIjoiQ0FST1VTRUxfSVRFTS5iZXN0X2ltYWdlX3VybGdlbi5DMyJ9&amp;_nc_ohc=CXq1-KM5KsYQ7kNvwEVA9J3&amp;_nc_oc=AdpVlzn3I3r_XDzOF0LNe28517rv3feyZ_MhlIsw8YFyD--kblRWaSZXEzeKXmGgzDYLMoy4diQ80Qpyt2CY5sKY&amp;_nc_zt=23&amp;_nc_ht=scontent-ams2-1.cdninstagram.com&amp;edm=ANo9K5cEAAAA&amp;_nc_gid=5zEA7tKgGR-V4__NDqE8Dg&amp;_nc_tpa=Q5bMBQGL1AjI2AORa6NQTgiJoFNpifg49h913u-fqwQtCmFfXSc6-i45YRjHUflPSV5XsrbCTp5m5HglCw&amp;oh=00_Af7cdDzIXTWgMyq4g8HdedJDeW_--hjJEC3IIwNK371dfA&amp;oe=69F9EA89&quot;}\">\n\t\t\t<span class=\"sbi-screenreader\">Aufgepasst! Am 8. M\u00e4rz wird der j\u00e4hrlich stattfind<\/span>\n\t\t\t<svg class=\"svg-inline--fa fa-clone fa-w-16 sbi_lightbox_carousel_icon\" aria-hidden=\"true\" aria-label=\"Clone\" data-fa-pro\u0192cessed=\"\" data-prefix=\"far\" data-icon=\"clone\" role=\"img\" xmlns=\"http:\/\/www.w3.org\/2000\/svg\" viewBox=\"0 0 512 512\">\n                    <path fill=\"currentColor\" d=\"M464 0H144c-26.51 0-48 21.49-48 48v48H48c-26.51 0-48 21.49-48 48v320c0 26.51 21.49 48 48 48h320c26.51 0 48-21.49 48-48v-48h48c26.51 0 48-21.49 48-48V48c0-26.51-21.49-48-48-48zM362 464H54a6 6 0 0 1-6-6V150a6 6 0 0 1 6-6h42v224c0 26.51 21.49 48 48 48h224v42a6 6 0 0 1-6 6zm96-96H150a6 6 0 0 1-6-6V54a6 6 0 0 1 6-6h308a6 6 0 0 1 6 6v308a6 6 0 0 1-6 6z\"><\/path>\n                <\/svg>\t\t\t\t\t\t<img decoding=\"async\" src=\"https:\/\/donaubuero.de\/wp-content\/plugins\/instagram-feed\/img\/placeholder.png\" alt=\"Aufgepasst! Am 8. M\u00e4rz wird der j\u00e4hrlich stattfindende Internationale Frauentag gefeiert!\u00a0\ud83d\udc81\u200d\u2640\u200d\u200d\u2640\ufe0f\n\nAn diesem Tag finden nicht nur in Deutschland und in Ungarn, sondern \u00fcberall auf der Welt Demonstrationen, politische Aktionen oder Veranstaltungen statt, um den Kampf f\u00fcr Frauenrechte und die Gleichstellung der Geschlechter st\u00e4rker hervorzuheben.\n\nAuch wenn in den letzten 100 Jahren bereits viele Fortschritte hinsichtlich der Gleichberechtigung zwischen M\u00e4nnern und Frauen gemacht wurden, so besteht noch immer ein Ungleichgewicht in vielen Bereichen des Lebens, auf die aufmerksam gemacht werden soll!\n\nDer Internationale Frauentag zeigt einmal mehr, dass Solidarit\u00e4t und der Kampf f\u00fcr gemeinsame Werte \u00fcber L\u00e4ndergrenzen sowie \u00fcber sprachliche und kulturelle Unterschiede hinweg funktioniert!\u00a0\ud83d\udc97\n\nFeiert ihr den 8. M\u00e4rz oder geht ihr demonstrieren? Schreibt es in die Kommentare\u00a0\ud83d\udc47\n\u00a0\n---\u2010---------------------------------------------------------\n\u00a0\nFigyelem! M\u00e1rcius 8-\u00e1n \u00fcnnepelj\u00fck a Nemzetk\u00f6zi N\u0151napot!\u00a0\ud83d\udc81\u200d\u2640\ufe0f\u2640\ufe0f\n\nEzen a napon nemcsak N\u00e9metorsz\u00e1gban \u00e9s Magyarorsz\u00e1gon, hanem vil\u00e1gszerte szerveznek demonstr\u00e1ci\u00f3kat, politikai akci\u00f3kat \u00e9s esem\u00e9nyeket, hogy m\u00e9g hangs\u00falyosabban felh\u00edvj\u00e1k a figyelmet a n\u0151k jogaira \u00e9s a nemek k\u00f6z\u00f6tti egyenl\u0151s\u00e9gre.\n\nB\u00e1r az elm\u00falt 100 \u00e9vben sok el\u0151rel\u00e9p\u00e9s t\u00f6rt\u00e9nt a f\u00e9rfiak \u00e9s n\u0151k k\u00f6z\u00f6tti egyenjog\u00fas\u00e1g ter\u00e9n, m\u00e9g mindig sz\u00e1mos ter\u00fcleten tapasztalhat\u00f3 egyenl\u0151tlens\u00e9g, amir\u0151l fontos besz\u00e9lni.\n\nA Nemzetk\u00f6zi N\u0151nap \u00fajra \u00e9s \u00fajra megmutatja, hogy a szolidarit\u00e1s \u00e9s a k\u00f6z\u00f6s \u00e9rt\u00e9kek\u00e9rt folytatott ki\u00e1ll\u00e1s m\u0171k\u00f6dik \u2013 orsz\u00e1ghat\u00e1rokon, nyelveken \u00e9s kultur\u00e1lis k\u00fcl\u00f6nbs\u00e9geken \u00e1t is.\u00a0\ud83d\udc97\n\nTi, hogy \u00fcnneplitek a N\u0151napot?\u00a0\u00cdrj\u00e1tok meg kommentben\u00a0\ud83d\udc47\n\n#UnitedInDiversity #N\u0151nap #InternationalWomensDay #FemaleEmpowerment #Egyenl\u0151s\u00e9g\" aria-hidden=\"true\">\n\t\t<\/a>\n\t<\/div>\n<\/div><div class=\"sbi_item sbi_type_image sbi_new sbi_transition\"\n\tid=\"sbi_18002420540719243\" data-date=\"1772716188\">\n\t<div class=\"sbi_photo_wrap\">\n\t\t<a class=\"sbi_photo\" href=\"https:\/\/www.instagram.com\/p\/DVgQCAgjGBq\/\" target=\"_blank\" rel=\"noopener nofollow\"\n\t\t\tdata-full-res=\"https:\/\/scontent-ams2-1.cdninstagram.com\/v\/t51.82787-15\/645754244_18153892084433595_4574356465268508914_n.webp?stp=dst-jpg_e35_tt6&#038;_nc_cat=108&#038;ccb=7-5&#038;_nc_sid=18de74&#038;efg=eyJlZmdfdGFnIjoiRkVFRC5iZXN0X2ltYWdlX3VybGdlbi5DMyJ9&#038;_nc_ohc=bq0-6ETIl1AQ7kNvwFnxczD&#038;_nc_oc=AdpmmYEOk20VNK8Mhu3GQqDaTplNcs7apqQKsmYNB0036SMEfQg6_Xxl9nacyEpyX1iF0DhtJIYB4CqcrRtz-4ts&#038;_nc_zt=23&#038;_nc_ht=scontent-ams2-1.cdninstagram.com&#038;edm=ANo9K5cEAAAA&#038;_nc_gid=5zEA7tKgGR-V4__NDqE8Dg&#038;_nc_tpa=Q5bMBQHeRm1Ph1WLvtrsgUFboJ9ATBfa6wHT-EqDgTJrmBFl3FQA_XZsmcUKJ0PUa7pEBTmC3pOLaSc1Bg&#038;oh=00_Af5KpamaJRVnlk2yCIXzMxc4FBhHlWE5yAmMKJFSlYeJ6Q&#038;oe=69F9E3C0\"\n\t\t\tdata-img-src-set=\"{&quot;d&quot;:&quot;https:\\\/\\\/scontent-ams2-1.cdninstagram.com\\\/v\\\/t51.82787-15\\\/645754244_18153892084433595_4574356465268508914_n.webp?stp=dst-jpg_e35_tt6&amp;_nc_cat=108&amp;ccb=7-5&amp;_nc_sid=18de74&amp;efg=eyJlZmdfdGFnIjoiRkVFRC5iZXN0X2ltYWdlX3VybGdlbi5DMyJ9&amp;_nc_ohc=bq0-6ETIl1AQ7kNvwFnxczD&amp;_nc_oc=AdpmmYEOk20VNK8Mhu3GQqDaTplNcs7apqQKsmYNB0036SMEfQg6_Xxl9nacyEpyX1iF0DhtJIYB4CqcrRtz-4ts&amp;_nc_zt=23&amp;_nc_ht=scontent-ams2-1.cdninstagram.com&amp;edm=ANo9K5cEAAAA&amp;_nc_gid=5zEA7tKgGR-V4__NDqE8Dg&amp;_nc_tpa=Q5bMBQHeRm1Ph1WLvtrsgUFboJ9ATBfa6wHT-EqDgTJrmBFl3FQA_XZsmcUKJ0PUa7pEBTmC3pOLaSc1Bg&amp;oh=00_Af5KpamaJRVnlk2yCIXzMxc4FBhHlWE5yAmMKJFSlYeJ6Q&amp;oe=69F9E3C0&quot;,&quot;150&quot;:&quot;https:\\\/\\\/scontent-ams2-1.cdninstagram.com\\\/v\\\/t51.82787-15\\\/645754244_18153892084433595_4574356465268508914_n.webp?stp=dst-jpg_e35_tt6&amp;_nc_cat=108&amp;ccb=7-5&amp;_nc_sid=18de74&amp;efg=eyJlZmdfdGFnIjoiRkVFRC5iZXN0X2ltYWdlX3VybGdlbi5DMyJ9&amp;_nc_ohc=bq0-6ETIl1AQ7kNvwFnxczD&amp;_nc_oc=AdpmmYEOk20VNK8Mhu3GQqDaTplNcs7apqQKsmYNB0036SMEfQg6_Xxl9nacyEpyX1iF0DhtJIYB4CqcrRtz-4ts&amp;_nc_zt=23&amp;_nc_ht=scontent-ams2-1.cdninstagram.com&amp;edm=ANo9K5cEAAAA&amp;_nc_gid=5zEA7tKgGR-V4__NDqE8Dg&amp;_nc_tpa=Q5bMBQHeRm1Ph1WLvtrsgUFboJ9ATBfa6wHT-EqDgTJrmBFl3FQA_XZsmcUKJ0PUa7pEBTmC3pOLaSc1Bg&amp;oh=00_Af5KpamaJRVnlk2yCIXzMxc4FBhHlWE5yAmMKJFSlYeJ6Q&amp;oe=69F9E3C0&quot;,&quot;320&quot;:&quot;https:\\\/\\\/scontent-ams2-1.cdninstagram.com\\\/v\\\/t51.82787-15\\\/645754244_18153892084433595_4574356465268508914_n.webp?stp=dst-jpg_e35_tt6&amp;_nc_cat=108&amp;ccb=7-5&amp;_nc_sid=18de74&amp;efg=eyJlZmdfdGFnIjoiRkVFRC5iZXN0X2ltYWdlX3VybGdlbi5DMyJ9&amp;_nc_ohc=bq0-6ETIl1AQ7kNvwFnxczD&amp;_nc_oc=AdpmmYEOk20VNK8Mhu3GQqDaTplNcs7apqQKsmYNB0036SMEfQg6_Xxl9nacyEpyX1iF0DhtJIYB4CqcrRtz-4ts&amp;_nc_zt=23&amp;_nc_ht=scontent-ams2-1.cdninstagram.com&amp;edm=ANo9K5cEAAAA&amp;_nc_gid=5zEA7tKgGR-V4__NDqE8Dg&amp;_nc_tpa=Q5bMBQHeRm1Ph1WLvtrsgUFboJ9ATBfa6wHT-EqDgTJrmBFl3FQA_XZsmcUKJ0PUa7pEBTmC3pOLaSc1Bg&amp;oh=00_Af5KpamaJRVnlk2yCIXzMxc4FBhHlWE5yAmMKJFSlYeJ6Q&amp;oe=69F9E3C0&quot;,&quot;640&quot;:&quot;https:\\\/\\\/scontent-ams2-1.cdninstagram.com\\\/v\\\/t51.82787-15\\\/645754244_18153892084433595_4574356465268508914_n.webp?stp=dst-jpg_e35_tt6&amp;_nc_cat=108&amp;ccb=7-5&amp;_nc_sid=18de74&amp;efg=eyJlZmdfdGFnIjoiRkVFRC5iZXN0X2ltYWdlX3VybGdlbi5DMyJ9&amp;_nc_ohc=bq0-6ETIl1AQ7kNvwFnxczD&amp;_nc_oc=AdpmmYEOk20VNK8Mhu3GQqDaTplNcs7apqQKsmYNB0036SMEfQg6_Xxl9nacyEpyX1iF0DhtJIYB4CqcrRtz-4ts&amp;_nc_zt=23&amp;_nc_ht=scontent-ams2-1.cdninstagram.com&amp;edm=ANo9K5cEAAAA&amp;_nc_gid=5zEA7tKgGR-V4__NDqE8Dg&amp;_nc_tpa=Q5bMBQHeRm1Ph1WLvtrsgUFboJ9ATBfa6wHT-EqDgTJrmBFl3FQA_XZsmcUKJ0PUa7pEBTmC3pOLaSc1Bg&amp;oh=00_Af5KpamaJRVnlk2yCIXzMxc4FBhHlWE5yAmMKJFSlYeJ6Q&amp;oe=69F9E3C0&quot;}\">\n\t\t\t<span class=\"sbi-screenreader\">\ud83c\uddea\ud83c\uddfa\u00a0Europ\u00e4ische Verteidigungsf\u00e4higkeit im Kontext m<\/span>\n\t\t\t\t\t\t\t\t\t<img decoding=\"async\" src=\"https:\/\/donaubuero.de\/wp-content\/plugins\/instagram-feed\/img\/placeholder.png\" alt=\"\ud83c\uddea\ud83c\uddfa\u00a0Europ\u00e4ische Verteidigungsf\u00e4higkeit im Kontext multipler Krisen - die Stunde Europas!\n\n\ud83d\udcc5\u00a019. M\u00e4rz 2026\n\ud83d\udd56\u00a019:00 Uhr\n\ud83d\udccd\u00a0Rommelkaserne Dornstadt, Casino, Auf dem Lerchenfeld 1\n\nIran, Venezuela, Gr\u00f6nland \u2013 die weltpolitische Lage ver\u00e4ndert sich rasant. Der Krieg in der Ukraine, ein unsicheres transatlantisches Verh\u00e4ltnis sowie Chinas milit\u00e4rische und wirtschaftliche Ambitionen setzen Europa unter Druck.\n\n\ud83d\udc49\u00a0Welche sicherheitspolitische Rolle soll die EU k\u00fcnftig \u00fcbernehmen?\n\ud83d\udc49\u00a0Wie wichtig sind milit\u00e4rische Zusammenarbeit, R\u00fcstungskooperationen und gemeinsame Strukturen?\n\ud83d\udc49\u00a0Welche Perspektiven ergeben sich f\u00fcr das B\u00fcndnis mit den USA?\n\nMit Initiativen wie dem Wei\u00dfbuch zur europ\u00e4ischen Verteidigung und \u201eReArm Europe \/ Bereitschaft 2030\u201c setzt die EU wichtige Impulse f\u00fcr Investitionen und gemeinsame Strukturen. Doch was hei\u00dft das konkret f\u00fcr Europa und welche Rolle spielt Deutschland?\n\n\ud83c\udf99\u00a0Der Referent\nOberstleutnant i.G. Manfred Scholl, Studienreferent f\u00fcr Verteidigungspolitik an der Bundesakademie f\u00fcr Sicherheitspolitik, bringt langj\u00e4hrige Expertise, z.B. aus dem Ausw\u00e4rtigen Amt und dem Bundesministerium der Verteidigung, mit. Ein Blick hinter die Kulissen europ\u00e4ischer Sicherheitspolitik \u2013 aus erster Hand.\n\n\ud83d\udce7\u00a0Anmeldung bis 17.03.2026 per Mail an\u00a0goetze.w@gmail.com. Die Pl\u00e4tze sind begrenzt!\n\nVeranstalter: Europe Direct Zentrum im Donaub\u00fcro Ulm\/Neu-Ulm, Gesellschaft f\u00fcr Sicherheitspolitik \u2013 Sektion Ulm\n\n#Europ\u00e4ischeUnion #Sicherheit #Verteidigung #Veranstaltung #Europa\" aria-hidden=\"true\">\n\t\t<\/a>\n\t<\/div>\n<\/div><div class=\"sbi_item sbi_type_image sbi_new sbi_transition\"\n\tid=\"sbi_18063462854663051\" data-date=\"1772632834\">\n\t<div class=\"sbi_photo_wrap\">\n\t\t<a class=\"sbi_photo\" href=\"https:\/\/www.instagram.com\/p\/DVdxDGNDNI-\/\" target=\"_blank\" rel=\"noopener nofollow\"\n\t\t\tdata-full-res=\"https:\/\/scontent-ams2-1.cdninstagram.com\/v\/t51.82787-15\/645810764_18153803449433595_5014616639812498589_n.webp?stp=dst-jpg_e35_tt6&#038;_nc_cat=101&#038;ccb=7-5&#038;_nc_sid=18de74&#038;efg=eyJlZmdfdGFnIjoiRkVFRC5iZXN0X2ltYWdlX3VybGdlbi5DMyJ9&#038;_nc_ohc=jjmSy1a6Y00Q7kNvwEv-Slr&#038;_nc_oc=Adre9kZIrRaPQQkrxEI5BdaOMrM2UBIUz_rFja0M-yLM0-C6kxPm5FFxibLyr5Lwi4TFv3AOmSfg_PMdOOXvvvuW&#038;_nc_zt=23&#038;_nc_ht=scontent-ams2-1.cdninstagram.com&#038;edm=ANo9K5cEAAAA&#038;_nc_gid=5zEA7tKgGR-V4__NDqE8Dg&#038;_nc_tpa=Q5bMBQHCyBQ4svFcAap1v-mCwR89qoFshqdoi_j6ublsVTAFGHKodLRkrz3Jstnd2LCg4A0uQeYFtaro-Q&#038;oh=00_Af62kyVO7Omce4e-zEozNroccCQtj15wo7sIlvJ1I41PWA&#038;oe=69F9BC82\"\n\t\t\tdata-img-src-set=\"{&quot;d&quot;:&quot;https:\\\/\\\/scontent-ams2-1.cdninstagram.com\\\/v\\\/t51.82787-15\\\/645810764_18153803449433595_5014616639812498589_n.webp?stp=dst-jpg_e35_tt6&amp;_nc_cat=101&amp;ccb=7-5&amp;_nc_sid=18de74&amp;efg=eyJlZmdfdGFnIjoiRkVFRC5iZXN0X2ltYWdlX3VybGdlbi5DMyJ9&amp;_nc_ohc=jjmSy1a6Y00Q7kNvwEv-Slr&amp;_nc_oc=Adre9kZIrRaPQQkrxEI5BdaOMrM2UBIUz_rFja0M-yLM0-C6kxPm5FFxibLyr5Lwi4TFv3AOmSfg_PMdOOXvvvuW&amp;_nc_zt=23&amp;_nc_ht=scontent-ams2-1.cdninstagram.com&amp;edm=ANo9K5cEAAAA&amp;_nc_gid=5zEA7tKgGR-V4__NDqE8Dg&amp;_nc_tpa=Q5bMBQHCyBQ4svFcAap1v-mCwR89qoFshqdoi_j6ublsVTAFGHKodLRkrz3Jstnd2LCg4A0uQeYFtaro-Q&amp;oh=00_Af62kyVO7Omce4e-zEozNroccCQtj15wo7sIlvJ1I41PWA&amp;oe=69F9BC82&quot;,&quot;150&quot;:&quot;https:\\\/\\\/scontent-ams2-1.cdninstagram.com\\\/v\\\/t51.82787-15\\\/645810764_18153803449433595_5014616639812498589_n.webp?stp=dst-jpg_e35_tt6&amp;_nc_cat=101&amp;ccb=7-5&amp;_nc_sid=18de74&amp;efg=eyJlZmdfdGFnIjoiRkVFRC5iZXN0X2ltYWdlX3VybGdlbi5DMyJ9&amp;_nc_ohc=jjmSy1a6Y00Q7kNvwEv-Slr&amp;_nc_oc=Adre9kZIrRaPQQkrxEI5BdaOMrM2UBIUz_rFja0M-yLM0-C6kxPm5FFxibLyr5Lwi4TFv3AOmSfg_PMdOOXvvvuW&amp;_nc_zt=23&amp;_nc_ht=scontent-ams2-1.cdninstagram.com&amp;edm=ANo9K5cEAAAA&amp;_nc_gid=5zEA7tKgGR-V4__NDqE8Dg&amp;_nc_tpa=Q5bMBQHCyBQ4svFcAap1v-mCwR89qoFshqdoi_j6ublsVTAFGHKodLRkrz3Jstnd2LCg4A0uQeYFtaro-Q&amp;oh=00_Af62kyVO7Omce4e-zEozNroccCQtj15wo7sIlvJ1I41PWA&amp;oe=69F9BC82&quot;,&quot;320&quot;:&quot;https:\\\/\\\/scontent-ams2-1.cdninstagram.com\\\/v\\\/t51.82787-15\\\/645810764_18153803449433595_5014616639812498589_n.webp?stp=dst-jpg_e35_tt6&amp;_nc_cat=101&amp;ccb=7-5&amp;_nc_sid=18de74&amp;efg=eyJlZmdfdGFnIjoiRkVFRC5iZXN0X2ltYWdlX3VybGdlbi5DMyJ9&amp;_nc_ohc=jjmSy1a6Y00Q7kNvwEv-Slr&amp;_nc_oc=Adre9kZIrRaPQQkrxEI5BdaOMrM2UBIUz_rFja0M-yLM0-C6kxPm5FFxibLyr5Lwi4TFv3AOmSfg_PMdOOXvvvuW&amp;_nc_zt=23&amp;_nc_ht=scontent-ams2-1.cdninstagram.com&amp;edm=ANo9K5cEAAAA&amp;_nc_gid=5zEA7tKgGR-V4__NDqE8Dg&amp;_nc_tpa=Q5bMBQHCyBQ4svFcAap1v-mCwR89qoFshqdoi_j6ublsVTAFGHKodLRkrz3Jstnd2LCg4A0uQeYFtaro-Q&amp;oh=00_Af62kyVO7Omce4e-zEozNroccCQtj15wo7sIlvJ1I41PWA&amp;oe=69F9BC82&quot;,&quot;640&quot;:&quot;https:\\\/\\\/scontent-ams2-1.cdninstagram.com\\\/v\\\/t51.82787-15\\\/645810764_18153803449433595_5014616639812498589_n.webp?stp=dst-jpg_e35_tt6&amp;_nc_cat=101&amp;ccb=7-5&amp;_nc_sid=18de74&amp;efg=eyJlZmdfdGFnIjoiRkVFRC5iZXN0X2ltYWdlX3VybGdlbi5DMyJ9&amp;_nc_ohc=jjmSy1a6Y00Q7kNvwEv-Slr&amp;_nc_oc=Adre9kZIrRaPQQkrxEI5BdaOMrM2UBIUz_rFja0M-yLM0-C6kxPm5FFxibLyr5Lwi4TFv3AOmSfg_PMdOOXvvvuW&amp;_nc_zt=23&amp;_nc_ht=scontent-ams2-1.cdninstagram.com&amp;edm=ANo9K5cEAAAA&amp;_nc_gid=5zEA7tKgGR-V4__NDqE8Dg&amp;_nc_tpa=Q5bMBQHCyBQ4svFcAap1v-mCwR89qoFshqdoi_j6ublsVTAFGHKodLRkrz3Jstnd2LCg4A0uQeYFtaro-Q&amp;oh=00_Af62kyVO7Omce4e-zEozNroccCQtj15wo7sIlvJ1I41PWA&amp;oe=69F9BC82&quot;}\">\n\t\t\t<span class=\"sbi-screenreader\">\ud83c\uddea\ud83c\uddfa\ud83c\udfa8Benjamin Loos\u00a0vom Albert-Einstein-Gymnasium hat<\/span>\n\t\t\t\t\t\t\t\t\t<img decoding=\"async\" src=\"https:\/\/donaubuero.de\/wp-content\/plugins\/instagram-feed\/img\/placeholder.png\" alt=\"\ud83c\uddea\ud83c\uddfa\ud83c\udfa8Benjamin Loos\u00a0vom Albert-Einstein-Gymnasium hat mit seinem\u00a0Expos\u00e9\u00a0zum Thema\u00a0\u201eViren, W\u00fcrmer und Trolle\u201c\u00a0beim Europ\u00e4ischen Wettbewerb 2025 einen Landespreis gewonnen.\u00a0\n\nBei dem Thema \u201eViren, W\u00fcrmer und Trolle\u201c geht es um Chancen und Gefahren im Internet, besonders f\u00fcr Kinder und Jugendliche.\u00a0Wie kann man sich selbst sch\u00fctzen \u2013 und wo braucht man Unterst\u00fctzung, damit das Netz sicherer wird?\u00a0\u00a0\n\n\ud83c\udf89\u00a0Die Einreichfrist f\u00fcr den diesj\u00e4hrigen Europ\u00e4ischen Wettbewerb ist abgelaufen. Wir sind schon sehr gespannt auf die Ergebnisse der Jury-Sitzungen und freuen uns auf die diesj\u00e4hrigen Gewinner*innen.\n\n#wettbewerb #ulm #kunst #malen #europa\u00a0\n\n@europaeischerwettbewerb\u00a0@europaeischerwettbewerb.bawue\" aria-hidden=\"true\">\n\t\t<\/a>\n\t<\/div>\n<\/div>\t<\/div>\n\n\t<div id=\"sbi_load\" >\n\n\t\t\t<button class=\"sbi_load_btn\"\n\t\t\ttype=\"button\" >\n\t\t\t<span class=\"sbi_btn_text\" >Load More<\/span>\n\t\t\t<span class=\"sbi_loader sbi_hidden\" style=\"background-color: rgb(255, 255, 255);\" aria-hidden=\"true\"><\/span>\n\t\t<\/button>\n\t\n\t\t\t<span class=\"sbi_follow_btn sbi_custom\" >\n\t\t\t<a target=\"_blank\"\n\t\t\t\trel=\"nofollow noopener\"  href=\"https:\/\/www.instagram.com\/donaubuero\/\" style=\"background: rgb(64,139,209);\">\n\t\t\t\t<svg class=\"svg-inline--fa fa-instagram fa-w-14\" aria-hidden=\"true\" data-fa-processed=\"\" aria-label=\"Instagram\" data-prefix=\"fab\" data-icon=\"instagram\" role=\"img\" viewBox=\"0 0 448 512\">\n                    <path fill=\"currentColor\" d=\"M224.1 141c-63.6 0-114.9 51.3-114.9 114.9s51.3 114.9 114.9 114.9S339 319.5 339 255.9 287.7 141 224.1 141zm0 189.6c-41.1 0-74.7-33.5-74.7-74.7s33.5-74.7 74.7-74.7 74.7 33.5 74.7 74.7-33.6 74.7-74.7 74.7zm146.4-194.3c0 14.9-12 26.8-26.8 26.8-14.9 0-26.8-12-26.8-26.8s12-26.8 26.8-26.8 26.8 12 26.8 26.8zm76.1 27.2c-1.7-35.9-9.9-67.7-36.2-93.9-26.2-26.2-58-34.4-93.9-36.2-37-2.1-147.9-2.1-184.9 0-35.8 1.7-67.6 9.9-93.9 36.1s-34.4 58-36.2 93.9c-2.1 37-2.1 147.9 0 184.9 1.7 35.9 9.9 67.7 36.2 93.9s58 34.4 93.9 36.2c37 2.1 147.9 2.1 184.9 0 35.9-1.7 67.7-9.9 93.9-36.2 26.2-26.2 34.4-58 36.2-93.9 2.1-37 2.1-147.8 0-184.8zM398.8 388c-7.8 19.6-22.9 34.7-42.6 42.6-29.5 11.7-99.5 9-132.1 9s-102.7 2.6-132.1-9c-19.6-7.8-34.7-22.9-42.6-42.6-11.7-29.5-9-99.5-9-132.1s-2.6-102.7 9-132.1c7.8-19.6 22.9-34.7 42.6-42.6 29.5-11.7 99.5-9 132.1-9s102.7-2.6 132.1 9c19.6 7.8 34.7 22.9 42.6 42.6 11.7 29.5 9 99.5 9 132.1s2.7 102.7-9 132.1z\"><\/path>\n                <\/svg>\t\t\t\t<span>Follow on Instagram<\/span>\n\t\t\t<\/a>\n\t\t<\/span>\n\t\n<\/div>\n\t\t<span class=\"sbi_resized_image_data\" data-feed-id=\"*4\"\n\t\t  data-resized=\"{&quot;18063462854663051&quot;:{&quot;id&quot;:&quot;645810764_18153803449433595_5014616639812498589_n&quot;,&quot;ratio&quot;:&quot;0.80&quot;,&quot;sizes&quot;:{&quot;full&quot;:640,&quot;low&quot;:320,&quot;thumb&quot;:150},&quot;extension&quot;:&quot;.webp&quot;},&quot;18002420540719243&quot;:{&quot;id&quot;:&quot;645754244_18153892084433595_4574356465268508914_n&quot;,&quot;ratio&quot;:&quot;0.80&quot;,&quot;sizes&quot;:{&quot;full&quot;:640,&quot;low&quot;:320,&quot;thumb&quot;:150},&quot;extension&quot;:&quot;.webp&quot;},&quot;18098230456943336&quot;:{&quot;id&quot;:&quot;648712028_18385153132158753_5237894696383815509_n&quot;,&quot;ratio&quot;:&quot;0.80&quot;,&quot;sizes&quot;:{&quot;full&quot;:640,&quot;low&quot;:320,&quot;thumb&quot;:150},&quot;extension&quot;:&quot;.webp&quot;},&quot;17940703482140778&quot;:{&quot;id&quot;:&quot;648713446_18153965974433595_3961483281790910654_n&quot;,&quot;ratio&quot;:&quot;0.80&quot;,&quot;sizes&quot;:{&quot;full&quot;:640,&quot;low&quot;:320,&quot;thumb&quot;:150},&quot;extension&quot;:&quot;.webp&quot;},&quot;18571826995029083&quot;:{&quot;id&quot;:&quot;649495198_18385722850158753_1369618821527819461_n&quot;,&quot;ratio&quot;:&quot;0.80&quot;,&quot;sizes&quot;:{&quot;full&quot;:640,&quot;low&quot;:320,&quot;thumb&quot;:150},&quot;extension&quot;:&quot;.webp&quot;},&quot;18082750262260308&quot;:{&quot;id&quot;:&quot;649219705_18385722343158753_5792316764134868366_n&quot;,&quot;ratio&quot;:&quot;1.00&quot;,&quot;sizes&quot;:{&quot;full&quot;:640,&quot;low&quot;:320,&quot;thumb&quot;:150},&quot;extension&quot;:&quot;.webp&quot;},&quot;18089758475331634&quot;:{&quot;id&quot;:&quot;652142926_18386579695158753_8592615844270902187_n&quot;,&quot;ratio&quot;:&quot;0.80&quot;,&quot;sizes&quot;:{&quot;full&quot;:640,&quot;low&quot;:320,&quot;thumb&quot;:150},&quot;extension&quot;:&quot;.webp&quot;},&quot;17963984957898976&quot;:{&quot;id&quot;:&quot;651120105_18386668063158753_627404539380686814_n&quot;,&quot;ratio&quot;:&quot;0.80&quot;,&quot;sizes&quot;:{&quot;full&quot;:640,&quot;low&quot;:320,&quot;thumb&quot;:150},&quot;extension&quot;:&quot;.webp&quot;},&quot;18097492378997273&quot;:{&quot;id&quot;:&quot;656846413_18388112962158753_3356053165267905558_n&quot;,&quot;ratio&quot;:&quot;0.80&quot;,&quot;sizes&quot;:{&quot;full&quot;:640,&quot;low&quot;:320,&quot;thumb&quot;:150},&quot;extension&quot;:&quot;.webp&quot;},&quot;18389756533087348&quot;:{&quot;id&quot;:&quot;658222803_18156772834433595_3750098941133141858_n&quot;,&quot;ratio&quot;:&quot;0.80&quot;,&quot;sizes&quot;:{&quot;full&quot;:640,&quot;low&quot;:320,&quot;thumb&quot;:150},&quot;extension&quot;:&quot;.webp&quot;},&quot;17920065855292818&quot;:{&quot;id&quot;:&quot;657370685_18157086934433595_5997198149242246335_n&quot;,&quot;ratio&quot;:&quot;0.80&quot;,&quot;sizes&quot;:{&quot;full&quot;:640,&quot;low&quot;:320,&quot;thumb&quot;:150},&quot;extension&quot;:&quot;.webp&quot;},&quot;18102959917902346&quot;:{&quot;id&quot;:&quot;658848557_18157081096433595_2141687069875834031_n&quot;,&quot;ratio&quot;:&quot;0.75&quot;,&quot;sizes&quot;:{&quot;full&quot;:640,&quot;low&quot;:320,&quot;thumb&quot;:150},&quot;extension&quot;:&quot;.webp&quot;},&quot;17940822606175720&quot;:{&quot;id&quot;:&quot;658827766_18389180557158753_8492786417541057892_n&quot;,&quot;ratio&quot;:&quot;0.80&quot;,&quot;sizes&quot;:{&quot;full&quot;:640,&quot;low&quot;:320,&quot;thumb&quot;:150},&quot;extension&quot;:&quot;.webp&quot;},&quot;18081117359380052&quot;:{&quot;id&quot;:&quot;661807421_18389308414158753_6998020916990506618_n&quot;,&quot;ratio&quot;:&quot;1.00&quot;,&quot;sizes&quot;:{&quot;full&quot;:640,&quot;low&quot;:320,&quot;thumb&quot;:150},&quot;extension&quot;:&quot;.webp&quot;},&quot;17938453824189246&quot;:{&quot;id&quot;:&quot;658533486_18389627008158753_2629104488280219837_n&quot;,&quot;ratio&quot;:&quot;0.80&quot;,&quot;sizes&quot;:{&quot;full&quot;:640,&quot;low&quot;:320,&quot;thumb&quot;:150},&quot;extension&quot;:&quot;.webp&quot;},&quot;18067155689659329&quot;:{&quot;id&quot;:&quot;661003037_18390277696158753_3685752828353469431_n&quot;,&quot;ratio&quot;:&quot;0.80&quot;,&quot;sizes&quot;:{&quot;full&quot;:640,&quot;low&quot;:320,&quot;thumb&quot;:150},&quot;extension&quot;:&quot;.webp&quot;},&quot;18443196994117783&quot;:{&quot;id&quot;:&quot;670737236_18391655218158753_5906722394433724153_n&quot;,&quot;ratio&quot;:&quot;0.80&quot;,&quot;sizes&quot;:{&quot;full&quot;:640,&quot;low&quot;:320,&quot;thumb&quot;:150},&quot;extension&quot;:&quot;.webp&quot;},&quot;17939704638191565&quot;:{&quot;id&quot;:&quot;660071922_18392010487158753_7026526891990912802_n&quot;,&quot;ratio&quot;:&quot;0.80&quot;,&quot;sizes&quot;:{&quot;full&quot;:640,&quot;low&quot;:320,&quot;thumb&quot;:150},&quot;extension&quot;:&quot;.webp&quot;},&quot;18076921532178967&quot;:{&quot;id&quot;:&quot;670014354_18392404045158753_1851027976049433095_n&quot;,&quot;ratio&quot;:&quot;0.80&quot;,&quot;sizes&quot;:{&quot;full&quot;:640,&quot;low&quot;:320,&quot;thumb&quot;:150},&quot;extension&quot;:&quot;.webp&quot;},&quot;18079163522560605&quot;:{&quot;id&quot;:&quot;671741204_18393589711158753_1195970309989070576_n&quot;,&quot;ratio&quot;:&quot;0.80&quot;,&quot;sizes&quot;:{&quot;full&quot;:640,&quot;low&quot;:320,&quot;thumb&quot;:150},&quot;extension&quot;:&quot;.webp&quot;}}\">\n\t<\/span>\n\t<\/div>\n\n\n<p>[\/et_pb_text][\/et_pb_column][\/et_pb_row][\/et_pb_section]<\/p>\n","protected":false},"excerpt":{"rendered":"<p><div class=\"et_pb_with_border et_pb_module ba_card ba_card_0\">\n\t\t\t\t\n\t\t\t\t\n\t\t\t\t\n\t\t\t\t\n\t\t\t\t\n\t\t\t\t\n\t\t\t\t<div class=\"et_pb_module_inner\">\n\t\t\t\t\t<div class=\"dtq-module dtq-card dtq-swapped-img-selector dtq-hover--none use-icon-off\">\n                  <div class=\"dtq-card-content\"> <div class=\"dtq-card-desc\">Europa verbinden \u2013 voranbringen \u2013 erlebenMotor der Zusammenarbeit im Donauraum<\/div> <\/div>\n            <\/div>\n\t\t\t\t<\/div>\n\t\t\t<\/div>Das Donaub\u00fcro Ulm\/Neu-Ulm Das Donaub\u00fcro ist eine gemeinn\u00fctzige GmbH der St\u00e4dte Ulm und Neu-Ulm und kommunaler Motor der Zusammenarbeit im Donauraum. Gegliedert in die drei Kernaufgabenbereich Projekte, Events- und Netzwerk erm\u00f6glicht, unterst\u00fctzt und f\u00f6rdert das Donaub\u00fcro Begegnung, Verst\u00e4ndigung, interregionale [&hellip;]<\/p>\n","protected":false},"author":1,"featured_media":0,"parent":0,"menu_order":0,"comment_status":"closed","ping_status":"closed","template":"","meta":{"_acf_changed":false,"_et_pb_use_builder":"on","_et_pb_old_content":"","_et_gb_content_width":"","footnotes":""},"class_list":["post-316","page","type-page","status-publish","hentry"],"acf":[],"_links":{"self":[{"href":"https:\/\/donaubuero.de\/en\/wp-json\/wp\/v2\/pages\/316","targetHints":{"allow":["GET"]}}],"collection":[{"href":"https:\/\/donaubuero.de\/en\/wp-json\/wp\/v2\/pages"}],"about":[{"href":"https:\/\/donaubuero.de\/en\/wp-json\/wp\/v2\/types\/page"}],"author":[{"embeddable":true,"href":"https:\/\/donaubuero.de\/en\/wp-json\/wp\/v2\/users\/1"}],"replies":[{"embeddable":true,"href":"https:\/\/donaubuero.de\/en\/wp-json\/wp\/v2\/comments?post=316"}],"version-history":[{"count":151,"href":"https:\/\/donaubuero.de\/en\/wp-json\/wp\/v2\/pages\/316\/revisions"}],"predecessor-version":[{"id":6649,"href":"https:\/\/donaubuero.de\/en\/wp-json\/wp\/v2\/pages\/316\/revisions\/6649"}],"wp:attachment":[{"href":"https:\/\/donaubuero.de\/en\/wp-json\/wp\/v2\/media?parent=316"}],"curies":[{"name":"wp","href":"https:\/\/api.w.org\/{rel}","templated":true}]}}